{"id":41,"date":"2025-09-04T11:04:51","date_gmt":"2025-09-04T11:04:51","guid":{"rendered":"https:\/\/eyoa.de\/?page_id=41"},"modified":"2026-03-24T10:03:21","modified_gmt":"2026-03-24T10:03:21","slug":"academy","status":"publish","type":"page","link":"https:\/\/eyoa.de\/en\/academy\/","title":{"rendered":"Academy"},"content":{"rendered":"\t\t<div data-elementor-type=\"wp-page\" data-elementor-id=\"41\" class=\"elementor elementor-41\" data-elementor-post-type=\"page\">\n\t\t\t\t<div class=\"elementor-element elementor-element-10bd325f e-con-full e-flex e-con e-parent\" data-id=\"10bd325f\" data-element_type=\"container\" data-e-type=\"container\" data-settings=\"{&quot;background_background&quot;:&quot;classic&quot;,&quot;background_motion_fx_motion_fx_scrolling&quot;:&quot;yes&quot;,&quot;background_motion_fx_translateY_effect&quot;:&quot;yes&quot;,&quot;background_motion_fx_translateY_speed&quot;:{&quot;unit&quot;:&quot;px&quot;,&quot;size&quot;:4,&quot;sizes&quot;:[]},&quot;background_motion_fx_translateY_affectedRange&quot;:{&quot;unit&quot;:&quot;%&quot;,&quot;size&quot;:&quot;&quot;,&quot;sizes&quot;:{&quot;start&quot;:0,&quot;end&quot;:100}},&quot;background_motion_fx_devices&quot;:[&quot;desktop&quot;,&quot;tablet&quot;,&quot;mobile&quot;]}\">\n\t\t<div class=\"elementor-element elementor-element-1a50ed7e e-con-full e-flex e-con e-child\" data-id=\"1a50ed7e\" data-element_type=\"container\" data-e-type=\"container\" data-settings=\"{&quot;background_background&quot;:&quot;classic&quot;}\">\n\t\t\t\t<div class=\"elementor-element elementor-element-67595d28 elementor-widget elementor-widget-heading\" data-id=\"67595d28\" data-element_type=\"widget\" data-e-type=\"widget\" data-widget_type=\"heading.default\">\n\t\t\t\t\t<h1 class=\"elementor-heading-title elementor-size-default\">European Youth Orchestra<br>Academy<\/h1>\t\t\t\t<\/div>\n\t\t\t\t<div class=\"elementor-element elementor-element-1a778c38 elementor-widget elementor-widget-heading\" data-id=\"1a778c38\" data-element_type=\"widget\" data-e-type=\"widget\" data-widget_type=\"heading.default\">\n\t\t\t\t\t<h2 class=\"elementor-heading-title elementor-size-default\">Unter der Schirmherrschaft des Europ\u00e4ischen Parlaments<\/h2>\t\t\t\t<\/div>\n\t\t\t\t<div class=\"elementor-element elementor-element-b508ba9 elementor-widget elementor-widget-text-editor\" data-id=\"b508ba9\" data-element_type=\"widget\" data-e-type=\"widget\" data-widget_type=\"text-editor.default\">\n\t\t\t\t\t\t\t\t\t<p>Hier treffen sich die besten jungen Musiker:innen Europas.<br \/>Hier entstehen Freundschaften, Karrieren \u2013 und Musik, die Grenzen \u00fcberwindet.<br \/>Bist du bereit, Teil davon zu werden?<\/p>\t\t\t\t\t\t\t\t<\/div>\n\t\t\t\t<div class=\"elementor-element elementor-element-d8e96ce elementor-widget elementor-widget-button\" data-id=\"d8e96ce\" data-element_type=\"widget\" data-e-type=\"widget\" data-widget_type=\"button.default\">\n\t\t\t\t\t\t\t\t\t\t<a class=\"elementor-button elementor-button-link elementor-size-sm\" href=\"https:\/\/eyoa.de\/#mission\">\n\t\t\t\t\t\t<span class=\"elementor-button-content-wrapper\">\n\t\t\t\t\t\t\t\t\t<span class=\"elementor-button-text\">Mehr erfahren<\/span>\n\t\t\t\t\t<\/span>\n\t\t\t\t\t<\/a>\n\t\t\t\t\t\t\t\t<\/div>\n\t\t\t\t<\/div>\n\t\t<div class=\"elementor-element elementor-element-75f96b0 e-con-full e-flex e-con e-child\" data-id=\"75f96b0\" data-element_type=\"container\" data-e-type=\"container\" data-settings=\"{&quot;background_background&quot;:&quot;classic&quot;}\">\n\t\t\t\t<div class=\"elementor-element elementor-element-8cb003f elementor-widget elementor-widget-image\" data-id=\"8cb003f\" data-element_type=\"widget\" data-e-type=\"widget\" data-widget_type=\"image.default\">\n\t\t\t\t\t\t\t\t\t\t\t\t\t\t\t<img fetchpriority=\"high\" decoding=\"async\" width=\"300\" height=\"174\" src=\"https:\/\/eyoa.de\/wp-content\/uploads\/2025\/09\/EP_Logo-Patronage_Europea_NEG_RGB_DE-e1733930315946-300x174.png\" class=\"attachment-medium size-medium wp-image-1022\" alt=\"\" srcset=\"https:\/\/eyoa.de\/wp-content\/uploads\/2025\/09\/EP_Logo-Patronage_Europea_NEG_RGB_DE-e1733930315946-300x174.png 300w, https:\/\/eyoa.de\/wp-content\/uploads\/2025\/09\/EP_Logo-Patronage_Europea_NEG_RGB_DE-e1733930315946.png 600w\" sizes=\"(max-width: 300px) 100vw, 300px\" \/>\t\t\t\t\t\t\t\t\t\t\t\t\t\t\t<\/div>\n\t\t\t\t<\/div>\n\t\t\t\t<\/div>\n\t\t<div class=\"elementor-element elementor-element-83bc990 e-con-full anchor-offset e-flex e-con e-parent\" data-id=\"83bc990\" data-element_type=\"container\" data-e-type=\"container\" id=\"mission\">\n\t\t\t\t<\/div>\n\t\t<div class=\"elementor-element elementor-element-61b2870f e-con-full e-flex e-con e-parent\" data-id=\"61b2870f\" data-element_type=\"container\" data-e-type=\"container\">\n\t\t\t\t<div class=\"elementor-element elementor-element-37010086 elementor-widget-divider--view-line elementor-widget elementor-widget-divider\" data-id=\"37010086\" data-element_type=\"widget\" data-e-type=\"widget\" data-widget_type=\"divider.default\">\n\t\t\t\t\t\t\t<div class=\"elementor-divider\">\n\t\t\t<span class=\"elementor-divider-separator\">\n\t\t\t\t\t\t<\/span>\n\t\t<\/div>\n\t\t\t\t\t\t<\/div>\n\t\t\t\t<div class=\"elementor-element elementor-element-5e49ae3b elementor-widget elementor-widget-heading\" data-id=\"5e49ae3b\" data-element_type=\"widget\" data-e-type=\"widget\" data-widget_type=\"heading.default\">\n\t\t\t\t\t<h2 class=\"elementor-heading-title elementor-size-default\">Die Talente der Jugend \u2013 die Stimme Europas<\/h2>\t\t\t\t<\/div>\n\t\t\t\t<\/div>\n\t\t<div class=\"elementor-element elementor-element-591af321 e-con-full e-flex e-con e-parent\" data-id=\"591af321\" data-element_type=\"container\" data-e-type=\"container\">\n\t\t<div class=\"elementor-element elementor-element-1a35c42e e-con-full e-flex e-con e-child\" data-id=\"1a35c42e\" data-element_type=\"container\" data-e-type=\"container\">\n\t\t\t\t<div class=\"elementor-element elementor-element-37e6741e elementor-blockquote--skin-quotation elementor-widget elementor-widget-blockquote\" data-id=\"37e6741e\" data-element_type=\"widget\" data-e-type=\"widget\" data-widget_type=\"blockquote.default\">\n\t\t\t\t\t\t\t<blockquote class=\"elementor-blockquote\">\n\t\t\t<p class=\"elementor-blockquote__content\">\n\t\t\t\tEuropa w\u00e4chst dort, wo junge Menschen einander begegnen \u2013 \nund Musik ist die Sprache, die sie verbindet.\t\t\t<\/p>\n\t\t\t\t\t\t\t<div class=\"e-q-footer\">\n\t\t\t\t\t\t\t\t\t\t\t<cite class=\"elementor-blockquote__author\">Michel Maug\u00e9. Initator &amp; Gesellschafter der EYOA<\/cite>\n\t\t\t\t\t\t\t\t\t\t\t\t\t\t<\/div>\n\t\t\t\t\t<\/blockquote>\n\t\t\t\t\t\t<\/div>\n\t\t\t\t<\/div>\n\t\t<div class=\"elementor-element elementor-element-4a4539fc e-con-full e-flex e-con e-child\" data-id=\"4a4539fc\" data-element_type=\"container\" data-e-type=\"container\">\n\t\t\t\t<div class=\"elementor-element elementor-element-10929240 elementor-widget elementor-widget-image\" data-id=\"10929240\" data-element_type=\"widget\" data-e-type=\"widget\" data-widget_type=\"image.default\">\n\t\t\t\t\t\t\t\t\t\t\t\t\t\t\t\t<a href=\"https:\/\/schwiete-stiftung.com\" target=\"_blank\">\n\t\t\t\t\t\t\t<img decoding=\"async\" src=\"https:\/\/eyoa.de\/wp-content\/uploads\/elementor\/thumbs\/elias-mauge-e1759506877622-rco50076aezgfz1b5rmbyqcq3vofhpnokcqaromuvk.jpg\" title=\"Michel Maug\u00e9\" alt=\"Michel Maug\u00e9\" loading=\"lazy\" \/>\t\t\t\t\t\t\t\t<\/a>\n\t\t\t\t\t\t\t\t\t\t\t\t\t\t\t<\/div>\n\t\t\t\t<\/div>\n\t\t\t\t<\/div>\n\t\t<div class=\"elementor-element elementor-element-3492de5 e-con-full e-flex e-con e-parent\" data-id=\"3492de5\" data-element_type=\"container\" data-e-type=\"container\">\n\t\t\t\t<div class=\"elementor-element elementor-element-a5cb29d elementor-widget-divider--view-line elementor-widget elementor-widget-divider\" data-id=\"a5cb29d\" data-element_type=\"widget\" data-e-type=\"widget\" data-widget_type=\"divider.default\">\n\t\t\t\t\t\t\t<div class=\"elementor-divider\">\n\t\t\t<span class=\"elementor-divider-separator\">\n\t\t\t\t\t\t<\/span>\n\t\t<\/div>\n\t\t\t\t\t\t<\/div>\n\t\t\t\t<div class=\"elementor-element elementor-element-6b1fadb elementor-widget elementor-widget-text-editor\" data-id=\"6b1fadb\" data-element_type=\"widget\" data-e-type=\"widget\" data-widget_type=\"text-editor.default\">\n\t\t\t\t\t\t\t\t\t<p data-start=\"289\" data-end=\"567\">Die <em data-start=\"322\" data-end=\"356\">European Youth Orchestra Academy,<\/em> kurz EYOA, ist mehr als ein Orchester: Sie ist ein Ort f\u00fcr Freundschaft, Austausch und ein lebendiges Europa. Wir bringen jedes Jahr hochbegabte junge Musiker:innen aus ganz Europa nach Mannheim. Hier, wo einst die <em>Mannheimer Schule<\/em> Klanggeschichte schrieb, entsteht eine neue Schule des europ\u00e4ischen Miteinanders.<br \/>Unsere <strong>Mission<\/strong>: mit Musik als universeller Sprache Grenzen \u00fcberwinden, Freundschaften stiften und Europa erfahrbar machen. Neben intensiven Proben und Konzerten erleben die Jugendlichen politische und kulturelle Impulse, diskutieren \u00fcber Europas Zukunft und lernen, Vielfalt als St\u00e4rke zu begreifen.<br \/>Unsere <strong>Vision<\/strong>: ein Europa, das durch die Stimmen seiner Jugend erklingt \u2013 harmonisch, mutig und voller Ideen.<\/p>\t\t\t\t\t\t\t\t<\/div>\n\t\t\t\t<div class=\"elementor-element elementor-element-b27cb18 elementor-widget elementor-widget-n-accordion\" data-id=\"b27cb18\" data-element_type=\"widget\" data-e-type=\"widget\" data-settings=\"{&quot;default_state&quot;:&quot;all_collapsed&quot;,&quot;max_items_expended&quot;:&quot;one&quot;,&quot;n_accordion_animation_duration&quot;:{&quot;unit&quot;:&quot;ms&quot;,&quot;size&quot;:400,&quot;sizes&quot;:[]}}\" data-widget_type=\"nested-accordion.default\">\n\t\t\t\t\t\t\t<div class=\"e-n-accordion\" aria-label=\"Accordion. Open links with Enter or Space, close with Escape, and navigate with Arrow Keys\">\n\t\t\t\t\t\t<details id=\"e-n-accordion-item-1870\" class=\"e-n-accordion-item\" >\n\t\t\t\t<summary class=\"e-n-accordion-item-title\" data-accordion-index=\"1\" tabindex=\"0\" aria-expanded=\"false\" aria-controls=\"e-n-accordion-item-1870\" >\n\t\t\t\t\t<span class='e-n-accordion-item-title-header'><div class=\"e-n-accordion-item-title-text\"> Mannheimer Schule <\/div><\/span>\n\t\t\t\t\t\t\t<span class='e-n-accordion-item-title-icon'>\n\t\t\t<span class='e-opened' ><svg aria-hidden=\"true\" class=\"e-font-icon-svg e-fas-minus\" viewBox=\"0 0 448 512\" xmlns=\"http:\/\/www.w3.org\/2000\/svg\"><path d=\"M416 208H32c-17.67 0-32 14.33-32 32v32c0 17.67 14.33 32 32 32h384c17.67 0 32-14.33 32-32v-32c0-17.67-14.33-32-32-32z\"><\/path><\/svg><\/span>\n\t\t\t<span class='e-closed'><svg aria-hidden=\"true\" class=\"e-font-icon-svg e-fas-plus\" viewBox=\"0 0 448 512\" xmlns=\"http:\/\/www.w3.org\/2000\/svg\"><path d=\"M416 208H272V64c0-17.67-14.33-32-32-32h-32c-17.67 0-32 14.33-32 32v144H32c-17.67 0-32 14.33-32 32v32c0 17.67 14.33 32 32 32h144v144c0 17.67 14.33 32 32 32h32c17.67 0 32-14.33 32-32V304h144c17.67 0 32-14.33 32-32v-32c0-17.67-14.33-32-32-32z\"><\/path><\/svg><\/span>\n\t\t<\/span>\n\n\t\t\t\t\t\t<\/summary>\n\t\t\t\t<div role=\"region\" aria-labelledby=\"e-n-accordion-item-1870\" class=\"elementor-element elementor-element-e396617 e-con-full e-flex e-con e-child\" data-id=\"e396617\" data-element_type=\"container\" data-e-type=\"container\">\n\t\t\t\t<div class=\"elementor-element elementor-element-759d3f7 elementor-widget elementor-widget-text-editor\" data-id=\"759d3f7\" data-element_type=\"widget\" data-e-type=\"widget\" data-widget_type=\"text-editor.default\">\n\t\t\t\t\t\t\t\t\t<p>Mannheim \u2013 UNESCO City of Music \u2013 und einst das Epizentrum einer musikalischen Revolution. Die <em>Mannheimer Schule<\/em> des 18. Jahrhunderts pr\u00e4gte mit ihrem Orchesterklang die Wiener Klassik und inspirierte Mozart selbst.<br \/>Kurf\u00fcrst Carl-Theodor hielt sich Anfang des 18. Jahrhunderts eine eigene Hofkapelle. Um seiner Macht und seinem Reichtum Ausdruck zu verleihen, holte er die besten Violinisten an seinen Hof. Es kamen Johann Stamitz, Ignaz Hofbauer, Christian Cannabich, die Br\u00fcder Toeschi und Joseph Vogler. Sie schufen die Mannheimer Schule als Violin- und Orchesterschule und zunehmend als Kompositionsschule und gaben die Grundlage f\u00fcr die Wiener Klassik.\u2028<br \/>Viermal war Wolfgang Amadeus Mozart in der Residenzstadt Mannheim. Hier h\u00f6rte er das beste Orchester seiner Zeit und schloss Freundschaften mit den Musikern der Mannheimer Schule. Vor allem aber begegnete er seiner ersten gro\u00dfen Liebe \u2013 der S\u00e4ngerin Aloisia Weber. In keiner Stadt hatte Mozart sich wohl so wohl und in seinem musikalischen Genie so verstanden gef\u00fchlt wie in Mannheim. Das beweist ein Brief an seinen Vater, in dem er schreibt: <em>&#8222;Mit einem Wort: Wie ich Mannheim liebe, so liebt auch Mannheim mich.&#8220;<\/em><\/p><p>EYOA kn\u00fcpft an diese Tradition an: Mannheim bleibt ein Ort, an dem musikalische Exzellenz und europ\u00e4ischer Austausch zusammenfinden.<\/p>\t\t\t\t\t\t\t\t<\/div>\n\t\t\t\t<\/div>\n\t\t\t\t\t<\/details>\n\t\t\t\t\t\t<details id=\"e-n-accordion-item-1871\" class=\"e-n-accordion-item\" >\n\t\t\t\t<summary class=\"e-n-accordion-item-title\" data-accordion-index=\"2\" tabindex=\"-1\" aria-expanded=\"false\" aria-controls=\"e-n-accordion-item-1871\" >\n\t\t\t\t\t<span class='e-n-accordion-item-title-header'><div class=\"e-n-accordion-item-title-text\"> Von der Bewerbung zum Festival <\/div><\/span>\n\t\t\t\t\t\t\t<span class='e-n-accordion-item-title-icon'>\n\t\t\t<span class='e-opened' ><svg aria-hidden=\"true\" class=\"e-font-icon-svg e-fas-minus\" viewBox=\"0 0 448 512\" xmlns=\"http:\/\/www.w3.org\/2000\/svg\"><path d=\"M416 208H32c-17.67 0-32 14.33-32 32v32c0 17.67 14.33 32 32 32h384c17.67 0 32-14.33 32-32v-32c0-17.67-14.33-32-32-32z\"><\/path><\/svg><\/span>\n\t\t\t<span class='e-closed'><svg aria-hidden=\"true\" class=\"e-font-icon-svg e-fas-plus\" viewBox=\"0 0 448 512\" xmlns=\"http:\/\/www.w3.org\/2000\/svg\"><path d=\"M416 208H272V64c0-17.67-14.33-32-32-32h-32c-17.67 0-32 14.33-32 32v144H32c-17.67 0-32 14.33-32 32v32c0 17.67 14.33 32 32 32h144v144c0 17.67 14.33 32 32 32h32c17.67 0 32-14.33 32-32V304h144c17.67 0 32-14.33 32-32v-32c0-17.67-14.33-32-32-32z\"><\/path><\/svg><\/span>\n\t\t<\/span>\n\n\t\t\t\t\t\t<\/summary>\n\t\t\t\t<div role=\"region\" aria-labelledby=\"e-n-accordion-item-1871\" class=\"elementor-element elementor-element-d0ebd58 e-con-full e-flex e-con e-child\" data-id=\"d0ebd58\" data-element_type=\"container\" data-e-type=\"container\">\n\t\t\t\t<div class=\"elementor-element elementor-element-058b44f elementor-widget elementor-widget-text-editor\" data-id=\"058b44f\" data-element_type=\"widget\" data-e-type=\"widget\" data-widget_type=\"text-editor.default\">\n\t\t\t\t\t\t\t\t\t<p data-start=\"129\" data-end=\"495\"><strong>Europa wird auf der B\u00fchne lebendig:<br \/><\/strong>Einmal im Jahr laden wir rund 50 junge, talentierte, europ\u00e4ische Musiker:innen im Alter von 14 bis 18 Jahren nach Mannheim ein. Unter mehreren 100 Bewerber:innen w\u00e4hlt eine renommierte Fachjury die Besten der Besten aus.<br \/>Au\u00dferdem k\u00f6nnen sich erstmals auch unsere Alumni altersunabh\u00e4ngig f\u00fcr unsere beiden neuen Ensebles \u2013<strong>Streichquartett<\/strong> und <strong>Bl\u00e4serquintett<\/strong> \u2013 bewerben.<\/p><p>W\u00e4hrend der Akademiezeit \u2013 unter der Leitung des renommierten Dirigenten Jan Paul Reinke und in Zusammenarbeit mit der St\u00e4dtischen Musikschule Mannheim \u2013 wird 10 Tage intensiv geprobt, erg\u00e4nzt durch Workshops, politische Impulse und kulturelle Begegnungen.\u00a0<br \/>H\u00f6hepunkt der EYOA ist 2026 erstmals unser mehrt\u00e4giges <a href=\"https:\/\/eyoa.de\/festival\/\"><strong>Young European Music Festival<\/strong> <\/a>mit vier verschiedenen Ensebles:<br \/># Sinfonieorchester<br \/># Big Band Jazz<br \/># Streichquartett<br \/># Bl\u00e4serquintett<\/p><p>Spielorte in der Metropolregion Rhein-Neckar sind neben Mannheim und Ludwigshafen auch Heidelberg, Schwetzingen und Worms.<\/p><p><span style=\"color: #000000;\">F\u00fcr unsere Academy im Sp\u00e4tsommer 2026 haben wir unter vielen talentierten jungen Musiker:innen bereits alle unsere Teilnehmer:innen ausgew\u00e4hlt.<\/span><span style=\"color: #ff6600;\"><br \/>Gerne kannst du dir aber schonmal vormerken, dass wir <strong>im Oktober unsere Bewerbungsphase f\u00fcr 2027<\/strong> er\u00f6ffnen.<br \/><\/span><br \/><strong>Akademie:<\/strong> 03.-13.09.26<br \/><strong>Konzerte:<\/strong> 09.-12.09.26<\/p>\t\t\t\t\t\t\t\t<\/div>\n\t\t\t\t<\/div>\n\t\t\t\t\t<\/details>\n\t\t\t\t\t<\/div>\n\t\t\t\t\t\t<\/div>\n\t\t\t\t<\/div>\n\t\t<div class=\"elementor-element elementor-element-802a47d e-con-full anchor-offset e-flex e-con e-parent\" data-id=\"802a47d\" data-element_type=\"container\" data-e-type=\"container\" id=\"impressionen\">\n\t\t\t\t<\/div>\n\t\t<div class=\"elementor-element elementor-element-b8fdf75 e-con-full e-flex e-con e-parent\" data-id=\"b8fdf75\" data-element_type=\"container\" data-e-type=\"container\">\n\t\t\t\t<div class=\"elementor-element elementor-element-8b0a27f elementor-widget-divider--view-line elementor-widget elementor-widget-divider\" data-id=\"8b0a27f\" data-element_type=\"widget\" data-e-type=\"widget\" data-widget_type=\"divider.default\">\n\t\t\t\t\t\t\t<div class=\"elementor-divider\">\n\t\t\t<span class=\"elementor-divider-separator\">\n\t\t\t\t\t\t<\/span>\n\t\t<\/div>\n\t\t\t\t\t\t<\/div>\n\t\t\t\t<div class=\"elementor-element elementor-element-fb07236 elementor-widget elementor-widget-heading\" data-id=\"fb07236\" data-element_type=\"widget\" data-e-type=\"widget\" data-widget_type=\"heading.default\">\n\t\t\t\t\t<h2 class=\"elementor-heading-title elementor-size-default\">European Youth Orchestra Academy \u2013 Momente, die bleiben<\/h2>\t\t\t\t<\/div>\n\t\t\t\t<div class=\"elementor-element elementor-element-69dd52f elementor-widget elementor-widget-text-editor\" data-id=\"69dd52f\" data-element_type=\"widget\" data-e-type=\"widget\" data-widget_type=\"text-editor.default\">\n\t\t\t\t\t\t\t\t\t<p>Konzentrierte Tutti und lebhafte Diskussionen, stille Augenblicken und rauschende Abende \u2013 EYOA ist mehr als Proben und Konzerte.<br \/>Hier erlebst du Europa im Kleinen, Begegnungen, Freundschaften und besondere Momente voller Energie, Musik und Gleichgesinnter.<br \/>Die sch\u00f6nsten Momente von 2019 bis heute in Bildern.<\/p>\t\t\t\t\t\t\t\t<\/div>\n\t\t\t\t<\/div>\n\t\t<div class=\"elementor-element elementor-element-4083393 e-con-full e-flex e-con e-parent\" data-id=\"4083393\" data-element_type=\"container\" data-e-type=\"container\">\n\t\t\t\t<div class=\"elementor-element elementor-element-23161ad elementor-widget elementor-widget-gallery\" data-id=\"23161ad\" data-element_type=\"widget\" data-e-type=\"widget\" data-settings=\"{&quot;gallery_layout&quot;:&quot;masonry&quot;,&quot;columns&quot;:3,&quot;overlay_title&quot;:&quot;title&quot;,&quot;image_hover_animation&quot;:&quot;grow&quot;,&quot;lazyload&quot;:&quot;yes&quot;,&quot;columns_tablet&quot;:2,&quot;columns_mobile&quot;:1,&quot;gap&quot;:{&quot;unit&quot;:&quot;px&quot;,&quot;size&quot;:10,&quot;sizes&quot;:[]},&quot;gap_tablet&quot;:{&quot;unit&quot;:&quot;px&quot;,&quot;size&quot;:10,&quot;sizes&quot;:[]},&quot;gap_mobile&quot;:{&quot;unit&quot;:&quot;px&quot;,&quot;size&quot;:10,&quot;sizes&quot;:[]},&quot;link_to&quot;:&quot;file&quot;,&quot;overlay_background&quot;:&quot;yes&quot;,&quot;content_hover_animation&quot;:&quot;fade-in&quot;}\" data-widget_type=\"gallery.default\">\n\t\t\t\t\t\t\t\t<div class=\"elementor-gallery__titles-container e--pointer-underline e--animation-fade\" aria-label=\"Galeriefilter\">\n\t\t\t\t\n\t\t\t\t\t\t\t\t\t<a class=\"elementor-item elementor-gallery-title\" role=\"button\" tabindex=\"0\" data-gallery-index=\"0\">\n\t\t\t\t\t\t2025\t\t\t\t\t<\/a>\n\t\t\t\t\t\t\t\t\t\t<a class=\"elementor-item elementor-gallery-title\" role=\"button\" tabindex=\"0\" data-gallery-index=\"1\">\n\t\t\t\t\t\t2024\t\t\t\t\t<\/a>\n\t\t\t\t\t\t\t\t\t\t<a class=\"elementor-item elementor-gallery-title\" role=\"button\" tabindex=\"0\" data-gallery-index=\"2\">\n\t\t\t\t\t\t2023\t\t\t\t\t<\/a>\n\t\t\t\t\t\t\t\t\t\t<a class=\"elementor-item elementor-gallery-title\" role=\"button\" tabindex=\"0\" data-gallery-index=\"3\">\n\t\t\t\t\t\t2022\t\t\t\t\t<\/a>\n\t\t\t\t\t\t\t\t\t\t<a class=\"elementor-item elementor-gallery-title\" role=\"button\" tabindex=\"0\" data-gallery-index=\"4\">\n\t\t\t\t\t\t2020\/21 digital\t\t\t\t\t<\/a>\n\t\t\t\t\t\t\t\t\t\t<a class=\"elementor-item elementor-gallery-title\" role=\"button\" tabindex=\"0\" data-gallery-index=\"5\">\n\t\t\t\t\t\t2019\t\t\t\t\t<\/a>\n\t\t\t\t\t\t\t\t<\/div>\n\t\t\t\t\t<div class=\"elementor-gallery__container\">\n\t\t\t\t\t\t\t<a class=\"e-gallery-item elementor-gallery-item elementor-animated-content\" data-e-gallery-tags=\"0\" href=\"https:\/\/eyoa.de\/wp-content\/uploads\/2025\/10\/eyoa-2025-buchstaben-hochf-e1759508577703.jpg\" data-elementor-open-lightbox=\"yes\" data-elementor-lightbox-slideshow=\"23161ad\" data-elementor-lightbox-title=\"Muskschule Mannheim\" data-e-action-hash=\"#elementor-action%3Aaction%3Dlightbox%26settings%3DeyJpZCI6MzQ0MSwidXJsIjoiaHR0cHM6XC9cL2V5b2EuZGVcL3dwLWNvbnRlbnRcL3VwbG9hZHNcLzIwMjVcLzEwXC9leW9hLTIwMjUtYnVjaHN0YWJlbi1ob2NoZi1lMTc1OTUwODU3NzcwMy5qcGciLCJzbGlkZXNob3ciOiIyMzE2MWFkIn0%3D\">\n\t\t\t\t\t<div class=\"e-gallery-image elementor-gallery-item__image\" data-thumbnail=\"https:\/\/eyoa.de\/wp-content\/uploads\/2025\/10\/eyoa-2025-buchstaben-hochf-e1759508577703.jpg\" data-width=\"556\" data-height=\"776\" aria-label=\"EYOA 2025 Gruppenbild mit EYOA Buchstabenballons auf der Treppe in der\" role=\"img\" ><\/div>\n\t\t\t\t\t\t\t\t\t\t\t<div class=\"elementor-gallery-item__overlay\"><\/div>\n\t\t\t\t\t\t\t\t\t\t\t\t\t\t\t<div class=\"elementor-gallery-item__content\">\n\t\t\t\t\t\t\t\t\t\t\t\t\t\t<div class=\"elementor-gallery-item__title\">\n\t\t\t\t\t\t\t\t\t\t\t\t\t\t\t\t\t\tMuskschule Mannheim\t\t\t\t\t\t\t\t<\/div>\n\t\t\t\t\t\t\t\t\t\t\t\t<\/div>\n\t\t\t\t\t\t\t\t\t<\/a>\n\t\t\t\t\t\t\t<a class=\"e-gallery-item elementor-gallery-item elementor-animated-content\" data-e-gallery-tags=\"0\" href=\"https:\/\/eyoa.de\/wp-content\/uploads\/2025\/10\/Musikschule-Mannheim.jpg\" data-elementor-open-lightbox=\"yes\" data-elementor-lightbox-slideshow=\"23161ad\" data-elementor-lightbox-title=\"Musikschule Mannheim Eingangshalle\" data-e-action-hash=\"#elementor-action%3Aaction%3Dlightbox%26settings%3DeyJpZCI6MzI3OSwidXJsIjoiaHR0cHM6XC9cL2V5b2EuZGVcL3dwLWNvbnRlbnRcL3VwbG9hZHNcLzIwMjVcLzEwXC9NdXNpa3NjaHVsZS1NYW5uaGVpbS5qcGciLCJzbGlkZXNob3ciOiIyMzE2MWFkIn0%3D\">\n\t\t\t\t\t<div class=\"e-gallery-image elementor-gallery-item__image\" data-thumbnail=\"https:\/\/eyoa.de\/wp-content\/uploads\/2025\/10\/Musikschule-Mannheim.jpg\" data-width=\"1200\" data-height=\"800\" aria-label=\"Innenraum Eingangshalle Musikschule Mannheim\" role=\"img\" ><\/div>\n\t\t\t\t\t\t\t\t\t\t\t<div class=\"elementor-gallery-item__overlay\"><\/div>\n\t\t\t\t\t\t\t\t\t\t\t\t\t\t\t<div class=\"elementor-gallery-item__content\">\n\t\t\t\t\t\t\t\t\t\t\t\t\t\t<div class=\"elementor-gallery-item__title\">\n\t\t\t\t\t\t\t\t\t\t\t\t\t\t\t\t\t\tMusikschule Mannheim Eingangshalle\t\t\t\t\t\t\t\t<\/div>\n\t\t\t\t\t\t\t\t\t\t\t\t<\/div>\n\t\t\t\t\t\t\t\t\t<\/a>\n\t\t\t\t\t\t\t<a class=\"e-gallery-item elementor-gallery-item elementor-animated-content\" data-e-gallery-tags=\"0\" href=\"https:\/\/eyoa.de\/wp-content\/uploads\/2025\/10\/eyoa-2025-freundschaft.jpg\" data-elementor-open-lightbox=\"yes\" data-elementor-lightbox-slideshow=\"23161ad\" data-elementor-lightbox-title=\"Besondere Momente\" data-e-action-hash=\"#elementor-action%3Aaction%3Dlightbox%26settings%3DeyJpZCI6MzQ0NCwidXJsIjoiaHR0cHM6XC9cL2V5b2EuZGVcL3dwLWNvbnRlbnRcL3VwbG9hZHNcLzIwMjVcLzEwXC9leW9hLTIwMjUtZnJldW5kc2NoYWZ0LmpwZyIsInNsaWRlc2hvdyI6IjIzMTYxYWQifQ%3D%3D\">\n\t\t\t\t\t<div class=\"e-gallery-image elementor-gallery-item__image\" data-thumbnail=\"https:\/\/eyoa.de\/wp-content\/uploads\/2025\/10\/eyoa-2025-freundschaft.jpg\" data-width=\"1200\" data-height=\"800\" aria-label=\"Umarmung zweier Teilnehmer nach dem EYOA Abschlusskonzert 2025 im Mannheimer Opal\" role=\"img\" ><\/div>\n\t\t\t\t\t\t\t\t\t\t\t<div class=\"elementor-gallery-item__overlay\"><\/div>\n\t\t\t\t\t\t\t\t\t\t\t\t\t\t\t<div class=\"elementor-gallery-item__content\">\n\t\t\t\t\t\t\t\t\t\t\t\t\t\t<div class=\"elementor-gallery-item__title\">\n\t\t\t\t\t\t\t\t\t\t\t\t\t\t\t\t\t\tBesondere Momente\t\t\t\t\t\t\t\t<\/div>\n\t\t\t\t\t\t\t\t\t\t\t\t<\/div>\n\t\t\t\t\t\t\t\t\t<\/a>\n\t\t\t\t\t\t\t<a class=\"e-gallery-item elementor-gallery-item elementor-animated-content\" data-e-gallery-tags=\"0\" href=\"https:\/\/eyoa.de\/wp-content\/uploads\/2025\/10\/eyoa-2025-hotellobby.jpg\" data-elementor-open-lightbox=\"yes\" data-elementor-lightbox-slideshow=\"23161ad\" data-elementor-lightbox-title=\"Treffen in der Hotellobby\" data-e-action-hash=\"#elementor-action%3Aaction%3Dlightbox%26settings%3DeyJpZCI6MzQ0NSwidXJsIjoiaHR0cHM6XC9cL2V5b2EuZGVcL3dwLWNvbnRlbnRcL3VwbG9hZHNcLzIwMjVcLzEwXC9leW9hLTIwMjUtaG90ZWxsb2JieS5qcGciLCJzbGlkZXNob3ciOiIyMzE2MWFkIn0%3D\">\n\t\t\t\t\t<div class=\"e-gallery-image elementor-gallery-item__image\" data-thumbnail=\"https:\/\/eyoa.de\/wp-content\/uploads\/2025\/10\/eyoa-2025-hotellobby.jpg\" data-width=\"1200\" data-height=\"800\" aria-label=\"EYOA 2025 Teilnehmer:innen in der Hotellobby Motel One in Mannheim\" role=\"img\" ><\/div>\n\t\t\t\t\t\t\t\t\t\t\t<div class=\"elementor-gallery-item__overlay\"><\/div>\n\t\t\t\t\t\t\t\t\t\t\t\t\t\t\t<div class=\"elementor-gallery-item__content\">\n\t\t\t\t\t\t\t\t\t\t\t\t\t\t<div class=\"elementor-gallery-item__title\">\n\t\t\t\t\t\t\t\t\t\t\t\t\t\t\t\t\t\tTreffen in der Hotellobby\t\t\t\t\t\t\t\t<\/div>\n\t\t\t\t\t\t\t\t\t\t\t\t<\/div>\n\t\t\t\t\t\t\t\t\t<\/a>\n\t\t\t\t\t\t\t<a class=\"e-gallery-item elementor-gallery-item elementor-animated-content\" data-e-gallery-tags=\"0\" href=\"https:\/\/eyoa.de\/wp-content\/uploads\/2025\/10\/eyoa-2025-europaflaggen.jpg\" data-elementor-open-lightbox=\"yes\" data-elementor-lightbox-slideshow=\"23161ad\" data-elementor-lightbox-title=\"Kennenlernen\" data-e-action-hash=\"#elementor-action%3Aaction%3Dlightbox%26settings%3DeyJpZCI6MzQ0MywidXJsIjoiaHR0cHM6XC9cL2V5b2EuZGVcL3dwLWNvbnRlbnRcL3VwbG9hZHNcLzIwMjVcLzEwXC9leW9hLTIwMjUtZXVyb3BhZmxhZ2dlbi5qcGciLCJzbGlkZXNob3ciOiIyMzE2MWFkIn0%3D\">\n\t\t\t\t\t<div class=\"e-gallery-image elementor-gallery-item__image\" data-thumbnail=\"https:\/\/eyoa.de\/wp-content\/uploads\/2025\/10\/eyoa-2025-europaflaggen.jpg\" data-width=\"1200\" data-height=\"800\" aria-label=\"Gruppe von EYOA-Teilnehmer:innen beim europ\u00e4ischen Kennenlernspiel\" role=\"img\" ><\/div>\n\t\t\t\t\t\t\t\t\t\t\t<div class=\"elementor-gallery-item__overlay\"><\/div>\n\t\t\t\t\t\t\t\t\t\t\t\t\t\t\t<div class=\"elementor-gallery-item__content\">\n\t\t\t\t\t\t\t\t\t\t\t\t\t\t<div class=\"elementor-gallery-item__title\">\n\t\t\t\t\t\t\t\t\t\t\t\t\t\t\t\t\t\tKennenlernen\t\t\t\t\t\t\t\t<\/div>\n\t\t\t\t\t\t\t\t\t\t\t\t<\/div>\n\t\t\t\t\t\t\t\t\t<\/a>\n\t\t\t\t\t\t\t<a class=\"e-gallery-item elementor-gallery-item elementor-animated-content\" data-e-gallery-tags=\"0\" href=\"https:\/\/eyoa.de\/wp-content\/uploads\/2025\/10\/eyoa-2025-vortrag.jpg\" data-elementor-open-lightbox=\"yes\" data-elementor-lightbox-slideshow=\"23161ad\" data-elementor-lightbox-title=\"Kultureller Vortrag\" data-e-action-hash=\"#elementor-action%3Aaction%3Dlightbox%26settings%3DeyJpZCI6MzQ0NiwidXJsIjoiaHR0cHM6XC9cL2V5b2EuZGVcL3dwLWNvbnRlbnRcL3VwbG9hZHNcLzIwMjVcLzEwXC9leW9hLTIwMjUtdm9ydHJhZy5qcGciLCJzbGlkZXNob3ciOiIyMzE2MWFkIn0%3D\">\n\t\t\t\t\t<div class=\"e-gallery-image elementor-gallery-item__image\" data-thumbnail=\"https:\/\/eyoa.de\/wp-content\/uploads\/2025\/10\/eyoa-2025-vortrag.jpg\" data-width=\"1200\" data-height=\"800\" aria-label=\"EYOA Kultureller Vortrag\" role=\"img\" ><\/div>\n\t\t\t\t\t\t\t\t\t\t\t<div class=\"elementor-gallery-item__overlay\"><\/div>\n\t\t\t\t\t\t\t\t\t\t\t\t\t\t\t<div class=\"elementor-gallery-item__content\">\n\t\t\t\t\t\t\t\t\t\t\t\t\t\t<div class=\"elementor-gallery-item__title\">\n\t\t\t\t\t\t\t\t\t\t\t\t\t\t\t\t\t\tKultureller Vortrag\t\t\t\t\t\t\t\t<\/div>\n\t\t\t\t\t\t\t\t\t\t\t\t<\/div>\n\t\t\t\t\t\t\t\t\t<\/a>\n\t\t\t\t\t\t\t<a class=\"e-gallery-item elementor-gallery-item elementor-animated-content\" data-e-gallery-tags=\"0\" href=\"https:\/\/eyoa.de\/wp-content\/uploads\/2025\/10\/Registerproben-2025.jpg\" data-elementor-open-lightbox=\"yes\" data-elementor-lightbox-slideshow=\"23161ad\" data-elementor-lightbox-title=\"Registerproben Cello\" data-e-action-hash=\"#elementor-action%3Aaction%3Dlightbox%26settings%3DeyJpZCI6MzI4MSwidXJsIjoiaHR0cHM6XC9cL2V5b2EuZGVcL3dwLWNvbnRlbnRcL3VwbG9hZHNcLzIwMjVcLzEwXC9SZWdpc3RlcnByb2Jlbi0yMDI1LmpwZyIsInNsaWRlc2hvdyI6IjIzMTYxYWQifQ%3D%3D\">\n\t\t\t\t\t<div class=\"e-gallery-image elementor-gallery-item__image\" data-thumbnail=\"https:\/\/eyoa.de\/wp-content\/uploads\/2025\/10\/Registerproben-2025.jpg\" data-width=\"1200\" data-height=\"800\" aria-label=\"Cello Registerproben EYOA 2025\" role=\"img\" ><\/div>\n\t\t\t\t\t\t\t\t\t\t\t<div class=\"elementor-gallery-item__overlay\"><\/div>\n\t\t\t\t\t\t\t\t\t\t\t\t\t\t\t<div class=\"elementor-gallery-item__content\">\n\t\t\t\t\t\t\t\t\t\t\t\t\t\t<div class=\"elementor-gallery-item__title\">\n\t\t\t\t\t\t\t\t\t\t\t\t\t\t\t\t\t\tRegisterproben Cello\t\t\t\t\t\t\t\t<\/div>\n\t\t\t\t\t\t\t\t\t\t\t\t<\/div>\n\t\t\t\t\t\t\t\t\t<\/a>\n\t\t\t\t\t\t\t<a class=\"e-gallery-item elementor-gallery-item elementor-animated-content\" data-e-gallery-tags=\"0\" href=\"https:\/\/eyoa.de\/wp-content\/uploads\/2025\/10\/eyoa-2025-essen-rotary.jpg\" data-elementor-open-lightbox=\"yes\" data-elementor-lightbox-slideshow=\"23161ad\" data-elementor-lightbox-title=\"Zu Gast bei Rotariern in Heidelberg\" data-e-action-hash=\"#elementor-action%3Aaction%3Dlightbox%26settings%3DeyJpZCI6MzQ0MiwidXJsIjoiaHR0cHM6XC9cL2V5b2EuZGVcL3dwLWNvbnRlbnRcL3VwbG9hZHNcLzIwMjVcLzEwXC9leW9hLTIwMjUtZXNzZW4tcm90YXJ5LmpwZyIsInNsaWRlc2hvdyI6IjIzMTYxYWQifQ%3D%3D\">\n\t\t\t\t\t<div class=\"e-gallery-image elementor-gallery-item__image\" data-thumbnail=\"https:\/\/eyoa.de\/wp-content\/uploads\/2025\/10\/eyoa-2025-essen-rotary.jpg\" data-width=\"1200\" data-height=\"800\" aria-label=\"EYOA Teilnehmerinnen zu Gast bei Rotariern in Heidelberg\" role=\"img\" ><\/div>\n\t\t\t\t\t\t\t\t\t\t\t<div class=\"elementor-gallery-item__overlay\"><\/div>\n\t\t\t\t\t\t\t\t\t\t\t\t\t\t\t<div class=\"elementor-gallery-item__content\">\n\t\t\t\t\t\t\t\t\t\t\t\t\t\t<div class=\"elementor-gallery-item__title\">\n\t\t\t\t\t\t\t\t\t\t\t\t\t\t\t\t\t\tZu Gast bei Rotariern in Heidelberg\t\t\t\t\t\t\t\t<\/div>\n\t\t\t\t\t\t\t\t\t\t\t\t<\/div>\n\t\t\t\t\t\t\t\t\t<\/a>\n\t\t\t\t\t\t\t<a class=\"e-gallery-item elementor-gallery-item elementor-animated-content\" data-e-gallery-tags=\"0\" href=\"https:\/\/eyoa.de\/wp-content\/uploads\/2025\/10\/Konzertprogramm-2025.jpg\" data-elementor-open-lightbox=\"yes\" data-elementor-lightbox-slideshow=\"23161ad\" data-elementor-lightbox-title=\"Konzertprogrammheft\" data-e-action-hash=\"#elementor-action%3Aaction%3Dlightbox%26settings%3DeyJpZCI6MzI3OCwidXJsIjoiaHR0cHM6XC9cL2V5b2EuZGVcL3dwLWNvbnRlbnRcL3VwbG9hZHNcLzIwMjVcLzEwXC9Lb256ZXJ0cHJvZ3JhbW0tMjAyNS5qcGciLCJzbGlkZXNob3ciOiIyMzE2MWFkIn0%3D\">\n\t\t\t\t\t<div class=\"e-gallery-image elementor-gallery-item__image\" data-thumbnail=\"https:\/\/eyoa.de\/wp-content\/uploads\/2025\/10\/Konzertprogramm-2025.jpg\" data-width=\"1200\" data-height=\"800\" aria-label=\"Bild vom EYOA Konzertprogrammheft 2025\" role=\"img\" ><\/div>\n\t\t\t\t\t\t\t\t\t\t\t<div class=\"elementor-gallery-item__overlay\"><\/div>\n\t\t\t\t\t\t\t\t\t\t\t\t\t\t\t<div class=\"elementor-gallery-item__content\">\n\t\t\t\t\t\t\t\t\t\t\t\t\t\t<div class=\"elementor-gallery-item__title\">\n\t\t\t\t\t\t\t\t\t\t\t\t\t\t\t\t\t\tKonzertprogrammheft\t\t\t\t\t\t\t\t<\/div>\n\t\t\t\t\t\t\t\t\t\t\t\t<\/div>\n\t\t\t\t\t\t\t\t\t<\/a>\n\t\t\t\t\t\t\t<a class=\"e-gallery-item elementor-gallery-item elementor-animated-content\" data-e-gallery-tags=\"0\" href=\"https:\/\/eyoa.de\/wp-content\/uploads\/2025\/10\/eyoa-2025-abschlusskonzert.jpg\" data-elementor-open-lightbox=\"yes\" data-elementor-lightbox-slideshow=\"23161ad\" data-elementor-lightbox-title=\"Abschlusskonzert 2025\" data-e-action-hash=\"#elementor-action%3Aaction%3Dlightbox%26settings%3DeyJpZCI6MzQ0MCwidXJsIjoiaHR0cHM6XC9cL2V5b2EuZGVcL3dwLWNvbnRlbnRcL3VwbG9hZHNcLzIwMjVcLzEwXC9leW9hLTIwMjUtYWJzY2hsdXNza29uemVydC5qcGciLCJzbGlkZXNob3ciOiIyMzE2MWFkIn0%3D\">\n\t\t\t\t\t<div class=\"e-gallery-image elementor-gallery-item__image\" data-thumbnail=\"https:\/\/eyoa.de\/wp-content\/uploads\/2025\/10\/eyoa-2025-abschlusskonzert.jpg\" data-width=\"1200\" data-height=\"800\" aria-label=\"Abschlusskonzert EYOA 2025 Opal Mannheim\" role=\"img\" ><\/div>\n\t\t\t\t\t\t\t\t\t\t\t<div class=\"elementor-gallery-item__overlay\"><\/div>\n\t\t\t\t\t\t\t\t\t\t\t\t\t\t\t<div class=\"elementor-gallery-item__content\">\n\t\t\t\t\t\t\t\t\t\t\t\t\t\t<div class=\"elementor-gallery-item__title\">\n\t\t\t\t\t\t\t\t\t\t\t\t\t\t\t\t\t\tAbschlusskonzert 2025\t\t\t\t\t\t\t\t<\/div>\n\t\t\t\t\t\t\t\t\t\t\t\t<\/div>\n\t\t\t\t\t\t\t\t\t<\/a>\n\t\t\t\t\t\t\t<a class=\"e-gallery-item elementor-gallery-item elementor-animated-content\" data-e-gallery-tags=\"0\" href=\"https:\/\/eyoa.de\/wp-content\/uploads\/2025\/10\/Kachelbild-2025.jpg\" data-elementor-open-lightbox=\"yes\" data-elementor-lightbox-slideshow=\"23161ad\" data-elementor-lightbox-title=\"Teilnehmer:innen 2025\" data-e-action-hash=\"#elementor-action%3Aaction%3Dlightbox%26settings%3DeyJpZCI6MzI3NiwidXJsIjoiaHR0cHM6XC9cL2V5b2EuZGVcL3dwLWNvbnRlbnRcL3VwbG9hZHNcLzIwMjVcLzEwXC9LYWNoZWxiaWxkLTIwMjUuanBnIiwic2xpZGVzaG93IjoiMjMxNjFhZCJ9\">\n\t\t\t\t\t<div class=\"e-gallery-image elementor-gallery-item__image\" data-thumbnail=\"https:\/\/eyoa.de\/wp-content\/uploads\/2025\/10\/Kachelbild-2025.jpg\" data-width=\"1200\" data-height=\"800\" aria-label=\"Kachelbild von EYOA Teilnehmer:innen 2025\" role=\"img\" ><\/div>\n\t\t\t\t\t\t\t\t\t\t\t<div class=\"elementor-gallery-item__overlay\"><\/div>\n\t\t\t\t\t\t\t\t\t\t\t\t\t\t\t<div class=\"elementor-gallery-item__content\">\n\t\t\t\t\t\t\t\t\t\t\t\t\t\t<div class=\"elementor-gallery-item__title\">\n\t\t\t\t\t\t\t\t\t\t\t\t\t\t\t\t\t\tTeilnehmer:innen 2025\t\t\t\t\t\t\t\t<\/div>\n\t\t\t\t\t\t\t\t\t\t\t\t<\/div>\n\t\t\t\t\t\t\t\t\t<\/a>\n\t\t\t\t\t\t\t<a class=\"e-gallery-item elementor-gallery-item elementor-animated-content\" data-e-gallery-tags=\"1\" href=\"https:\/\/eyoa.de\/wp-content\/uploads\/2025\/10\/eyoa-2024-musikschule-ma-gruppe.jpg\" data-elementor-open-lightbox=\"yes\" data-elementor-lightbox-slideshow=\"23161ad\" data-elementor-lightbox-title=\"St\u00e4dtische Musikschule Mannheim\" data-e-action-hash=\"#elementor-action%3Aaction%3Dlightbox%26settings%3DeyJpZCI6MzQ2NCwidXJsIjoiaHR0cHM6XC9cL2V5b2EuZGVcL3dwLWNvbnRlbnRcL3VwbG9hZHNcLzIwMjVcLzEwXC9leW9hLTIwMjQtbXVzaWtzY2h1bGUtbWEtZ3J1cHBlLmpwZyIsInNsaWRlc2hvdyI6IjIzMTYxYWQifQ%3D%3D\">\n\t\t\t\t\t<div class=\"e-gallery-image elementor-gallery-item__image\" data-thumbnail=\"https:\/\/eyoa.de\/wp-content\/uploads\/2025\/10\/eyoa-2024-musikschule-ma-gruppe.jpg\" data-width=\"1200\" data-height=\"800\" aria-label=\"EYOA Teilnehmer vor der St\u00e4dtische Musikschule Mannheim\" role=\"img\" ><\/div>\n\t\t\t\t\t\t\t\t\t\t\t<div class=\"elementor-gallery-item__overlay\"><\/div>\n\t\t\t\t\t\t\t\t\t\t\t\t\t\t\t<div class=\"elementor-gallery-item__content\">\n\t\t\t\t\t\t\t\t\t\t\t\t\t\t<div class=\"elementor-gallery-item__title\">\n\t\t\t\t\t\t\t\t\t\t\t\t\t\t\t\t\t\tSt\u00e4dtische Musikschule Mannheim\t\t\t\t\t\t\t\t<\/div>\n\t\t\t\t\t\t\t\t\t\t\t\t<\/div>\n\t\t\t\t\t\t\t\t\t<\/a>\n\t\t\t\t\t\t\t<a class=\"e-gallery-item elementor-gallery-item elementor-animated-content\" data-e-gallery-tags=\"1\" href=\"https:\/\/eyoa.de\/wp-content\/uploads\/2025\/10\/1.-Tag-Registerleiter-stellen-sich-vor-2.jpg\" data-elementor-open-lightbox=\"yes\" data-elementor-lightbox-slideshow=\"23161ad\" data-elementor-lightbox-title=\"Registerleiter\" data-e-action-hash=\"#elementor-action%3Aaction%3Dlightbox%26settings%3DeyJpZCI6MzI2NywidXJsIjoiaHR0cHM6XC9cL2V5b2EuZGVcL3dwLWNvbnRlbnRcL3VwbG9hZHNcLzIwMjVcLzEwXC8xLi1UYWctUmVnaXN0ZXJsZWl0ZXItc3RlbGxlbi1zaWNoLXZvci0yLmpwZyIsInNsaWRlc2hvdyI6IjIzMTYxYWQifQ%3D%3D\">\n\t\t\t\t\t<div class=\"e-gallery-image elementor-gallery-item__image\" data-thumbnail=\"https:\/\/eyoa.de\/wp-content\/uploads\/2025\/10\/1.-Tag-Registerleiter-stellen-sich-vor-2.jpg\" data-width=\"2048\" data-height=\"1366\" aria-label=\"EYOA 2024. Begr\u00fc\u00dfung der Registerleiter\" role=\"img\" ><\/div>\n\t\t\t\t\t\t\t\t\t\t\t<div class=\"elementor-gallery-item__overlay\"><\/div>\n\t\t\t\t\t\t\t\t\t\t\t\t\t\t\t<div class=\"elementor-gallery-item__content\">\n\t\t\t\t\t\t\t\t\t\t\t\t\t\t<div class=\"elementor-gallery-item__title\">\n\t\t\t\t\t\t\t\t\t\t\t\t\t\t\t\t\t\tRegisterleiter\t\t\t\t\t\t\t\t<\/div>\n\t\t\t\t\t\t\t\t\t\t\t\t<\/div>\n\t\t\t\t\t\t\t\t\t<\/a>\n\t\t\t\t\t\t\t<a class=\"e-gallery-item elementor-gallery-item elementor-animated-content\" data-e-gallery-tags=\"1\" href=\"https:\/\/eyoa.de\/wp-content\/uploads\/2025\/10\/eyoa-2024-geiger-e1759509701173.jpg\" data-elementor-open-lightbox=\"yes\" data-elementor-lightbox-slideshow=\"23161ad\" data-elementor-lightbox-title=\"Einzelprobe\" data-e-action-hash=\"#elementor-action%3Aaction%3Dlightbox%26settings%3DeyJpZCI6MzQ2MCwidXJsIjoiaHR0cHM6XC9cL2V5b2EuZGVcL3dwLWNvbnRlbnRcL3VwbG9hZHNcLzIwMjVcLzEwXC9leW9hLTIwMjQtZ2VpZ2VyLWUxNzU5NTA5NzAxMTczLmpwZyIsInNsaWRlc2hvdyI6IjIzMTYxYWQifQ%3D%3D\">\n\t\t\t\t\t<div class=\"e-gallery-image elementor-gallery-item__image\" data-thumbnail=\"https:\/\/eyoa.de\/wp-content\/uploads\/2025\/10\/eyoa-2024-geiger-e1759509701173.jpg\" data-width=\"562\" data-height=\"800\" aria-label=\"Geiger der EYOA 2024 bei Einzelprobe \u00a9Tanya-Khodova\" role=\"img\" ><\/div>\n\t\t\t\t\t\t\t\t\t\t\t<div class=\"elementor-gallery-item__overlay\"><\/div>\n\t\t\t\t\t\t\t\t\t\t\t\t\t\t\t<div class=\"elementor-gallery-item__content\">\n\t\t\t\t\t\t\t\t\t\t\t\t\t\t<div class=\"elementor-gallery-item__title\">\n\t\t\t\t\t\t\t\t\t\t\t\t\t\t\t\t\t\tEinzelprobe\t\t\t\t\t\t\t\t<\/div>\n\t\t\t\t\t\t\t\t\t\t\t\t<\/div>\n\t\t\t\t\t\t\t\t\t<\/a>\n\t\t\t\t\t\t\t<a class=\"e-gallery-item elementor-gallery-item elementor-animated-content\" data-e-gallery-tags=\"1\" href=\"https:\/\/eyoa.de\/wp-content\/uploads\/2025\/10\/eyoa-2024-gruppe-streicher.jpg\" data-elementor-open-lightbox=\"yes\" data-elementor-lightbox-slideshow=\"23161ad\" data-elementor-lightbox-title=\"Streicher\" data-e-action-hash=\"#elementor-action%3Aaction%3Dlightbox%26settings%3DeyJpZCI6MzQ2MSwidXJsIjoiaHR0cHM6XC9cL2V5b2EuZGVcL3dwLWNvbnRlbnRcL3VwbG9hZHNcLzIwMjVcLzEwXC9leW9hLTIwMjQtZ3J1cHBlLXN0cmVpY2hlci5qcGciLCJzbGlkZXNob3ciOiIyMzE2MWFkIn0%3D\">\n\t\t\t\t\t<div class=\"e-gallery-image elementor-gallery-item__image\" data-thumbnail=\"https:\/\/eyoa.de\/wp-content\/uploads\/2025\/10\/eyoa-2024-gruppe-streicher.jpg\" data-width=\"1200\" data-height=\"800\" aria-label=\"Gruppenbild der Streicher EYOA 2024\" role=\"img\" ><\/div>\n\t\t\t\t\t\t\t\t\t\t\t<div class=\"elementor-gallery-item__overlay\"><\/div>\n\t\t\t\t\t\t\t\t\t\t\t\t\t\t\t<div class=\"elementor-gallery-item__content\">\n\t\t\t\t\t\t\t\t\t\t\t\t\t\t<div class=\"elementor-gallery-item__title\">\n\t\t\t\t\t\t\t\t\t\t\t\t\t\t\t\t\t\tStreicher\t\t\t\t\t\t\t\t<\/div>\n\t\t\t\t\t\t\t\t\t\t\t\t<\/div>\n\t\t\t\t\t\t\t\t\t<\/a>\n\t\t\t\t\t\t\t<a class=\"e-gallery-item elementor-gallery-item elementor-animated-content\" data-e-gallery-tags=\"1\" href=\"https:\/\/eyoa.de\/wp-content\/uploads\/2025\/10\/1.-Tag-Viola-Register-2.jpg\" data-elementor-open-lightbox=\"yes\" data-elementor-lightbox-slideshow=\"23161ad\" data-elementor-lightbox-title=\"Registerproben Viola\" data-e-action-hash=\"#elementor-action%3Aaction%3Dlightbox%26settings%3DeyJpZCI6MzI2OSwidXJsIjoiaHR0cHM6XC9cL2V5b2EuZGVcL3dwLWNvbnRlbnRcL3VwbG9hZHNcLzIwMjVcLzEwXC8xLi1UYWctVmlvbGEtUmVnaXN0ZXItMi5qcGciLCJzbGlkZXNob3ciOiIyMzE2MWFkIn0%3D\">\n\t\t\t\t\t<div class=\"e-gallery-image elementor-gallery-item__image\" data-thumbnail=\"https:\/\/eyoa.de\/wp-content\/uploads\/2025\/10\/1.-Tag-Viola-Register-2.jpg\" data-width=\"2048\" data-height=\"1365\" aria-label=\"EYOA 2024 Registerproben Viola\" role=\"img\" ><\/div>\n\t\t\t\t\t\t\t\t\t\t\t<div class=\"elementor-gallery-item__overlay\"><\/div>\n\t\t\t\t\t\t\t\t\t\t\t\t\t\t\t<div class=\"elementor-gallery-item__content\">\n\t\t\t\t\t\t\t\t\t\t\t\t\t\t<div class=\"elementor-gallery-item__title\">\n\t\t\t\t\t\t\t\t\t\t\t\t\t\t\t\t\t\tRegisterproben Viola\t\t\t\t\t\t\t\t<\/div>\n\t\t\t\t\t\t\t\t\t\t\t\t<\/div>\n\t\t\t\t\t\t\t\t\t<\/a>\n\t\t\t\t\t\t\t<a class=\"e-gallery-item elementor-gallery-item elementor-animated-content\" data-e-gallery-tags=\"1\" href=\"https:\/\/eyoa.de\/wp-content\/uploads\/2025\/10\/1.-Tag-Tutti-Dirigent-2.jpg\" data-elementor-open-lightbox=\"yes\" data-elementor-lightbox-slideshow=\"23161ad\" data-elementor-lightbox-title=\"Tuttiproben\" data-e-action-hash=\"#elementor-action%3Aaction%3Dlightbox%26settings%3DeyJpZCI6MzI2OCwidXJsIjoiaHR0cHM6XC9cL2V5b2EuZGVcL3dwLWNvbnRlbnRcL3VwbG9hZHNcLzIwMjVcLzEwXC8xLi1UYWctVHV0dGktRGlyaWdlbnQtMi5qcGciLCJzbGlkZXNob3ciOiIyMzE2MWFkIn0%3D\">\n\t\t\t\t\t<div class=\"e-gallery-image elementor-gallery-item__image\" data-thumbnail=\"https:\/\/eyoa.de\/wp-content\/uploads\/2025\/10\/1.-Tag-Tutti-Dirigent-2.jpg\" data-width=\"2048\" data-height=\"1365\" aria-label=\"Reinke mit EYOA 2024 bei den ersten Tuttiproben\" role=\"img\" ><\/div>\n\t\t\t\t\t\t\t\t\t\t\t<div class=\"elementor-gallery-item__overlay\"><\/div>\n\t\t\t\t\t\t\t\t\t\t\t\t\t\t\t<div class=\"elementor-gallery-item__content\">\n\t\t\t\t\t\t\t\t\t\t\t\t\t\t<div class=\"elementor-gallery-item__title\">\n\t\t\t\t\t\t\t\t\t\t\t\t\t\t\t\t\t\tTuttiproben\t\t\t\t\t\t\t\t<\/div>\n\t\t\t\t\t\t\t\t\t\t\t\t<\/div>\n\t\t\t\t\t\t\t\t\t<\/a>\n\t\t\t\t\t\t\t<a class=\"e-gallery-item elementor-gallery-item elementor-animated-content\" data-e-gallery-tags=\"1\" href=\"https:\/\/eyoa.de\/wp-content\/uploads\/2025\/10\/Ausflug-2025.jpg\" data-elementor-open-lightbox=\"yes\" data-elementor-lightbox-slideshow=\"23161ad\" data-elementor-lightbox-title=\"Ausflug mit historischer Bahn\" data-e-action-hash=\"#elementor-action%3Aaction%3Dlightbox%26settings%3DeyJpZCI6MzI3MSwidXJsIjoiaHR0cHM6XC9cL2V5b2EuZGVcL3dwLWNvbnRlbnRcL3VwbG9hZHNcLzIwMjVcLzEwXC9BdXNmbHVnLTIwMjUuanBnIiwic2xpZGVzaG93IjoiMjMxNjFhZCJ9\">\n\t\t\t\t\t<div class=\"e-gallery-image elementor-gallery-item__image\" data-thumbnail=\"https:\/\/eyoa.de\/wp-content\/uploads\/2025\/10\/Ausflug-2025.jpg\" data-width=\"1200\" data-height=\"800\" aria-label=\"Ausflug mit historischer Bahn\" role=\"img\" ><\/div>\n\t\t\t\t\t\t\t\t\t\t\t<div class=\"elementor-gallery-item__overlay\"><\/div>\n\t\t\t\t\t\t\t\t\t\t\t\t\t\t\t<div class=\"elementor-gallery-item__content\">\n\t\t\t\t\t\t\t\t\t\t\t\t\t\t<div class=\"elementor-gallery-item__title\">\n\t\t\t\t\t\t\t\t\t\t\t\t\t\t\t\t\t\tAusflug mit historischer Bahn\t\t\t\t\t\t\t\t<\/div>\n\t\t\t\t\t\t\t\t\t\t\t\t<\/div>\n\t\t\t\t\t\t\t\t\t<\/a>\n\t\t\t\t\t\t\t<a class=\"e-gallery-item elementor-gallery-item elementor-animated-content\" data-e-gallery-tags=\"1\" href=\"https:\/\/eyoa.de\/wp-content\/uploads\/2025\/09\/reinke-interview-2024-titelbild.png\" data-elementor-open-lightbox=\"yes\" data-elementor-lightbox-slideshow=\"23161ad\" data-elementor-lightbox-title=\"Zwischen den Proben\" data-e-action-hash=\"#elementor-action%3Aaction%3Dlightbox%26settings%3DeyJpZCI6MTAzMiwidXJsIjoiaHR0cHM6XC9cL2V5b2EuZGVcL3dwLWNvbnRlbnRcL3VwbG9hZHNcLzIwMjVcLzA5XC9yZWlua2UtaW50ZXJ2aWV3LTIwMjQtdGl0ZWxiaWxkLnBuZyIsInNsaWRlc2hvdyI6IjIzMTYxYWQifQ%3D%3D\">\n\t\t\t\t\t<div class=\"e-gallery-image elementor-gallery-item__image\" data-thumbnail=\"https:\/\/eyoa.de\/wp-content\/uploads\/2025\/09\/reinke-interview-2024-titelbild.png\" data-width=\"800\" data-height=\"451\" aria-label=\"EYOA Teilnehmer:innen auf der Hinterb\u00fchne des Mannheimer Rosengartens\" role=\"img\" ><\/div>\n\t\t\t\t\t\t\t\t\t\t\t<div class=\"elementor-gallery-item__overlay\"><\/div>\n\t\t\t\t\t\t\t\t\t\t\t\t\t\t\t<div class=\"elementor-gallery-item__content\">\n\t\t\t\t\t\t\t\t\t\t\t\t\t\t<div class=\"elementor-gallery-item__title\">\n\t\t\t\t\t\t\t\t\t\t\t\t\t\t\t\t\t\tZwischen den Proben\t\t\t\t\t\t\t\t<\/div>\n\t\t\t\t\t\t\t\t\t\t\t\t<\/div>\n\t\t\t\t\t\t\t\t\t<\/a>\n\t\t\t\t\t\t\t<a class=\"e-gallery-item elementor-gallery-item elementor-animated-content\" data-e-gallery-tags=\"1\" href=\"https:\/\/eyoa.de\/wp-content\/uploads\/2025\/10\/eyoa-2024-mauge-elia.jpg\" data-elementor-open-lightbox=\"yes\" data-elementor-lightbox-slideshow=\"23161ad\" data-elementor-lightbox-title=\"Michel Maug\u00e9 mit Marios Joannou Elia\" data-e-action-hash=\"#elementor-action%3Aaction%3Dlightbox%26settings%3DeyJpZCI6MzQ2MiwidXJsIjoiaHR0cHM6XC9cL2V5b2EuZGVcL3dwLWNvbnRlbnRcL3VwbG9hZHNcLzIwMjVcLzEwXC9leW9hLTIwMjQtbWF1Z2UtZWxpYS5qcGciLCJzbGlkZXNob3ciOiIyMzE2MWFkIn0%3D\">\n\t\t\t\t\t<div class=\"e-gallery-image elementor-gallery-item__image\" data-thumbnail=\"https:\/\/eyoa.de\/wp-content\/uploads\/2025\/10\/eyoa-2024-mauge-elia.jpg\" data-width=\"1200\" data-height=\"800\" aria-label=\"Michel Maug\u00e9 \u00fcberreicht Marios Joannou Elia das Wahrzeichen Mannheims, den Wasserturm\" role=\"img\" ><\/div>\n\t\t\t\t\t\t\t\t\t\t\t<div class=\"elementor-gallery-item__overlay\"><\/div>\n\t\t\t\t\t\t\t\t\t\t\t\t\t\t\t<div class=\"elementor-gallery-item__content\">\n\t\t\t\t\t\t\t\t\t\t\t\t\t\t<div class=\"elementor-gallery-item__title\">\n\t\t\t\t\t\t\t\t\t\t\t\t\t\t\t\t\t\tMichel Maug\u00e9 mit Marios Joannou Elia\t\t\t\t\t\t\t\t<\/div>\n\t\t\t\t\t\t\t\t\t\t\t\t<\/div>\n\t\t\t\t\t\t\t\t\t<\/a>\n\t\t\t\t\t\t\t<a class=\"e-gallery-item elementor-gallery-item elementor-animated-content\" data-e-gallery-tags=\"1\" href=\"https:\/\/eyoa.de\/wp-content\/uploads\/2025\/10\/Fernsehaufzeichnung-Konzert-2024.jpg\" data-elementor-open-lightbox=\"yes\" data-elementor-lightbox-slideshow=\"23161ad\" data-elementor-lightbox-title=\"Fernsehaufzeichnung vom Abschlusskonzert\" data-e-action-hash=\"#elementor-action%3Aaction%3Dlightbox%26settings%3DeyJpZCI6MzI3MywidXJsIjoiaHR0cHM6XC9cL2V5b2EuZGVcL3dwLWNvbnRlbnRcL3VwbG9hZHNcLzIwMjVcLzEwXC9GZXJuc2VoYXVmemVpY2hudW5nLUtvbnplcnQtMjAyNC5qcGciLCJzbGlkZXNob3ciOiIyMzE2MWFkIn0%3D\">\n\t\t\t\t\t<div class=\"e-gallery-image elementor-gallery-item__image\" data-thumbnail=\"https:\/\/eyoa.de\/wp-content\/uploads\/2025\/10\/Fernsehaufzeichnung-Konzert-2024.jpg\" data-width=\"1200\" data-height=\"800\" aria-label=\"Fernsehaufzeichnung-Rosengarten-Konzert-2024\" role=\"img\" ><\/div>\n\t\t\t\t\t\t\t\t\t\t\t<div class=\"elementor-gallery-item__overlay\"><\/div>\n\t\t\t\t\t\t\t\t\t\t\t\t\t\t\t<div class=\"elementor-gallery-item__content\">\n\t\t\t\t\t\t\t\t\t\t\t\t\t\t<div class=\"elementor-gallery-item__title\">\n\t\t\t\t\t\t\t\t\t\t\t\t\t\t\t\t\t\tFernsehaufzeichnung vom Abschlusskonzert\t\t\t\t\t\t\t\t<\/div>\n\t\t\t\t\t\t\t\t\t\t\t\t<\/div>\n\t\t\t\t\t\t\t\t\t<\/a>\n\t\t\t\t\t\t\t<a class=\"e-gallery-item elementor-gallery-item elementor-animated-content\" data-e-gallery-tags=\"1\" href=\"https:\/\/eyoa.de\/wp-content\/uploads\/2025\/10\/abschlusskonzert-2024-panorama.jpg\" data-elementor-open-lightbox=\"yes\" data-elementor-lightbox-slideshow=\"23161ad\" data-elementor-lightbox-title=\"Mannheimer Rosengarten\" data-e-action-hash=\"#elementor-action%3Aaction%3Dlightbox%26settings%3DeyJpZCI6MzgwNiwidXJsIjoiaHR0cHM6XC9cL2V5b2EuZGVcL3dwLWNvbnRlbnRcL3VwbG9hZHNcLzIwMjVcLzEwXC9hYnNjaGx1c3Nrb256ZXJ0LTIwMjQtcGFub3JhbWEuanBnIiwic2xpZGVzaG93IjoiMjMxNjFhZCJ9\">\n\t\t\t\t\t<div class=\"e-gallery-image elementor-gallery-item__image\" data-thumbnail=\"https:\/\/eyoa.de\/wp-content\/uploads\/2025\/10\/abschlusskonzert-2024-panorama.jpg\" data-width=\"2048\" data-height=\"1365\" aria-label=\"EYOA-Abschlusskonzert 2024 im Mannheimer Rosengarten\" role=\"img\" ><\/div>\n\t\t\t\t\t\t\t\t\t\t\t<div class=\"elementor-gallery-item__overlay\"><\/div>\n\t\t\t\t\t\t\t\t\t\t\t\t\t\t\t<div class=\"elementor-gallery-item__content\">\n\t\t\t\t\t\t\t\t\t\t\t\t\t\t<div class=\"elementor-gallery-item__title\">\n\t\t\t\t\t\t\t\t\t\t\t\t\t\t\t\t\t\tMannheimer Rosengarten\t\t\t\t\t\t\t\t<\/div>\n\t\t\t\t\t\t\t\t\t\t\t\t<\/div>\n\t\t\t\t\t\t\t\t\t<\/a>\n\t\t\t\t\t\t\t<a class=\"e-gallery-item elementor-gallery-item elementor-animated-content\" data-e-gallery-tags=\"1\" href=\"https:\/\/eyoa.de\/wp-content\/uploads\/2025\/10\/Abschlusskonzert-2024-Rosengarten.jpg\" data-elementor-open-lightbox=\"yes\" data-elementor-lightbox-slideshow=\"23161ad\" data-elementor-lightbox-title=\"Abschlusskonzert 2024 \u2013 EYOA mit Solisten &amp; Chor des MNN\" data-e-action-hash=\"#elementor-action%3Aaction%3Dlightbox%26settings%3DeyJpZCI6MzI3MCwidXJsIjoiaHR0cHM6XC9cL2V5b2EuZGVcL3dwLWNvbnRlbnRcL3VwbG9hZHNcLzIwMjVcLzEwXC9BYnNjaGx1c3Nrb256ZXJ0LTIwMjQtUm9zZW5nYXJ0ZW4uanBnIiwic2xpZGVzaG93IjoiMjMxNjFhZCJ9\">\n\t\t\t\t\t<div class=\"e-gallery-image elementor-gallery-item__image\" data-thumbnail=\"https:\/\/eyoa.de\/wp-content\/uploads\/2025\/10\/Abschlusskonzert-2024-Rosengarten.jpg\" data-width=\"1200\" data-height=\"800\" aria-label=\"Abschlusskonzert-2024 im Rosengarten\" role=\"img\" ><\/div>\n\t\t\t\t\t\t\t\t\t\t\t<div class=\"elementor-gallery-item__overlay\"><\/div>\n\t\t\t\t\t\t\t\t\t\t\t\t\t\t\t<div class=\"elementor-gallery-item__content\">\n\t\t\t\t\t\t\t\t\t\t\t\t\t\t<div class=\"elementor-gallery-item__title\">\n\t\t\t\t\t\t\t\t\t\t\t\t\t\t\t\t\t\tAbschlusskonzert 2024 \u2013 EYOA mit Solisten & Chor des MNN\t\t\t\t\t\t\t\t<\/div>\n\t\t\t\t\t\t\t\t\t\t\t\t<\/div>\n\t\t\t\t\t\t\t\t\t<\/a>\n\t\t\t\t\t\t\t<a class=\"e-gallery-item elementor-gallery-item elementor-animated-content\" data-e-gallery-tags=\"1\" href=\"https:\/\/eyoa.de\/wp-content\/uploads\/2025\/10\/eyoa.2024-tutti-kacheljpg.jpg\" data-elementor-open-lightbox=\"yes\" data-elementor-lightbox-slideshow=\"23161ad\" data-elementor-lightbox-title=\"EYOA Teilnehmer:innen 2024\" data-e-action-hash=\"#elementor-action%3Aaction%3Dlightbox%26settings%3DeyJpZCI6MzQ2NSwidXJsIjoiaHR0cHM6XC9cL2V5b2EuZGVcL3dwLWNvbnRlbnRcL3VwbG9hZHNcLzIwMjVcLzEwXC9leW9hLjIwMjQtdHV0dGkta2FjaGVsanBnLmpwZyIsInNsaWRlc2hvdyI6IjIzMTYxYWQifQ%3D%3D\">\n\t\t\t\t\t<div class=\"e-gallery-image elementor-gallery-item__image\" data-thumbnail=\"https:\/\/eyoa.de\/wp-content\/uploads\/2025\/10\/eyoa.2024-tutti-kacheljpg.jpg\" data-width=\"1200\" data-height=\"800\" aria-label=\"EYOA Teilnehmer:innen 2024 Kachelbild\" role=\"img\" ><\/div>\n\t\t\t\t\t\t\t\t\t\t\t<div class=\"elementor-gallery-item__overlay\"><\/div>\n\t\t\t\t\t\t\t\t\t\t\t\t\t\t\t<div class=\"elementor-gallery-item__content\">\n\t\t\t\t\t\t\t\t\t\t\t\t\t\t<div class=\"elementor-gallery-item__title\">\n\t\t\t\t\t\t\t\t\t\t\t\t\t\t\t\t\t\tEYOA Teilnehmer:innen 2024\t\t\t\t\t\t\t\t<\/div>\n\t\t\t\t\t\t\t\t\t\t\t\t<\/div>\n\t\t\t\t\t\t\t\t\t<\/a>\n\t\t\t\t\t\t\t<a class=\"e-gallery-item elementor-gallery-item elementor-animated-content\" data-e-gallery-tags=\"2\" href=\"https:\/\/eyoa.de\/wp-content\/uploads\/2025\/10\/EYOA23-BUGA-Mannheim.jpg\" data-elementor-open-lightbox=\"yes\" data-elementor-lightbox-slideshow=\"23161ad\" data-elementor-lightbox-title=\"B\u00fchne auf der BUGA Mannheim\" data-e-action-hash=\"#elementor-action%3Aaction%3Dlightbox%26settings%3DeyJpZCI6MzQ4MywidXJsIjoiaHR0cHM6XC9cL2V5b2EuZGVcL3dwLWNvbnRlbnRcL3VwbG9hZHNcLzIwMjVcLzEwXC9FWU9BMjMtQlVHQS1NYW5uaGVpbS5qcGciLCJzbGlkZXNob3ciOiIyMzE2MWFkIn0%3D\">\n\t\t\t\t\t<div class=\"e-gallery-image elementor-gallery-item__image\" data-thumbnail=\"https:\/\/eyoa.de\/wp-content\/uploads\/2025\/10\/EYOA23-BUGA-Mannheim.jpg\" data-width=\"2048\" data-height=\"1365\" aria-label=\"B\u00fchne auf der BUGA Gel\u00e4nde iMannheim \u00a9Tanya-Khodova\" role=\"img\" ><\/div>\n\t\t\t\t\t\t\t\t\t\t\t<div class=\"elementor-gallery-item__overlay\"><\/div>\n\t\t\t\t\t\t\t\t\t\t\t\t\t\t\t<div class=\"elementor-gallery-item__content\">\n\t\t\t\t\t\t\t\t\t\t\t\t\t\t<div class=\"elementor-gallery-item__title\">\n\t\t\t\t\t\t\t\t\t\t\t\t\t\t\t\t\t\tB\u00fchne auf der BUGA Mannheim\t\t\t\t\t\t\t\t<\/div>\n\t\t\t\t\t\t\t\t\t\t\t\t<\/div>\n\t\t\t\t\t\t\t\t\t<\/a>\n\t\t\t\t\t\t\t<a class=\"e-gallery-item elementor-gallery-item elementor-animated-content\" data-e-gallery-tags=\"2\" href=\"https:\/\/eyoa.de\/wp-content\/uploads\/2025\/10\/eyoa-2023-buga-gruppenbild.jpg\" data-elementor-open-lightbox=\"yes\" data-elementor-lightbox-slideshow=\"23161ad\" data-elementor-lightbox-title=\"BUGA Mannheim\" data-e-action-hash=\"#elementor-action%3Aaction%3Dlightbox%26settings%3DeyJpZCI6MzQ4MSwidXJsIjoiaHR0cHM6XC9cL2V5b2EuZGVcL3dwLWNvbnRlbnRcL3VwbG9hZHNcLzIwMjVcLzEwXC9leW9hLTIwMjMtYnVnYS1ncnVwcGVuYmlsZC5qcGciLCJzbGlkZXNob3ciOiIyMzE2MWFkIn0%3D\">\n\t\t\t\t\t<div class=\"e-gallery-image elementor-gallery-item__image\" data-thumbnail=\"https:\/\/eyoa.de\/wp-content\/uploads\/2025\/10\/eyoa-2023-buga-gruppenbild.jpg\" data-width=\"1440\" data-height=\"1022\" aria-label=\"EYOA 2023 Gruppenbild auf der BUGA Mannheim \u00a9Tanya-Khodova\" role=\"img\" ><\/div>\n\t\t\t\t\t\t\t\t\t\t\t<div class=\"elementor-gallery-item__overlay\"><\/div>\n\t\t\t\t\t\t\t\t\t\t\t\t\t\t\t<div class=\"elementor-gallery-item__content\">\n\t\t\t\t\t\t\t\t\t\t\t\t\t\t<div class=\"elementor-gallery-item__title\">\n\t\t\t\t\t\t\t\t\t\t\t\t\t\t\t\t\t\tBUGA Mannheim\t\t\t\t\t\t\t\t<\/div>\n\t\t\t\t\t\t\t\t\t\t\t\t<\/div>\n\t\t\t\t\t\t\t\t\t<\/a>\n\t\t\t\t\t\t\t<a class=\"e-gallery-item elementor-gallery-item elementor-animated-content\" data-e-gallery-tags=\"2\" href=\"https:\/\/eyoa.de\/wp-content\/uploads\/2025\/10\/eyoa-2023-buga-konzert.jpg\" data-elementor-open-lightbox=\"yes\" data-elementor-lightbox-slideshow=\"23161ad\" data-elementor-lightbox-title=\"Open Air Konzert auf der BUGA\" data-e-action-hash=\"#elementor-action%3Aaction%3Dlightbox%26settings%3DeyJpZCI6MzQ3NCwidXJsIjoiaHR0cHM6XC9cL2V5b2EuZGVcL3dwLWNvbnRlbnRcL3VwbG9hZHNcLzIwMjVcLzEwXC9leW9hLTIwMjMtYnVnYS1rb256ZXJ0LmpwZyIsInNsaWRlc2hvdyI6IjIzMTYxYWQifQ%3D%3D\">\n\t\t\t\t\t<div class=\"e-gallery-image elementor-gallery-item__image\" data-thumbnail=\"https:\/\/eyoa.de\/wp-content\/uploads\/2025\/10\/eyoa-2023-buga-konzert.jpg\" data-width=\"1200\" data-height=\"800\" aria-label=\"EYOA Teilnehmerinnen 2023 w\u00e4hrend des Abschlusskonzerts auf der BUGA in Mannheim \u00a9Tanya-Khodova\" role=\"img\" ><\/div>\n\t\t\t\t\t\t\t\t\t\t\t<div class=\"elementor-gallery-item__overlay\"><\/div>\n\t\t\t\t\t\t\t\t\t\t\t\t\t\t\t<div class=\"elementor-gallery-item__content\">\n\t\t\t\t\t\t\t\t\t\t\t\t\t\t<div class=\"elementor-gallery-item__title\">\n\t\t\t\t\t\t\t\t\t\t\t\t\t\t\t\t\t\tOpen Air Konzert auf der BUGA\t\t\t\t\t\t\t\t<\/div>\n\t\t\t\t\t\t\t\t\t\t\t\t<\/div>\n\t\t\t\t\t\t\t\t\t<\/a>\n\t\t\t\t\t\t\t<a class=\"e-gallery-item elementor-gallery-item elementor-animated-content\" data-e-gallery-tags=\"2\" href=\"https:\/\/eyoa.de\/wp-content\/uploads\/2025\/10\/eyoa-2023-buga-mauge-elia.jpg\" data-elementor-open-lightbox=\"yes\" data-elementor-lightbox-slideshow=\"23161ad\" data-elementor-lightbox-title=\"Standing Ovations\" data-e-action-hash=\"#elementor-action%3Aaction%3Dlightbox%26settings%3DeyJpZCI6MzQ3NSwidXJsIjoiaHR0cHM6XC9cL2V5b2EuZGVcL3dwLWNvbnRlbnRcL3VwbG9hZHNcLzIwMjVcLzEwXC9leW9hLTIwMjMtYnVnYS1tYXVnZS1lbGlhLmpwZyIsInNsaWRlc2hvdyI6IjIzMTYxYWQifQ%3D%3D\">\n\t\t\t\t\t<div class=\"e-gallery-image elementor-gallery-item__image\" data-thumbnail=\"https:\/\/eyoa.de\/wp-content\/uploads\/2025\/10\/eyoa-2023-buga-mauge-elia.jpg\" data-width=\"1200\" data-height=\"800\" aria-label=\"EYOA Abschlusskonzert 2023 \u00a9Tanya-Khodova\" role=\"img\" ><\/div>\n\t\t\t\t\t\t\t\t\t\t\t<div class=\"elementor-gallery-item__overlay\"><\/div>\n\t\t\t\t\t\t\t\t\t\t\t\t\t\t\t<div class=\"elementor-gallery-item__content\">\n\t\t\t\t\t\t\t\t\t\t\t\t\t\t<div class=\"elementor-gallery-item__title\">\n\t\t\t\t\t\t\t\t\t\t\t\t\t\t\t\t\t\tStanding Ovations\t\t\t\t\t\t\t\t<\/div>\n\t\t\t\t\t\t\t\t\t\t\t\t<\/div>\n\t\t\t\t\t\t\t\t\t<\/a>\n\t\t\t\t\t\t\t<a class=\"e-gallery-item elementor-gallery-item elementor-animated-content\" data-e-gallery-tags=\"2\" href=\"https:\/\/eyoa.de\/wp-content\/uploads\/2025\/10\/abschlusskonzert-2023-welturauffuehrung-buga.jpg\" data-elementor-open-lightbox=\"yes\" data-elementor-lightbox-slideshow=\"23161ad\" data-elementor-lightbox-title=\"Weltpremiere Elias Gaia\" data-e-action-hash=\"#elementor-action%3Aaction%3Dlightbox%26settings%3DeyJpZCI6MzQ3NywidXJsIjoiaHR0cHM6XC9cL2V5b2EuZGVcL3dwLWNvbnRlbnRcL3VwbG9hZHNcLzIwMjVcLzEwXC9hYnNjaGx1c3Nrb256ZXJ0LTIwMjMtd2VsdHVyYXVmZnVlaHJ1bmctYnVnYS5qcGciLCJzbGlkZXNob3ciOiIyMzE2MWFkIn0%3D\">\n\t\t\t\t\t<div class=\"e-gallery-image elementor-gallery-item__image\" data-thumbnail=\"https:\/\/eyoa.de\/wp-content\/uploads\/2025\/10\/abschlusskonzert-2023-welturauffuehrung-buga.jpg\" data-width=\"2048\" data-height=\"1365\" aria-label=\"B\u00fchnenbild zur Weltpremiere von Elias Gaia auf der BUGA 2023 \u00a9Tanya-Khodova\" role=\"img\" ><\/div>\n\t\t\t\t\t\t\t\t\t\t\t<div class=\"elementor-gallery-item__overlay\"><\/div>\n\t\t\t\t\t\t\t\t\t\t\t\t\t\t\t<div class=\"elementor-gallery-item__content\">\n\t\t\t\t\t\t\t\t\t\t\t\t\t\t<div class=\"elementor-gallery-item__title\">\n\t\t\t\t\t\t\t\t\t\t\t\t\t\t\t\t\t\tWeltpremiere Elias Gaia\t\t\t\t\t\t\t\t<\/div>\n\t\t\t\t\t\t\t\t\t\t\t\t<\/div>\n\t\t\t\t\t\t\t\t\t<\/a>\n\t\t\t\t\t\t\t<a class=\"e-gallery-item elementor-gallery-item elementor-animated-content\" data-e-gallery-tags=\"2\" href=\"https:\/\/eyoa.de\/wp-content\/uploads\/2025\/10\/ueben-ueben-2023.jpg\" data-elementor-open-lightbox=\"yes\" data-elementor-lightbox-slideshow=\"23161ad\" data-elementor-lightbox-title=\"\u00dcberall wird ge\u00fcbt\" data-e-action-hash=\"#elementor-action%3Aaction%3Dlightbox%26settings%3DeyJpZCI6MzQ4NSwidXJsIjoiaHR0cHM6XC9cL2V5b2EuZGVcL3dwLWNvbnRlbnRcL3VwbG9hZHNcLzIwMjVcLzEwXC91ZWJlbi11ZWJlbi0yMDIzLmpwZyIsInNsaWRlc2hvdyI6IjIzMTYxYWQifQ%3D%3D\">\n\t\t\t\t\t<div class=\"e-gallery-image elementor-gallery-item__image\" data-thumbnail=\"https:\/\/eyoa.de\/wp-content\/uploads\/2025\/10\/ueben-ueben-2023.jpg\" data-width=\"2560\" data-height=\"1707\" aria-label=\"EYOA Teilnehmerinnen beim \u00dcben vor dem gro\u00dfen Konzert 2023 \u00a9Tanya-Khodova\" role=\"img\" ><\/div>\n\t\t\t\t\t\t\t\t\t\t\t<div class=\"elementor-gallery-item__overlay\"><\/div>\n\t\t\t\t\t\t\t\t\t\t\t\t\t\t\t<div class=\"elementor-gallery-item__content\">\n\t\t\t\t\t\t\t\t\t\t\t\t\t\t<div class=\"elementor-gallery-item__title\">\n\t\t\t\t\t\t\t\t\t\t\t\t\t\t\t\t\t\t\u00dcberall wird ge\u00fcbt\t\t\t\t\t\t\t\t<\/div>\n\t\t\t\t\t\t\t\t\t\t\t\t<\/div>\n\t\t\t\t\t\t\t\t\t<\/a>\n\t\t\t\t\t\t\t<a class=\"e-gallery-item elementor-gallery-item elementor-animated-content\" data-e-gallery-tags=\"2\" href=\"https:\/\/eyoa.de\/wp-content\/uploads\/2025\/10\/registerproben-2023.jpg\" data-elementor-open-lightbox=\"yes\" data-elementor-lightbox-slideshow=\"23161ad\" data-elementor-lightbox-title=\"Registerproben Kontrabass\" data-e-action-hash=\"#elementor-action%3Aaction%3Dlightbox%26settings%3DeyJpZCI6MzQ4NCwidXJsIjoiaHR0cHM6XC9cL2V5b2EuZGVcL3dwLWNvbnRlbnRcL3VwbG9hZHNcLzIwMjVcLzEwXC9yZWdpc3RlcnByb2Jlbi0yMDIzLmpwZyIsInNsaWRlc2hvdyI6IjIzMTYxYWQifQ%3D%3D\">\n\t\t\t\t\t<div class=\"e-gallery-image elementor-gallery-item__image\" data-thumbnail=\"https:\/\/eyoa.de\/wp-content\/uploads\/2025\/10\/registerproben-2023.jpg\" data-width=\"2560\" data-height=\"1707\" aria-label=\"Registerproben Kontrabass 2023 \u00a9Tanya-Khodova\" role=\"img\" ><\/div>\n\t\t\t\t\t\t\t\t\t\t\t<div class=\"elementor-gallery-item__overlay\"><\/div>\n\t\t\t\t\t\t\t\t\t\t\t\t\t\t\t<div class=\"elementor-gallery-item__content\">\n\t\t\t\t\t\t\t\t\t\t\t\t\t\t<div class=\"elementor-gallery-item__title\">\n\t\t\t\t\t\t\t\t\t\t\t\t\t\t\t\t\t\tRegisterproben Kontrabass\t\t\t\t\t\t\t\t<\/div>\n\t\t\t\t\t\t\t\t\t\t\t\t<\/div>\n\t\t\t\t\t\t\t\t\t<\/a>\n\t\t\t\t\t\t\t<a class=\"e-gallery-item elementor-gallery-item elementor-animated-content\" data-e-gallery-tags=\"2\" href=\"https:\/\/eyoa.de\/wp-content\/uploads\/2025\/10\/exkursion-heidelberg-2023.jpg\" data-elementor-open-lightbox=\"yes\" data-elementor-lightbox-slideshow=\"23161ad\" data-elementor-lightbox-title=\"Ausflug nach Heidelberg\" data-e-action-hash=\"#elementor-action%3Aaction%3Dlightbox%26settings%3DeyJpZCI6MzQ4MCwidXJsIjoiaHR0cHM6XC9cL2V5b2EuZGVcL3dwLWNvbnRlbnRcL3VwbG9hZHNcLzIwMjVcLzEwXC9leGt1cnNpb24taGVpZGVsYmVyZy0yMDIzLmpwZyIsInNsaWRlc2hvdyI6IjIzMTYxYWQifQ%3D%3D\">\n\t\t\t\t\t<div class=\"e-gallery-image elementor-gallery-item__image\" data-thumbnail=\"https:\/\/eyoa.de\/wp-content\/uploads\/2025\/10\/exkursion-heidelberg-2023.jpg\" data-width=\"2560\" data-height=\"1707\" aria-label=\"EYOA Exkursion zum Heidelberger Schloss \u00a9Tanya-Khodova\" role=\"img\" ><\/div>\n\t\t\t\t\t\t\t\t\t\t\t<div class=\"elementor-gallery-item__overlay\"><\/div>\n\t\t\t\t\t\t\t\t\t\t\t\t\t\t\t<div class=\"elementor-gallery-item__content\">\n\t\t\t\t\t\t\t\t\t\t\t\t\t\t<div class=\"elementor-gallery-item__title\">\n\t\t\t\t\t\t\t\t\t\t\t\t\t\t\t\t\t\tAusflug nach Heidelberg\t\t\t\t\t\t\t\t<\/div>\n\t\t\t\t\t\t\t\t\t\t\t\t<\/div>\n\t\t\t\t\t\t\t\t\t<\/a>\n\t\t\t\t\t\t\t<a class=\"e-gallery-item elementor-gallery-item elementor-animated-content\" data-e-gallery-tags=\"2\" href=\"https:\/\/eyoa.de\/wp-content\/uploads\/2025\/10\/Essen-mit-Rotariern-2023.jpg\" data-elementor-open-lightbox=\"yes\" data-elementor-lightbox-slideshow=\"23161ad\" data-elementor-lightbox-title=\"Kultureller Austausch mit Rotariern\" data-e-action-hash=\"#elementor-action%3Aaction%3Dlightbox%26settings%3DeyJpZCI6MzQ3OSwidXJsIjoiaHR0cHM6XC9cL2V5b2EuZGVcL3dwLWNvbnRlbnRcL3VwbG9hZHNcLzIwMjVcLzEwXC9Fc3Nlbi1taXQtUm90YXJpZXJuLTIwMjMuanBnIiwic2xpZGVzaG93IjoiMjMxNjFhZCJ9\">\n\t\t\t\t\t<div class=\"e-gallery-image elementor-gallery-item__image\" data-thumbnail=\"https:\/\/eyoa.de\/wp-content\/uploads\/2025\/10\/Essen-mit-Rotariern-2023.jpg\" data-width=\"791\" data-height=\"1024\" aria-label=\"EYOA 2023 mit Rotarieren beim Essen\" role=\"img\" ><\/div>\n\t\t\t\t\t\t\t\t\t\t\t<div class=\"elementor-gallery-item__overlay\"><\/div>\n\t\t\t\t\t\t\t\t\t\t\t\t\t\t\t<div class=\"elementor-gallery-item__content\">\n\t\t\t\t\t\t\t\t\t\t\t\t\t\t<div class=\"elementor-gallery-item__title\">\n\t\t\t\t\t\t\t\t\t\t\t\t\t\t\t\t\t\tKultureller Austausch mit Rotariern\t\t\t\t\t\t\t\t<\/div>\n\t\t\t\t\t\t\t\t\t\t\t\t<\/div>\n\t\t\t\t\t\t\t\t\t<\/a>\n\t\t\t\t\t\t\t<a class=\"e-gallery-item elementor-gallery-item elementor-animated-content\" data-e-gallery-tags=\"2\" href=\"https:\/\/eyoa.de\/wp-content\/uploads\/2025\/10\/abschlusskonzert-2023-schwetzingen.jpg\" data-elementor-open-lightbox=\"yes\" data-elementor-lightbox-slideshow=\"23161ad\" data-elementor-lightbox-title=\"Abschlusskonzert 2023 im Schwetzinger Schloss\" data-e-action-hash=\"#elementor-action%3Aaction%3Dlightbox%26settings%3DeyJpZCI6MzQ3NiwidXJsIjoiaHR0cHM6XC9cL2V5b2EuZGVcL3dwLWNvbnRlbnRcL3VwbG9hZHNcLzIwMjVcLzEwXC9hYnNjaGx1c3Nrb256ZXJ0LTIwMjMtc2Nod2V0emluZ2VuLmpwZyIsInNsaWRlc2hvdyI6IjIzMTYxYWQifQ%3D%3D\">\n\t\t\t\t\t<div class=\"e-gallery-image elementor-gallery-item__image\" data-thumbnail=\"https:\/\/eyoa.de\/wp-content\/uploads\/2025\/10\/abschlusskonzert-2023-schwetzingen.jpg\" data-width=\"2048\" data-height=\"1365\" aria-label=\"Abschlusskonzert 2023 im Schwetzinger Schloss mit Rebecca Blanz \u00a9Tanya-Khodova\" role=\"img\" ><\/div>\n\t\t\t\t\t\t\t\t\t\t\t<div class=\"elementor-gallery-item__overlay\"><\/div>\n\t\t\t\t\t\t\t\t\t\t\t\t\t\t\t<div class=\"elementor-gallery-item__content\">\n\t\t\t\t\t\t\t\t\t\t\t\t\t\t<div class=\"elementor-gallery-item__title\">\n\t\t\t\t\t\t\t\t\t\t\t\t\t\t\t\t\t\tAbschlusskonzert 2023 im Schwetzinger Schloss\t\t\t\t\t\t\t\t<\/div>\n\t\t\t\t\t\t\t\t\t\t\t\t<\/div>\n\t\t\t\t\t\t\t\t\t<\/a>\n\t\t\t\t\t\t\t<a class=\"e-gallery-item elementor-gallery-item elementor-animated-content\" data-e-gallery-tags=\"2\" href=\"https:\/\/eyoa.de\/wp-content\/uploads\/2025\/10\/eyoa-2023-abschlussbild.jpg\" data-elementor-open-lightbox=\"yes\" data-elementor-lightbox-slideshow=\"23161ad\" data-elementor-lightbox-title=\"eyoa-2023-abschlussbild\" data-e-action-hash=\"#elementor-action%3Aaction%3Dlightbox%26settings%3DeyJpZCI6MzQ3MywidXJsIjoiaHR0cHM6XC9cL2V5b2EuZGVcL3dwLWNvbnRlbnRcL3VwbG9hZHNcLzIwMjVcLzEwXC9leW9hLTIwMjMtYWJzY2hsdXNzYmlsZC5qcGciLCJzbGlkZXNob3ciOiIyMzE2MWFkIn0%3D\">\n\t\t\t\t\t<div class=\"e-gallery-image elementor-gallery-item__image\" data-thumbnail=\"https:\/\/eyoa.de\/wp-content\/uploads\/2025\/10\/eyoa-2023-abschlussbild.jpg\" data-width=\"1200\" data-height=\"800\" aria-label=\"Abschlussbild EYOA 2023 \u00a9Tanya-Khodova\" role=\"img\" ><\/div>\n\t\t\t\t\t\t\t\t\t\t\t<div class=\"elementor-gallery-item__overlay\"><\/div>\n\t\t\t\t\t\t\t\t\t\t\t\t\t\t\t<div class=\"elementor-gallery-item__content\">\n\t\t\t\t\t\t\t\t\t\t\t\t\t\t<div class=\"elementor-gallery-item__title\">\n\t\t\t\t\t\t\t\t\t\t\t\t\t\t\t\t\t\teyoa-2023-abschlussbild\t\t\t\t\t\t\t\t<\/div>\n\t\t\t\t\t\t\t\t\t\t\t\t<\/div>\n\t\t\t\t\t\t\t\t\t<\/a>\n\t\t\t\t\t\t\t<a class=\"e-gallery-item elementor-gallery-item elementor-animated-content\" data-e-gallery-tags=\"3\" href=\"https:\/\/eyoa.de\/wp-content\/uploads\/2025\/10\/eyoa-2022-seebuehne-ausschnitt-konzert.jpg\" data-elementor-open-lightbox=\"yes\" data-elementor-lightbox-slideshow=\"23161ad\" data-elementor-lightbox-title=\"Streicher\" data-e-action-hash=\"#elementor-action%3Aaction%3Dlightbox%26settings%3DeyJpZCI6MzQ5MCwidXJsIjoiaHR0cHM6XC9cL2V5b2EuZGVcL3dwLWNvbnRlbnRcL3VwbG9hZHNcLzIwMjVcLzEwXC9leW9hLTIwMjItc2VlYnVlaG5lLWF1c3NjaG5pdHQta29uemVydC5qcGciLCJzbGlkZXNob3ciOiIyMzE2MWFkIn0%3D\">\n\t\t\t\t\t<div class=\"e-gallery-image elementor-gallery-item__image\" data-thumbnail=\"https:\/\/eyoa.de\/wp-content\/uploads\/2025\/10\/eyoa-2022-seebuehne-ausschnitt-konzert.jpg\" data-width=\"1200\" data-height=\"800\" aria-label=\"EYOA Streicher:innen beim Abschlusskonzert\" role=\"img\" ><\/div>\n\t\t\t\t\t\t\t\t\t\t\t<div class=\"elementor-gallery-item__overlay\"><\/div>\n\t\t\t\t\t\t\t\t\t\t\t\t\t\t\t<div class=\"elementor-gallery-item__content\">\n\t\t\t\t\t\t\t\t\t\t\t\t\t\t<div class=\"elementor-gallery-item__title\">\n\t\t\t\t\t\t\t\t\t\t\t\t\t\t\t\t\t\tStreicher\t\t\t\t\t\t\t\t<\/div>\n\t\t\t\t\t\t\t\t\t\t\t\t<\/div>\n\t\t\t\t\t\t\t\t\t<\/a>\n\t\t\t\t\t\t\t<a class=\"e-gallery-item elementor-gallery-item elementor-animated-content\" data-e-gallery-tags=\"3\" href=\"https:\/\/eyoa.de\/wp-content\/uploads\/2025\/10\/eyoa-2022-seebuehne-elektro.jpg\" data-elementor-open-lightbox=\"yes\" data-elementor-lightbox-slideshow=\"23161ad\" data-elementor-lightbox-title=\"Cross Over mit Sprachintermezzo Beethovens 7. Synfonie\" data-e-action-hash=\"#elementor-action%3Aaction%3Dlightbox%26settings%3DeyJpZCI6MzQ5MSwidXJsIjoiaHR0cHM6XC9cL2V5b2EuZGVcL3dwLWNvbnRlbnRcL3VwbG9hZHNcLzIwMjVcLzEwXC9leW9hLTIwMjItc2VlYnVlaG5lLWVsZWt0cm8uanBnIiwic2xpZGVzaG93IjoiMjMxNjFhZCJ9\">\n\t\t\t\t\t<div class=\"e-gallery-image elementor-gallery-item__image\" data-thumbnail=\"https:\/\/eyoa.de\/wp-content\/uploads\/2025\/10\/eyoa-2022-seebuehne-elektro.jpg\" data-width=\"1200\" data-height=\"800\" aria-label=\"DJ Jimy Joel Eyrich &amp; Jonas Pentzek Cross Over mit Sprachintermezzo Beethovens 7. Synfonie\" role=\"img\" ><\/div>\n\t\t\t\t\t\t\t\t\t\t\t<div class=\"elementor-gallery-item__overlay\"><\/div>\n\t\t\t\t\t\t\t\t\t\t\t\t\t\t\t<div class=\"elementor-gallery-item__content\">\n\t\t\t\t\t\t\t\t\t\t\t\t\t\t<div class=\"elementor-gallery-item__title\">\n\t\t\t\t\t\t\t\t\t\t\t\t\t\t\t\t\t\tCross Over mit Sprachintermezzo Beethovens 7. Synfonie\t\t\t\t\t\t\t\t<\/div>\n\t\t\t\t\t\t\t\t\t\t\t\t<\/div>\n\t\t\t\t\t\t\t\t\t<\/a>\n\t\t\t\t\t\t\t<a class=\"e-gallery-item elementor-gallery-item elementor-animated-content\" data-e-gallery-tags=\"3\" href=\"https:\/\/eyoa.de\/wp-content\/uploads\/2025\/10\/eyoa-2022-seebuehne-konzert.jpg\" data-elementor-open-lightbox=\"yes\" data-elementor-lightbox-slideshow=\"23161ad\" data-elementor-lightbox-title=\"Abschlusskonzert Seeb\u00fchne, Luisenpark Mannheim\" data-e-action-hash=\"#elementor-action%3Aaction%3Dlightbox%26settings%3DeyJpZCI6MzQ5MiwidXJsIjoiaHR0cHM6XC9cL2V5b2EuZGVcL3dwLWNvbnRlbnRcL3VwbG9hZHNcLzIwMjVcLzEwXC9leW9hLTIwMjItc2VlYnVlaG5lLWtvbnplcnQuanBnIiwic2xpZGVzaG93IjoiMjMxNjFhZCJ9\">\n\t\t\t\t\t<div class=\"e-gallery-image elementor-gallery-item__image\" data-thumbnail=\"https:\/\/eyoa.de\/wp-content\/uploads\/2025\/10\/eyoa-2022-seebuehne-konzert.jpg\" data-width=\"1200\" data-height=\"800\" aria-label=\"EYOA Abschlusskonzert auf der Seeb\u00fchne im Mannheimer Luisenpark\" role=\"img\" ><\/div>\n\t\t\t\t\t\t\t\t\t\t\t<div class=\"elementor-gallery-item__overlay\"><\/div>\n\t\t\t\t\t\t\t\t\t\t\t\t\t\t\t<div class=\"elementor-gallery-item__content\">\n\t\t\t\t\t\t\t\t\t\t\t\t\t\t<div class=\"elementor-gallery-item__title\">\n\t\t\t\t\t\t\t\t\t\t\t\t\t\t\t\t\t\tAbschlusskonzert Seeb\u00fchne, Luisenpark Mannheim\t\t\t\t\t\t\t\t<\/div>\n\t\t\t\t\t\t\t\t\t\t\t\t<\/div>\n\t\t\t\t\t\t\t\t\t<\/a>\n\t\t\t\t\t\t\t<a class=\"e-gallery-item elementor-gallery-item elementor-animated-content\" data-e-gallery-tags=\"3\" href=\"https:\/\/eyoa.de\/wp-content\/uploads\/2025\/10\/eyoa-2022-solistin-seebuehne.jpg\" data-elementor-open-lightbox=\"yes\" data-elementor-lightbox-slideshow=\"23161ad\" data-elementor-lightbox-title=\"Mozart Solistin Simone Meyer\" data-e-action-hash=\"#elementor-action%3Aaction%3Dlightbox%26settings%3DeyJpZCI6MzQ5MywidXJsIjoiaHR0cHM6XC9cL2V5b2EuZGVcL3dwLWNvbnRlbnRcL3VwbG9hZHNcLzIwMjVcLzEwXC9leW9hLTIwMjItc29saXN0aW4tc2VlYnVlaG5lLmpwZyIsInNsaWRlc2hvdyI6IjIzMTYxYWQifQ%3D%3D\">\n\t\t\t\t\t<div class=\"e-gallery-image elementor-gallery-item__image\" data-thumbnail=\"https:\/\/eyoa.de\/wp-content\/uploads\/2025\/10\/eyoa-2022-solistin-seebuehne.jpg\" data-width=\"1200\" data-height=\"800\" aria-label=\"EYOA mit Solistin Simone Meyer\" role=\"img\" ><\/div>\n\t\t\t\t\t\t\t\t\t\t\t<div class=\"elementor-gallery-item__overlay\"><\/div>\n\t\t\t\t\t\t\t\t\t\t\t\t\t\t\t<div class=\"elementor-gallery-item__content\">\n\t\t\t\t\t\t\t\t\t\t\t\t\t\t<div class=\"elementor-gallery-item__title\">\n\t\t\t\t\t\t\t\t\t\t\t\t\t\t\t\t\t\tMozart Solistin Simone Meyer\t\t\t\t\t\t\t\t<\/div>\n\t\t\t\t\t\t\t\t\t\t\t\t<\/div>\n\t\t\t\t\t\t\t\t\t<\/a>\n\t\t\t\t\t\t\t<a class=\"e-gallery-item elementor-gallery-item elementor-animated-content\" data-e-gallery-tags=\"3\" href=\"https:\/\/eyoa.de\/wp-content\/uploads\/2025\/10\/eyoa-diplom-vergabe.jpg\" data-elementor-open-lightbox=\"yes\" data-elementor-lightbox-slideshow=\"23161ad\" data-elementor-lightbox-title=\"Diplomvergabe\" data-e-action-hash=\"#elementor-action%3Aaction%3Dlightbox%26settings%3DeyJpZCI6MzQ5NCwidXJsIjoiaHR0cHM6XC9cL2V5b2EuZGVcL3dwLWNvbnRlbnRcL3VwbG9hZHNcLzIwMjVcLzEwXC9leW9hLWRpcGxvbS12ZXJnYWJlLmpwZyIsInNsaWRlc2hvdyI6IjIzMTYxYWQifQ%3D%3D\">\n\t\t\t\t\t<div class=\"e-gallery-image elementor-gallery-item__image\" data-thumbnail=\"https:\/\/eyoa.de\/wp-content\/uploads\/2025\/10\/eyoa-diplom-vergabe.jpg\" data-width=\"1200\" data-height=\"800\" aria-label=\"EYOA Diplomvergabe\" role=\"img\" ><\/div>\n\t\t\t\t\t\t\t\t\t\t\t<div class=\"elementor-gallery-item__overlay\"><\/div>\n\t\t\t\t\t\t\t\t\t\t\t\t\t\t\t<div class=\"elementor-gallery-item__content\">\n\t\t\t\t\t\t\t\t\t\t\t\t\t\t<div class=\"elementor-gallery-item__title\">\n\t\t\t\t\t\t\t\t\t\t\t\t\t\t\t\t\t\tDiplomvergabe\t\t\t\t\t\t\t\t<\/div>\n\t\t\t\t\t\t\t\t\t\t\t\t<\/div>\n\t\t\t\t\t\t\t\t\t<\/a>\n\t\t\t\t\t\t\t<a class=\"e-gallery-item elementor-gallery-item elementor-animated-content\" data-e-gallery-tags=\"3\" href=\"https:\/\/eyoa.de\/wp-content\/uploads\/2025\/10\/eyoa-2022-seebuehne-joel.jpg\" data-elementor-open-lightbox=\"yes\" data-elementor-lightbox-slideshow=\"23161ad\" data-elementor-lightbox-title=\"DJ Jimy Joel Eyrich &amp; Jonas Pentzek mit Michel Maug\u00e8\" data-e-action-hash=\"#elementor-action%3Aaction%3Dlightbox%26settings%3DeyJpZCI6MzQ5OSwidXJsIjoiaHR0cHM6XC9cL2V5b2EuZGVcL3dwLWNvbnRlbnRcL3VwbG9hZHNcLzIwMjVcLzEwXC9leW9hLTIwMjItc2VlYnVlaG5lLWpvZWwuanBnIiwic2xpZGVzaG93IjoiMjMxNjFhZCJ9\">\n\t\t\t\t\t<div class=\"e-gallery-image elementor-gallery-item__image\" data-thumbnail=\"https:\/\/eyoa.de\/wp-content\/uploads\/2025\/10\/eyoa-2022-seebuehne-joel.jpg\" data-width=\"2048\" data-height=\"1366\" aria-label=\"EYOA Konzert 2022 \u2013 Cross Over mit Sprachintermezzo Beethovens 7. Synfonie neu interpretiert von DJ Jimy Joel Eyrich &amp; Jonas Pentzek Mannheim Luisenpark Seeb\u00fchne\" role=\"img\" ><\/div>\n\t\t\t\t\t\t\t\t\t\t\t<div class=\"elementor-gallery-item__overlay\"><\/div>\n\t\t\t\t\t\t\t\t\t\t\t\t\t\t\t<div class=\"elementor-gallery-item__content\">\n\t\t\t\t\t\t\t\t\t\t\t\t\t\t<div class=\"elementor-gallery-item__title\">\n\t\t\t\t\t\t\t\t\t\t\t\t\t\t\t\t\t\tDJ Jimy Joel Eyrich & Jonas Pentzek mit Michel Maug\u00e8\t\t\t\t\t\t\t\t<\/div>\n\t\t\t\t\t\t\t\t\t\t\t\t<\/div>\n\t\t\t\t\t\t\t\t\t<\/a>\n\t\t\t\t\t\t\t<a class=\"e-gallery-item elementor-gallery-item elementor-animated-content\" data-e-gallery-tags=\"3\" href=\"https:\/\/eyoa.de\/wp-content\/uploads\/2025\/10\/EYOA-2021-22.jpg\" data-elementor-open-lightbox=\"yes\" data-elementor-lightbox-slideshow=\"23161ad\" data-elementor-lightbox-title=\"EYOA Teilnehmer:innen 2022\" data-e-action-hash=\"#elementor-action%3Aaction%3Dlightbox%26settings%3DeyJpZCI6MzcxOCwidXJsIjoiaHR0cHM6XC9cL2V5b2EuZGVcL3dwLWNvbnRlbnRcL3VwbG9hZHNcLzIwMjVcLzEwXC9FWU9BLTIwMjEtMjIuanBnIiwic2xpZGVzaG93IjoiMjMxNjFhZCJ9\">\n\t\t\t\t\t<div class=\"e-gallery-image elementor-gallery-item__image\" data-thumbnail=\"https:\/\/eyoa.de\/wp-content\/uploads\/2025\/10\/EYOA-2021-22.jpg\" data-width=\"2000\" data-height=\"1333\" aria-label=\"EYOA Teilnehmer:innen 2022 Kachelbild\" role=\"img\" ><\/div>\n\t\t\t\t\t\t\t\t\t\t\t<div class=\"elementor-gallery-item__overlay\"><\/div>\n\t\t\t\t\t\t\t\t\t\t\t\t\t\t\t<div class=\"elementor-gallery-item__content\">\n\t\t\t\t\t\t\t\t\t\t\t\t\t\t<div class=\"elementor-gallery-item__title\">\n\t\t\t\t\t\t\t\t\t\t\t\t\t\t\t\t\t\tEYOA Teilnehmer:innen 2022\t\t\t\t\t\t\t\t<\/div>\n\t\t\t\t\t\t\t\t\t\t\t\t<\/div>\n\t\t\t\t\t\t\t\t\t<\/a>\n\t\t\t\t\t\t\t<a class=\"e-gallery-item elementor-gallery-item elementor-animated-content\" data-e-gallery-tags=\"4\" href=\"https:\/\/eyoa.de\/wp-content\/uploads\/2025\/10\/eyoa-2021-5.jpg\" data-elementor-open-lightbox=\"yes\" data-elementor-lightbox-slideshow=\"23161ad\" data-elementor-lightbox-title=\"EYOA Studio in der Pandemie\" data-e-action-hash=\"#elementor-action%3Aaction%3Dlightbox%26settings%3DeyJpZCI6MzcyMiwidXJsIjoiaHR0cHM6XC9cL2V5b2EuZGVcL3dwLWNvbnRlbnRcL3VwbG9hZHNcLzIwMjVcLzEwXC9leW9hLTIwMjEtNS5qcGciLCJzbGlkZXNob3ciOiIyMzE2MWFkIn0%3D\">\n\t\t\t\t\t<div class=\"e-gallery-image elementor-gallery-item__image\" data-thumbnail=\"https:\/\/eyoa.de\/wp-content\/uploads\/2025\/10\/eyoa-2021-5.jpg\" data-width=\"803\" data-height=\"530\" aria-label=\"EYOA Greenscrenn Studio w\u00e4hrend der Pandemie\" role=\"img\" ><\/div>\n\t\t\t\t\t\t\t\t\t\t\t<div class=\"elementor-gallery-item__overlay\"><\/div>\n\t\t\t\t\t\t\t\t\t\t\t\t\t\t\t<div class=\"elementor-gallery-item__content\">\n\t\t\t\t\t\t\t\t\t\t\t\t\t\t<div class=\"elementor-gallery-item__title\">\n\t\t\t\t\t\t\t\t\t\t\t\t\t\t\t\t\t\tEYOA Studio in der Pandemie\t\t\t\t\t\t\t\t<\/div>\n\t\t\t\t\t\t\t\t\t\t\t\t<\/div>\n\t\t\t\t\t\t\t\t\t<\/a>\n\t\t\t\t\t\t\t<a class=\"e-gallery-item elementor-gallery-item elementor-animated-content\" data-e-gallery-tags=\"4\" href=\"https:\/\/eyoa.de\/wp-content\/uploads\/2025\/10\/eyoa-2021-7.jpg\" data-elementor-open-lightbox=\"yes\" data-elementor-lightbox-slideshow=\"23161ad\" data-elementor-lightbox-title=\"Digitale Registerproben\" data-e-action-hash=\"#elementor-action%3Aaction%3Dlightbox%26settings%3DeyJpZCI6MzcyNCwidXJsIjoiaHR0cHM6XC9cL2V5b2EuZGVcL3dwLWNvbnRlbnRcL3VwbG9hZHNcLzIwMjVcLzEwXC9leW9hLTIwMjEtNy5qcGciLCJzbGlkZXNob3ciOiIyMzE2MWFkIn0%3D\">\n\t\t\t\t\t<div class=\"e-gallery-image elementor-gallery-item__image\" data-thumbnail=\"https:\/\/eyoa.de\/wp-content\/uploads\/2025\/10\/eyoa-2021-7.jpg\" data-width=\"803\" data-height=\"530\" aria-label=\"Achim Ringle als Registerleiter w\u00e4hrend der Proben zur digitalen EYOA\" role=\"img\" ><\/div>\n\t\t\t\t\t\t\t\t\t\t\t<div class=\"elementor-gallery-item__overlay\"><\/div>\n\t\t\t\t\t\t\t\t\t\t\t\t\t\t\t<div class=\"elementor-gallery-item__content\">\n\t\t\t\t\t\t\t\t\t\t\t\t\t\t<div class=\"elementor-gallery-item__title\">\n\t\t\t\t\t\t\t\t\t\t\t\t\t\t\t\t\t\tDigitale Registerproben\t\t\t\t\t\t\t\t<\/div>\n\t\t\t\t\t\t\t\t\t\t\t\t<\/div>\n\t\t\t\t\t\t\t\t\t<\/a>\n\t\t\t\t\t\t\t<a class=\"e-gallery-item elementor-gallery-item elementor-animated-content\" data-e-gallery-tags=\"4\" href=\"https:\/\/eyoa.de\/wp-content\/uploads\/2025\/10\/eyoa-2021-2.jpg\" data-elementor-open-lightbox=\"yes\" data-elementor-lightbox-slideshow=\"23161ad\" data-elementor-lightbox-title=\"Registerproben digital\" data-e-action-hash=\"#elementor-action%3Aaction%3Dlightbox%26settings%3DeyJpZCI6MzcxOSwidXJsIjoiaHR0cHM6XC9cL2V5b2EuZGVcL3dwLWNvbnRlbnRcL3VwbG9hZHNcLzIwMjVcLzEwXC9leW9hLTIwMjEtMi5qcGciLCJzbGlkZXNob3ciOiIyMzE2MWFkIn0%3D\">\n\t\t\t\t\t<div class=\"e-gallery-image elementor-gallery-item__image\" data-thumbnail=\"https:\/\/eyoa.de\/wp-content\/uploads\/2025\/10\/eyoa-2021-2.jpg\" data-width=\"803\" data-height=\"530\" aria-label=\"Bildschirmscreen von EYOA Registerproben der Streicher w\u00e4hrend der Pandemie\" role=\"img\" ><\/div>\n\t\t\t\t\t\t\t\t\t\t\t<div class=\"elementor-gallery-item__overlay\"><\/div>\n\t\t\t\t\t\t\t\t\t\t\t\t\t\t\t<div class=\"elementor-gallery-item__content\">\n\t\t\t\t\t\t\t\t\t\t\t\t\t\t<div class=\"elementor-gallery-item__title\">\n\t\t\t\t\t\t\t\t\t\t\t\t\t\t\t\t\t\tRegisterproben digital\t\t\t\t\t\t\t\t<\/div>\n\t\t\t\t\t\t\t\t\t\t\t\t<\/div>\n\t\t\t\t\t\t\t\t\t<\/a>\n\t\t\t\t\t\t\t<a class=\"e-gallery-item elementor-gallery-item elementor-animated-content\" data-e-gallery-tags=\"4\" href=\"https:\/\/eyoa.de\/wp-content\/uploads\/2025\/10\/eyoa-2021-3.jpg\" data-elementor-open-lightbox=\"yes\" data-elementor-lightbox-slideshow=\"23161ad\" data-elementor-lightbox-title=\"EYOA w\u00e4hrend der Pandemie\" data-e-action-hash=\"#elementor-action%3Aaction%3Dlightbox%26settings%3DeyJpZCI6MzcyMCwidXJsIjoiaHR0cHM6XC9cL2V5b2EuZGVcL3dwLWNvbnRlbnRcL3VwbG9hZHNcLzIwMjVcLzEwXC9leW9hLTIwMjEtMy5qcGciLCJzbGlkZXNob3ciOiIyMzE2MWFkIn0%3D\">\n\t\t\t\t\t<div class=\"e-gallery-image elementor-gallery-item__image\" data-thumbnail=\"https:\/\/eyoa.de\/wp-content\/uploads\/2025\/10\/eyoa-2021-3.jpg\" data-width=\"803\" data-height=\"530\" aria-label=\"EYOA Studio 2021 w\u00e4hrend der Pandemie\" role=\"img\" ><\/div>\n\t\t\t\t\t\t\t\t\t\t\t<div class=\"elementor-gallery-item__overlay\"><\/div>\n\t\t\t\t\t\t\t\t\t\t\t\t\t\t\t<div class=\"elementor-gallery-item__content\">\n\t\t\t\t\t\t\t\t\t\t\t\t\t\t<div class=\"elementor-gallery-item__title\">\n\t\t\t\t\t\t\t\t\t\t\t\t\t\t\t\t\t\tEYOA w\u00e4hrend der Pandemie\t\t\t\t\t\t\t\t<\/div>\n\t\t\t\t\t\t\t\t\t\t\t\t<\/div>\n\t\t\t\t\t\t\t\t\t<\/a>\n\t\t\t\t\t\t\t<a class=\"e-gallery-item elementor-gallery-item elementor-animated-content\" data-e-gallery-tags=\"4\" href=\"https:\/\/eyoa.de\/wp-content\/uploads\/2025\/10\/eyoa-2021-6.jpg\" data-elementor-open-lightbox=\"yes\" data-elementor-lightbox-slideshow=\"23161ad\" data-elementor-lightbox-title=\"Making of EYOA digital\" data-e-action-hash=\"#elementor-action%3Aaction%3Dlightbox%26settings%3DeyJpZCI6MzcyMywidXJsIjoiaHR0cHM6XC9cL2V5b2EuZGVcL3dwLWNvbnRlbnRcL3VwbG9hZHNcLzIwMjVcLzEwXC9leW9hLTIwMjEtNi5qcGciLCJzbGlkZXNob3ciOiIyMzE2MWFkIn0%3D\">\n\t\t\t\t\t<div class=\"e-gallery-image elementor-gallery-item__image\" data-thumbnail=\"https:\/\/eyoa.de\/wp-content\/uploads\/2025\/10\/eyoa-2021-6.jpg\" data-width=\"803\" data-height=\"530\" aria-label=\"Making of EYOA 2021 digital\" role=\"img\" ><\/div>\n\t\t\t\t\t\t\t\t\t\t\t<div class=\"elementor-gallery-item__overlay\"><\/div>\n\t\t\t\t\t\t\t\t\t\t\t\t\t\t\t<div class=\"elementor-gallery-item__content\">\n\t\t\t\t\t\t\t\t\t\t\t\t\t\t<div class=\"elementor-gallery-item__title\">\n\t\t\t\t\t\t\t\t\t\t\t\t\t\t\t\t\t\tMaking of EYOA digital\t\t\t\t\t\t\t\t<\/div>\n\t\t\t\t\t\t\t\t\t\t\t\t<\/div>\n\t\t\t\t\t\t\t\t\t<\/a>\n\t\t\t\t\t\t\t<a class=\"e-gallery-item elementor-gallery-item elementor-animated-content\" data-e-gallery-tags=\"4\" href=\"https:\/\/eyoa.de\/wp-content\/uploads\/2025\/10\/eyoa-2021-9.jpg\" data-elementor-open-lightbox=\"yes\" data-elementor-lightbox-slideshow=\"23161ad\" data-elementor-lightbox-title=\"Technisches Fingerspitzengef\u00fchl\" data-e-action-hash=\"#elementor-action%3Aaction%3Dlightbox%26settings%3DeyJpZCI6MzcyNiwidXJsIjoiaHR0cHM6XC9cL2V5b2EuZGVcL3dwLWNvbnRlbnRcL3VwbG9hZHNcLzIwMjVcLzEwXC9leW9hLTIwMjEtOS5qcGciLCJzbGlkZXNob3ciOiIyMzE2MWFkIn0%3D\">\n\t\t\t\t\t<div class=\"e-gallery-image elementor-gallery-item__image\" data-thumbnail=\"https:\/\/eyoa.de\/wp-content\/uploads\/2025\/10\/eyoa-2021-9.jpg\" data-width=\"803\" data-height=\"530\" aria-label=\"EYOA 2021 \u00dcbertragungsstudio\" role=\"img\" ><\/div>\n\t\t\t\t\t\t\t\t\t\t\t<div class=\"elementor-gallery-item__overlay\"><\/div>\n\t\t\t\t\t\t\t\t\t\t\t\t\t\t\t<div class=\"elementor-gallery-item__content\">\n\t\t\t\t\t\t\t\t\t\t\t\t\t\t<div class=\"elementor-gallery-item__title\">\n\t\t\t\t\t\t\t\t\t\t\t\t\t\t\t\t\t\tTechnisches Fingerspitzengef\u00fchl\t\t\t\t\t\t\t\t<\/div>\n\t\t\t\t\t\t\t\t\t\t\t\t<\/div>\n\t\t\t\t\t\t\t\t\t<\/a>\n\t\t\t\t\t\t\t<a class=\"e-gallery-item elementor-gallery-item elementor-animated-content\" data-e-gallery-tags=\"4\" href=\"https:\/\/eyoa.de\/wp-content\/uploads\/2025\/10\/eyoa-2021-4.jpg\" data-elementor-open-lightbox=\"yes\" data-elementor-lightbox-slideshow=\"23161ad\" data-elementor-lightbox-title=\"Jan Paul Reinke\" data-e-action-hash=\"#elementor-action%3Aaction%3Dlightbox%26settings%3DeyJpZCI6MzcyMSwidXJsIjoiaHR0cHM6XC9cL2V5b2EuZGVcL3dwLWNvbnRlbnRcL3VwbG9hZHNcLzIwMjVcLzEwXC9leW9hLTIwMjEtNC5qcGciLCJzbGlkZXNob3ciOiIyMzE2MWFkIn0%3D\">\n\t\t\t\t\t<div class=\"e-gallery-image elementor-gallery-item__image\" data-thumbnail=\"https:\/\/eyoa.de\/wp-content\/uploads\/2025\/10\/eyoa-2021-4.jpg\" data-width=\"803\" data-height=\"530\" aria-label=\"Jan Paul Reinke moderiert und dirigiert die EYOA 2021 digital\" role=\"img\" ><\/div>\n\t\t\t\t\t\t\t\t\t\t\t<div class=\"elementor-gallery-item__overlay\"><\/div>\n\t\t\t\t\t\t\t\t\t\t\t\t\t\t\t<div class=\"elementor-gallery-item__content\">\n\t\t\t\t\t\t\t\t\t\t\t\t\t\t<div class=\"elementor-gallery-item__title\">\n\t\t\t\t\t\t\t\t\t\t\t\t\t\t\t\t\t\tJan Paul Reinke\t\t\t\t\t\t\t\t<\/div>\n\t\t\t\t\t\t\t\t\t\t\t\t<\/div>\n\t\t\t\t\t\t\t\t\t<\/a>\n\t\t\t\t\t\t\t<a class=\"e-gallery-item elementor-gallery-item elementor-animated-content\" data-e-gallery-tags=\"4\" href=\"https:\/\/eyoa.de\/wp-content\/uploads\/2025\/10\/eyoa-2021-8.jpg\" data-elementor-open-lightbox=\"yes\" data-elementor-lightbox-slideshow=\"23161ad\" data-elementor-lightbox-title=\"&quot;Moderator&quot; und Dirigent\" data-e-action-hash=\"#elementor-action%3Aaction%3Dlightbox%26settings%3DeyJpZCI6MzcyNSwidXJsIjoiaHR0cHM6XC9cL2V5b2EuZGVcL3dwLWNvbnRlbnRcL3VwbG9hZHNcLzIwMjVcLzEwXC9leW9hLTIwMjEtOC5qcGciLCJzbGlkZXNob3ciOiIyMzE2MWFkIn0%3D\">\n\t\t\t\t\t<div class=\"e-gallery-image elementor-gallery-item__image\" data-thumbnail=\"https:\/\/eyoa.de\/wp-content\/uploads\/2025\/10\/eyoa-2021-8.jpg\" data-width=\"803\" data-height=\"530\" aria-label=\"Jan Paul Reinke moderiert und dirigiert die EYOA 2021 digital\" role=\"img\" ><\/div>\n\t\t\t\t\t\t\t\t\t\t\t<div class=\"elementor-gallery-item__overlay\"><\/div>\n\t\t\t\t\t\t\t\t\t\t\t\t\t\t\t<div class=\"elementor-gallery-item__content\">\n\t\t\t\t\t\t\t\t\t\t\t\t\t\t<div class=\"elementor-gallery-item__title\">\n\t\t\t\t\t\t\t\t\t\t\t\t\t\t\t\t\t\t\"Moderator\" und Dirigent\t\t\t\t\t\t\t\t<\/div>\n\t\t\t\t\t\t\t\t\t\t\t\t<\/div>\n\t\t\t\t\t\t\t\t\t<\/a>\n\t\t\t\t\t\t\t<a class=\"e-gallery-item elementor-gallery-item elementor-animated-content\" data-e-gallery-tags=\"4\" href=\"https:\/\/eyoa.de\/wp-content\/uploads\/2025\/10\/eyoa-2021-finals.jpg\" data-elementor-open-lightbox=\"yes\" data-elementor-lightbox-slideshow=\"23161ad\" data-elementor-lightbox-title=\"Abschlusskonzert 2021 aus europ\u00e4ischen Wohnzimmern\" data-e-action-hash=\"#elementor-action%3Aaction%3Dlightbox%26settings%3DeyJpZCI6MzUwMywidXJsIjoiaHR0cHM6XC9cL2V5b2EuZGVcL3dwLWNvbnRlbnRcL3VwbG9hZHNcLzIwMjVcLzEwXC9leW9hLTIwMjEtZmluYWxzLmpwZyIsInNsaWRlc2hvdyI6IjIzMTYxYWQifQ%3D%3D\">\n\t\t\t\t\t<div class=\"e-gallery-image elementor-gallery-item__image\" data-thumbnail=\"https:\/\/eyoa.de\/wp-content\/uploads\/2025\/10\/eyoa-2021-finals.jpg\" data-width=\"589\" data-height=\"480\" aria-label=\"Abschlusskonzert 2021 aus europ\u00e4ischen Wohnzimmern\" role=\"img\" ><\/div>\n\t\t\t\t\t\t\t\t\t\t\t<div class=\"elementor-gallery-item__overlay\"><\/div>\n\t\t\t\t\t\t\t\t\t\t\t\t\t\t\t<div class=\"elementor-gallery-item__content\">\n\t\t\t\t\t\t\t\t\t\t\t\t\t\t<div class=\"elementor-gallery-item__title\">\n\t\t\t\t\t\t\t\t\t\t\t\t\t\t\t\t\t\tAbschlusskonzert 2021 aus europ\u00e4ischen Wohnzimmern\t\t\t\t\t\t\t\t<\/div>\n\t\t\t\t\t\t\t\t\t\t\t\t<\/div>\n\t\t\t\t\t\t\t\t\t<\/a>\n\t\t\t\t\t\t\t<a class=\"e-gallery-item elementor-gallery-item elementor-animated-content\" data-e-gallery-tags=\"5\" href=\"https:\/\/eyoa.de\/wp-content\/uploads\/2025\/10\/eyoa-2019.jpg\" data-elementor-open-lightbox=\"yes\" data-elementor-lightbox-slideshow=\"23161ad\" data-elementor-lightbox-title=\"Abschlusskonzert 2019 im Mannheimer Schloss\" data-e-action-hash=\"#elementor-action%3Aaction%3Dlightbox%26settings%3DeyJpZCI6MzczMCwidXJsIjoiaHR0cHM6XC9cL2V5b2EuZGVcL3dwLWNvbnRlbnRcL3VwbG9hZHNcLzIwMjVcLzEwXC9leW9hLTIwMTkuanBnIiwic2xpZGVzaG93IjoiMjMxNjFhZCJ9\">\n\t\t\t\t\t<div class=\"e-gallery-image elementor-gallery-item__image\" data-thumbnail=\"https:\/\/eyoa.de\/wp-content\/uploads\/2025\/10\/eyoa-2019.jpg\" data-width=\"589\" data-height=\"480\" aria-label=\"EYOA 2019 Gruppe von Jugendorchester\" role=\"img\" ><\/div>\n\t\t\t\t\t\t\t\t\t\t\t<div class=\"elementor-gallery-item__overlay\"><\/div>\n\t\t\t\t\t\t\t\t\t\t\t\t\t\t\t<div class=\"elementor-gallery-item__content\">\n\t\t\t\t\t\t\t\t\t\t\t\t\t\t<div class=\"elementor-gallery-item__title\">\n\t\t\t\t\t\t\t\t\t\t\t\t\t\t\t\t\t\tAbschlusskonzert 2019 im Mannheimer Schloss\t\t\t\t\t\t\t\t<\/div>\n\t\t\t\t\t\t\t\t\t\t\t\t<\/div>\n\t\t\t\t\t\t\t\t\t<\/a>\n\t\t\t\t\t<\/div>\n\t\t\t\t\t<\/div>\n\t\t\t\t<\/div>\n\t\t<div class=\"elementor-element elementor-element-759fa36 e-con-full anchor-offset e-flex e-con e-parent\" data-id=\"759fa36\" data-element_type=\"container\" data-e-type=\"container\" id=\"dirigent\">\n\t\t\t\t<\/div>\n\t\t<div class=\"elementor-element elementor-element-aabc448 e-con-full e-flex e-con e-parent\" data-id=\"aabc448\" data-element_type=\"container\" data-e-type=\"container\">\n\t\t\t\t<div class=\"elementor-element elementor-element-ef70a89 elementor-widget-divider--view-line elementor-widget elementor-widget-divider\" data-id=\"ef70a89\" data-element_type=\"widget\" data-e-type=\"widget\" data-widget_type=\"divider.default\">\n\t\t\t\t\t\t\t<div class=\"elementor-divider\">\n\t\t\t<span class=\"elementor-divider-separator\">\n\t\t\t\t\t\t<\/span>\n\t\t<\/div>\n\t\t\t\t\t\t<\/div>\n\t\t\t\t<div class=\"elementor-element elementor-element-03960a9 elementor-widget elementor-widget-heading\" data-id=\"03960a9\" data-element_type=\"widget\" data-e-type=\"widget\" data-widget_type=\"heading.default\">\n\t\t\t\t\t<h2 class=\"elementor-heading-title elementor-size-default\">Jan Paul Reinke \u2013 K\u00fcnstlerischer Leiter &amp; Dirigent EYOA<\/h2>\t\t\t\t<\/div>\n\t\t\t\t<div class=\"elementor-element elementor-element-7727480 elementor-blockquote--skin-quotation elementor-widget elementor-widget-blockquote\" data-id=\"7727480\" data-element_type=\"widget\" data-e-type=\"widget\" data-widget_type=\"blockquote.default\">\n\t\t\t\t\t\t\t<blockquote class=\"elementor-blockquote\">\n\t\t\t<p class=\"elementor-blockquote__content\">\n\t\t\t\tIch bin einfach davon u\u0308berzeugt, dass man in seinem Umfeld anfangen muss, Dinge zu ver\u00e4ndern.\nMusik ist ein Medium, das keiner Worte bedarf und mit dem man beginnen kann, Ideale zu vermitteln und vielleicht sogar ein Stu\u0308ck weit zu verwirklichen.\t\t\t<\/p>\n\t\t\t\t\t\t\t<div class=\"e-q-footer\">\n\t\t\t\t\t\t\t\t\t\t\t<cite class=\"elementor-blockquote__author\">Jan Paul Reinke, K\u00fcnstlerischer Leiter &amp; Dirigent EYOA<\/cite>\n\t\t\t\t\t\t\t\t\t\t\t\t\t\t<\/div>\n\t\t\t\t\t<\/blockquote>\n\t\t\t\t\t\t<\/div>\n\t\t\t\t<div class=\"elementor-element elementor-element-5ae5f70 elementor-widget-divider--view-line elementor-widget elementor-widget-divider\" data-id=\"5ae5f70\" data-element_type=\"widget\" data-e-type=\"widget\" data-widget_type=\"divider.default\">\n\t\t\t\t\t\t\t<div class=\"elementor-divider\">\n\t\t\t<span class=\"elementor-divider-separator\">\n\t\t\t\t\t\t<\/span>\n\t\t<\/div>\n\t\t\t\t\t\t<\/div>\n\t\t\t\t<\/div>\n\t\t<div class=\"elementor-element elementor-element-7b63a2d e-con-full e-flex e-con e-parent\" data-id=\"7b63a2d\" data-element_type=\"container\" data-e-type=\"container\">\n\t\t<div class=\"elementor-element elementor-element-20d5f3d e-con-full e-flex e-con e-child\" data-id=\"20d5f3d\" data-element_type=\"container\" data-e-type=\"container\">\n\t\t\t\t<div class=\"elementor-element elementor-element-c55160a elementor-widget elementor-widget-text-editor\" data-id=\"c55160a\" data-element_type=\"widget\" data-e-type=\"widget\" data-widget_type=\"text-editor.default\">\n\t\t\t\t\t\t\t\t\t<p class=\"cvGsUA direction-ltr align-justify para-style-body\">Jan Paul Reinke ist Leiter des Stamitz Orchesters und des St\u00e4dtischen Jugendorchesters in Mannheim. Mit seiner gro\u00dfen p\u00e4dagogischen Erfahrung wei\u00df Reinke in wenigen Tagen die Teilnehmer:innen unserer Akademie zu einem bemerkenswerten Klangk\u00f6rper zu vereinen. Dabei geht es ihm nicht allein um technische Brillanz. <br \/>Wir suchen f\u00fcr <strong>Young European Music Festival<\/strong> junge Menschen, die Freude am gemeinsamen Musizieren haben, die im Orchester als Kollektiv wachsen m\u00f6chten und Europa als lebendiges Projekt begreifen. <br \/>Du musst kein \u201eWunderkind\u201c sein, sondern offen, neugierig und bereit, dich mit Fragen unserer gemeinsamen Zukunft auseinanderzusetzen.<\/p>\t\t\t\t\t\t\t\t<\/div>\n\t\t\t\t<div class=\"elementor-element elementor-element-4232202 e-grid-align-left elementor-shape-rounded elementor-grid-0 elementor-widget elementor-widget-social-icons\" data-id=\"4232202\" data-element_type=\"widget\" data-e-type=\"widget\" data-widget_type=\"social-icons.default\">\n\t\t\t\t\t\t\t<div class=\"elementor-social-icons-wrapper elementor-grid\" role=\"list\">\n\t\t\t\t\t\t\t<span class=\"elementor-grid-item\" role=\"listitem\">\n\t\t\t\t\t<a class=\"elementor-icon elementor-social-icon elementor-social-icon-user-circle elementor-repeater-item-0f693f2\" href=\"https:\/\/www.jsom.de\/dirigent\/\" target=\"_blank\">\n\t\t\t\t\t\t<span class=\"elementor-screen-only\">User-circle<\/span>\n\t\t\t\t\t\t<svg aria-hidden=\"true\" class=\"e-font-icon-svg e-fas-user-circle\" viewBox=\"0 0 496 512\" xmlns=\"http:\/\/www.w3.org\/2000\/svg\"><path d=\"M248 8C111 8 0 119 0 256s111 248 248 248 248-111 248-248S385 8 248 8zm0 96c48.6 0 88 39.4 88 88s-39.4 88-88 88-88-39.4-88-88 39.4-88 88-88zm0 344c-58.7 0-111.3-26.6-146.5-68.2 18.8-35.4 55.6-59.8 98.5-59.8 2.4 0 4.8.4 7.1 1.1 13 4.2 26.6 6.9 40.9 6.9 14.3 0 28-2.7 40.9-6.9 2.3-.7 4.7-1.1 7.1-1.1 42.9 0 79.7 24.4 98.5 59.8C359.3 421.4 306.7 448 248 448z\"><\/path><\/svg>\t\t\t\t\t<\/a>\n\t\t\t\t<\/span>\n\t\t\t\t\t\t\t<span class=\"elementor-grid-item\" role=\"listitem\">\n\t\t\t\t\t<a class=\"elementor-icon elementor-social-icon elementor-social-icon-facebook elementor-repeater-item-9268e0d\" href=\"https:\/\/www.facebook.com\/paul.reinke.33\" target=\"_blank\">\n\t\t\t\t\t\t<span class=\"elementor-screen-only\">Facebook<\/span>\n\t\t\t\t\t\t<svg aria-hidden=\"true\" class=\"e-font-icon-svg e-fab-facebook\" viewBox=\"0 0 512 512\" xmlns=\"http:\/\/www.w3.org\/2000\/svg\"><path d=\"M504 256C504 119 393 8 256 8S8 119 8 256c0 123.78 90.69 226.38 209.25 245V327.69h-63V256h63v-54.64c0-62.15 37-96.48 93.67-96.48 27.14 0 55.52 4.84 55.52 4.84v61h-31.28c-30.8 0-40.41 19.12-40.41 38.73V256h68.78l-11 71.69h-57.78V501C413.31 482.38 504 379.78 504 256z\"><\/path><\/svg>\t\t\t\t\t<\/a>\n\t\t\t\t<\/span>\n\t\t\t\t\t<\/div>\n\t\t\t\t\t\t<\/div>\n\t\t\t\t<\/div>\n\t\t<div class=\"elementor-element elementor-element-305c637 e-con-full e-flex e-con e-child\" data-id=\"305c637\" data-element_type=\"container\" data-e-type=\"container\">\n\t\t\t\t<div class=\"elementor-element elementor-element-ba698d1 elementor-widget elementor-widget-video\" data-id=\"ba698d1\" data-element_type=\"widget\" data-e-type=\"widget\" data-settings=\"{&quot;video_type&quot;:&quot;hosted&quot;,&quot;show_image_overlay&quot;:&quot;yes&quot;,&quot;image_overlay&quot;:{&quot;url&quot;:&quot;https:\\\/\\\/eyoa.de\\\/wp-content\\\/uploads\\\/2025\\\/09\\\/reinke-interview-2024-titelbild-q.jpg&quot;,&quot;id&quot;:1045,&quot;size&quot;:&quot;&quot;,&quot;alt&quot;:&quot;Jan Paul Reinke. Fotocredits: MM Manfred Rinderspacher&quot;,&quot;source&quot;:&quot;library&quot;},&quot;controls&quot;:&quot;yes&quot;}\" data-widget_type=\"video.default\">\n\t\t\t\t\t\t\t<div class=\"e-hosted-video elementor-wrapper elementor-open-inline\">\n\t\t\t\t\t<video class=\"elementor-video\" src=\"https:\/\/eyoa.de\/wp-content\/uploads\/2025\/09\/Interview-Reinke.mp4\" controls=\"\" preload=\"metadata\" controlsList=\"nodownload\" poster=\"https:\/\/eyoa.de\/wp-content\/uploads\/2025\/10\/jan-paul-reinke-mm-4-3.jpg\"><\/video>\n\t\t\t\t\t\t<div class=\"elementor-custom-embed-image-overlay\" style=\"background-image: url();\">\n\t\t\t\t\t\t\t\t\t\t\t\t\t\t\t\t<div class=\"elementor-custom-embed-play\" role=\"button\" aria-label=\"Video abspielen \u00fcber Jan Paul Reinke. Fotocredits: MM Manfred Rinderspacher\" tabindex=\"0\">\n\t\t\t\t\t\t\t<svg aria-hidden=\"true\" class=\"e-font-icon-svg e-eicon-play\" viewBox=\"0 0 1000 1000\" xmlns=\"http:\/\/www.w3.org\/2000\/svg\"><path d=\"M838 162C746 71 633 25 500 25 371 25 258 71 163 162 71 254 25 367 25 500 25 633 71 746 163 837 254 929 367 979 500 979 633 979 746 933 838 837 929 746 975 633 975 500 975 367 929 254 838 162M808 192C892 279 933 379 933 500 933 621 892 725 808 808 725 892 621 938 500 938 379 938 279 896 196 808 113 725 67 621 67 500 67 379 108 279 196 192 279 108 383 62 500 62 621 62 721 108 808 192M438 392V642L642 517 438 392Z\"><\/path><\/svg>\t\t\t\t\t\t<\/div>\n\t\t\t\t\t\t\t\t\t<\/div>\n\t\t\t\t\t<\/div>\n\t\t\t\t\t\t<\/div>\n\t\t\t\t<\/div>\n\t\t\t\t<\/div>\n\t\t<div class=\"elementor-element elementor-element-996e331 e-con-full anchor-offset e-flex e-con e-parent\" data-id=\"996e331\" data-element_type=\"container\" data-e-type=\"container\" id=\"bewerbungen\">\n\t\t\t\t<\/div>\n\t\t<div class=\"elementor-element elementor-element-49e7f27 e-con-full elementor-hidden-desktop elementor-hidden-tablet elementor-hidden-mobile e-flex e-con e-parent\" data-id=\"49e7f27\" data-element_type=\"container\" data-e-type=\"container\">\n\t\t\t\t<div class=\"elementor-element elementor-element-5618080 elementor-widget-divider--view-line elementor-widget elementor-widget-divider\" data-id=\"5618080\" data-element_type=\"widget\" data-e-type=\"widget\" data-widget_type=\"divider.default\">\n\t\t\t\t\t\t\t<div class=\"elementor-divider\">\n\t\t\t<span class=\"elementor-divider-separator\">\n\t\t\t\t\t\t<\/span>\n\t\t<\/div>\n\t\t\t\t\t\t<\/div>\n\t\t\t\t<div class=\"elementor-element elementor-element-0dd4ad3 elementor-widget elementor-widget-heading\" data-id=\"0dd4ad3\" data-element_type=\"widget\" data-e-type=\"widget\" data-widget_type=\"heading.default\">\n\t\t\t\t\t<h2 class=\"elementor-heading-title elementor-size-default\">Bewirb dich f\u00fcr die European Youth Orchestra Academy 2026<\/h2>\t\t\t\t<\/div>\n\t\t\t\t<div class=\"elementor-element elementor-element-f886ce8 elementor-widget elementor-widget-text-editor\" data-id=\"f886ce8\" data-element_type=\"widget\" data-e-type=\"widget\" data-widget_type=\"text-editor.default\">\n\t\t\t\t\t\t\t\t\t<p><strong>Zeig uns dein Talent \u2013 und werde Teil von EYOA 2026!<br \/><\/strong><br \/><strong>Du bist zwischen 14 und 18 Jahren?<\/strong> <span style=\"color: #ff6600;\">Dann kannst du dich jetzt noch f\u00fcr unsere <strong>Young European <\/strong><strong data-start=\"596\" data-end=\"614\">Jazz Big Band <\/strong>bewerben.<\/span><\/p><p><span style=\"color: #ff6600;\">EYOA-Alumni k\u00f6nnen sich altersunabh\u00e4ngig f\u00fcr unser <strong data-start=\"596\" data-end=\"614\">Young European Streichquartett <\/strong>oder das <strong data-start=\"596\" data-end=\"614\">Young European Bl\u00e4serquintett <\/strong>bewerben.<\/span><br \/>F\u00fcr unser <strong>Young European Sinfonieorchester<\/strong> sind bereits alle Pl\u00e4tze f\u00fcr 2026 vergeben.<br \/><strong><br \/>F\u00fcr deine Bewerbung brauchst du:<br \/><\/strong># ein kurzes Bewerbungsvideo<br \/># eine Einverst\u00e4ndniserkl\u00e4rung deiner Eltern (&lt; 18-Jahren)<br \/># eine Best\u00e4tigung deiner Lehrkraft<br \/>Alle weiteren Infos, Bewerbungsformulare*, Noten und Upload-M\u00f6glichkeiten findest unter den einzelnen Bewerbungspunkten. <br \/>*Bitte achte darauf, das richtige Formular f\u00fcr das Ensemble deiner Wahl zu nutzen<\/p>\t\t\t\t\t\t\t\t<\/div>\n\t\t\t\t<\/div>\n\t\t<div class=\"elementor-element elementor-element-16ca9ac e-con-full e-flex e-con e-parent\" data-id=\"16ca9ac\" data-element_type=\"container\" data-e-type=\"container\">\n\t\t\t\t<div class=\"elementor-element elementor-element-40d0d36 elementor-widget-divider--view-line elementor-widget elementor-widget-divider\" data-id=\"40d0d36\" data-element_type=\"widget\" data-e-type=\"widget\" data-widget_type=\"divider.default\">\n\t\t\t\t\t\t\t<div class=\"elementor-divider\">\n\t\t\t<span class=\"elementor-divider-separator\">\n\t\t\t\t\t\t<\/span>\n\t\t<\/div>\n\t\t\t\t\t\t<\/div>\n\t\t\t\t<\/div>\n\t\t<div class=\"elementor-element elementor-element-10340580 e-con-full e-flex e-con e-parent\" data-id=\"10340580\" data-element_type=\"container\" data-e-type=\"container\">\n\t\t<div class=\"elementor-element elementor-element-5d821497 e-con-full e-flex e-con e-child\" data-id=\"5d821497\" data-element_type=\"container\" data-e-type=\"container\" data-settings=\"{&quot;background_background&quot;:&quot;classic&quot;}\">\n\t\t\t\t<div class=\"elementor-element elementor-element-e998b24 elementor-widget elementor-widget-button\" data-id=\"e998b24\" data-element_type=\"widget\" data-e-type=\"widget\" data-widget_type=\"button.default\">\n\t\t\t\t\t\t\t\t\t\t<a class=\"elementor-button elementor-button-link elementor-size-sm\" href=\"https:\/\/eyoa.de\/konzerte\/sinfoniekonzert\/\">\n\t\t\t\t\t\t<span class=\"elementor-button-content-wrapper\">\n\t\t\t\t\t\t\t\t\t<span class=\"elementor-button-text\">Sinfonieorchester<\/span>\n\t\t\t\t\t<\/span>\n\t\t\t\t\t<\/a>\n\t\t\t\t\t\t\t\t<\/div>\n\t\t\t\t<\/div>\n\t\t<div class=\"elementor-element elementor-element-620bc8ce e-con-full e-flex e-con e-child\" data-id=\"620bc8ce\" data-element_type=\"container\" data-e-type=\"container\" data-settings=\"{&quot;background_background&quot;:&quot;classic&quot;}\">\n\t\t\t\t<div class=\"elementor-element elementor-element-260593e elementor-widget elementor-widget-heading\" data-id=\"260593e\" data-element_type=\"widget\" data-e-type=\"widget\" data-widget_type=\"heading.default\">\n\t\t\t\t\t<h3 class=\"elementor-heading-title elementor-size-default\"><a href=\"https:\/\/eyoa.de\/konzerte\/sinfoniekonzert\/\">Young European Sinfonieorchester<\/a><\/h3>\t\t\t\t<\/div>\n\t\t\t\t<div class=\"elementor-element elementor-element-721f1cf elementor-widget elementor-widget-text-editor\" data-id=\"721f1cf\" data-element_type=\"widget\" data-e-type=\"widget\" data-widget_type=\"text-editor.default\">\n\t\t\t\t\t\t\t\t\t<p>Du liebst es, in einem gro\u00dfen Orchester zu spielen und Teil eines vollen, sinfonischen Klangs zu werden? Dann bist du hier genau richtig! Im Sinfonieorchester erarbeitest du gemeinsam mit rund 50 anderen jungen Musiker:innen ein spannendes Programm und bringst es in Mannheim auf die B\u00fchne.<br data-start=\"437\" data-end=\"440\" \/><strong data-start=\"440\" data-end=\"453\">Zeitraum:<\/strong> <strong>03. bis 13. September 2026<\/strong><\/p><p><span style=\"color: #ff6600;\">Bewerbung 2026 geschlossen!<\/span><\/p>\t\t\t\t\t\t\t\t<\/div>\n\t\t\t\t<div class=\"elementor-element elementor-element-43398da6 elementor-widget elementor-widget-button\" data-id=\"43398da6\" data-element_type=\"widget\" data-e-type=\"widget\" data-widget_type=\"button.default\">\n\t\t\t\t\t\t\t\t\t\t<a class=\"elementor-button elementor-button-link elementor-size-sm\" href=\"https:\/\/eyoa.de\/konzerte\/sinfoniekonzert\/#sinfonie-ensemble\">\n\t\t\t\t\t\t<span class=\"elementor-button-content-wrapper\">\n\t\t\t\t\t\t\t\t\t<span class=\"elementor-button-text\">Teilnehmer:innen 2026<\/span>\n\t\t\t\t\t<\/span>\n\t\t\t\t\t<\/a>\n\t\t\t\t\t\t\t\t<\/div>\n\t\t\t\t<\/div>\n\t\t\t\t<\/div>\n\t\t<div class=\"elementor-element elementor-element-5df436d e-con-full e-flex e-con e-parent\" data-id=\"5df436d\" data-element_type=\"container\" data-e-type=\"container\">\n\t\t\t\t<div class=\"elementor-element elementor-element-1714903 elementor-widget-divider--view-line elementor-widget elementor-widget-divider\" data-id=\"1714903\" data-element_type=\"widget\" data-e-type=\"widget\" data-widget_type=\"divider.default\">\n\t\t\t\t\t\t\t<div class=\"elementor-divider\">\n\t\t\t<span class=\"elementor-divider-separator\">\n\t\t\t\t\t\t<\/span>\n\t\t<\/div>\n\t\t\t\t\t\t<\/div>\n\t\t\t\t<\/div>\n\t\t<div class=\"elementor-element elementor-element-8f885f5 e-con-full e-flex e-con e-parent\" data-id=\"8f885f5\" data-element_type=\"container\" data-e-type=\"container\">\n\t\t<div class=\"elementor-element elementor-element-2bc7aa7 e-con-full e-flex e-con e-child\" data-id=\"2bc7aa7\" data-element_type=\"container\" data-e-type=\"container\" data-settings=\"{&quot;background_background&quot;:&quot;classic&quot;}\">\n\t\t\t\t<div class=\"elementor-element elementor-element-4d22607 elementor-widget elementor-widget-button\" data-id=\"4d22607\" data-element_type=\"widget\" data-e-type=\"widget\" data-widget_type=\"button.default\">\n\t\t\t\t\t\t\t\t\t\t<a class=\"elementor-button elementor-button-link elementor-size-sm\" href=\"https:\/\/eyoa.de\/konzerte\/jazzkonzert\/\">\n\t\t\t\t\t\t<span class=\"elementor-button-content-wrapper\">\n\t\t\t\t\t\t\t\t\t<span class=\"elementor-button-text\">Big Band Jazz<\/span>\n\t\t\t\t\t<\/span>\n\t\t\t\t\t<\/a>\n\t\t\t\t\t\t\t\t<\/div>\n\t\t\t\t<\/div>\n\t\t<div class=\"elementor-element elementor-element-def6e21 e-con-full e-flex e-con e-child\" data-id=\"def6e21\" data-element_type=\"container\" data-e-type=\"container\" data-settings=\"{&quot;background_background&quot;:&quot;classic&quot;}\">\n\t\t\t\t<div class=\"elementor-element elementor-element-18ba6df elementor-widget elementor-widget-heading\" data-id=\"18ba6df\" data-element_type=\"widget\" data-e-type=\"widget\" data-widget_type=\"heading.default\">\n\t\t\t\t\t<h3 class=\"elementor-heading-title elementor-size-default\"><a href=\"https:\/\/eyoa.de\/konzerte\/jazzkonzert\/\">Young European Big Band Jazz<\/a><\/h3>\t\t\t\t<\/div>\n\t\t\t\t<div class=\"elementor-element elementor-element-3e5ab3a elementor-widget elementor-widget-text-editor\" data-id=\"3e5ab3a\" data-element_type=\"widget\" data-e-type=\"widget\" data-widget_type=\"text-editor.default\">\n\t\t\t\t\t\t\t\t\t<p>Du hast Freude am Groove, an Improvisation und daran, im Team einen energiegeladenen Sound entstehen zu lassen? Die Jazz Big Band gibt dir die Chance, deine Spielfreude mit anderen zu teilen und im Ensemble neue Klangwelten zu entdecken.<br data-start=\"742\" data-end=\"745\" \/><strong data-start=\"745\" data-end=\"758\">Zeitraum: 03.\u201313. September 2026<br \/><br \/><span style=\"color: #ff6600;\">Bewerbung 2026 geschlossen!<\/span><br \/><\/strong><\/p>\t\t\t\t\t\t\t\t<\/div>\n\t\t\t\t<div class=\"elementor-element elementor-element-2b95425 elementor-widget elementor-widget-button\" data-id=\"2b95425\" data-element_type=\"widget\" data-e-type=\"widget\" data-widget_type=\"button.default\">\n\t\t\t\t\t\t\t\t\t\t<a class=\"elementor-button elementor-button-link elementor-size-sm\" href=\"https:\/\/eyoa.de\/konzerte\/jazzkonzert\/#jazz-ensemble\">\n\t\t\t\t\t\t<span class=\"elementor-button-content-wrapper\">\n\t\t\t\t\t\t\t\t\t<span class=\"elementor-button-text\">Teilnehmer:innen 2026<\/span>\n\t\t\t\t\t<\/span>\n\t\t\t\t\t<\/a>\n\t\t\t\t\t\t\t\t<\/div>\n\t\t\t\t<\/div>\n\t\t\t\t<\/div>\n\t\t<div class=\"elementor-element elementor-element-7b6a03a e-con-full e-flex e-con e-parent\" data-id=\"7b6a03a\" data-element_type=\"container\" data-e-type=\"container\">\n\t\t\t\t<div class=\"elementor-element elementor-element-dfb0f70 elementor-widget-divider--view-line elementor-widget elementor-widget-divider\" data-id=\"dfb0f70\" data-element_type=\"widget\" data-e-type=\"widget\" data-widget_type=\"divider.default\">\n\t\t\t\t\t\t\t<div class=\"elementor-divider\">\n\t\t\t<span class=\"elementor-divider-separator\">\n\t\t\t\t\t\t<\/span>\n\t\t<\/div>\n\t\t\t\t\t\t<\/div>\n\t\t\t\t<\/div>\n\t\t<div class=\"elementor-element elementor-element-f8e0308 e-con-full e-flex e-con e-parent\" data-id=\"f8e0308\" data-element_type=\"container\" data-e-type=\"container\">\n\t\t<div class=\"elementor-element elementor-element-dd120fe e-con-full e-flex e-con e-child\" data-id=\"dd120fe\" data-element_type=\"container\" data-e-type=\"container\" data-settings=\"{&quot;background_background&quot;:&quot;classic&quot;}\">\n\t\t\t\t<div class=\"elementor-element elementor-element-9d33c74 elementor-widget elementor-widget-button\" data-id=\"9d33c74\" data-element_type=\"widget\" data-e-type=\"widget\" data-widget_type=\"button.default\">\n\t\t\t\t\t\t\t\t\t\t<a class=\"elementor-button elementor-button-link elementor-size-sm\" href=\"https:\/\/eyoa.de\/konzerte\/kammerkonzert\/\">\n\t\t\t\t\t\t<span class=\"elementor-button-content-wrapper\">\n\t\t\t\t\t\t\t\t\t<span class=\"elementor-button-text\">Streichquartett<\/span>\n\t\t\t\t\t<\/span>\n\t\t\t\t\t<\/a>\n\t\t\t\t\t\t\t\t<\/div>\n\t\t\t\t<\/div>\n\t\t<div class=\"elementor-element elementor-element-cbc0323 e-con-full e-flex e-con e-child\" data-id=\"cbc0323\" data-element_type=\"container\" data-e-type=\"container\" data-settings=\"{&quot;background_background&quot;:&quot;classic&quot;}\">\n\t\t\t\t<div class=\"elementor-element elementor-element-f14c105 elementor-widget elementor-widget-heading\" data-id=\"f14c105\" data-element_type=\"widget\" data-e-type=\"widget\" data-widget_type=\"heading.default\">\n\t\t\t\t\t<h3 class=\"elementor-heading-title elementor-size-default\"><a href=\"https:\/\/eyoa.de\/konzerte\/kammerkonzert\/\">Young European \u2013 Streichquartett<\/a><\/h3>\t\t\t\t<\/div>\n\t\t\t\t<div class=\"elementor-element elementor-element-473bdb3 elementor-widget elementor-widget-text-editor\" data-id=\"473bdb3\" data-element_type=\"widget\" data-e-type=\"widget\" data-widget_type=\"text-editor.default\">\n\t\t\t\t\t\t\t\t\t<p><strong>(Nur f\u00fcr Alumni)<\/strong><br \/>Du hast schon einmal bei der EYOA mitgespielt und willst dich musikalisch noch intensiver ausprobieren? Im Streichquartett erlebst du, was es hei\u00dft, im kleinen Ensemble auf h\u00f6chstem Niveau zusammenzuwachsen \u2013 pr\u00e4zise, sensibel und voller Ausdruck.<br data-start=\"1076\" data-end=\"1079\" \/><strong data-start=\"1079\" data-end=\"1092\">Zeitraum:<\/strong> <strong>03.\u201313. September 2026<br \/><br \/><span style=\"color: #ff6600;\">Bewerbung 2026 geschlossen!<\/span><br \/><\/strong><\/p>\t\t\t\t\t\t\t\t<\/div>\n\t\t\t\t<div class=\"elementor-element elementor-element-c88cb18 elementor-widget elementor-widget-button\" data-id=\"c88cb18\" data-element_type=\"widget\" data-e-type=\"widget\" data-widget_type=\"button.default\">\n\t\t\t\t\t\t\t\t\t\t<a class=\"elementor-button elementor-button-link elementor-size-sm\" href=\"https:\/\/eyoa.de\/konzerte\/kammerkonzert\/#kammer-ensemble\">\n\t\t\t\t\t\t<span class=\"elementor-button-content-wrapper\">\n\t\t\t\t\t\t\t\t\t<span class=\"elementor-button-text\">Teilnehmer:innen 2026<\/span>\n\t\t\t\t\t<\/span>\n\t\t\t\t\t<\/a>\n\t\t\t\t\t\t\t\t<\/div>\n\t\t\t\t<\/div>\n\t\t\t\t<\/div>\n\t\t<div class=\"elementor-element elementor-element-20c554b e-con-full e-flex e-con e-parent\" data-id=\"20c554b\" data-element_type=\"container\" data-e-type=\"container\">\n\t\t\t\t<div class=\"elementor-element elementor-element-1dd1c77 elementor-widget-divider--view-line elementor-widget elementor-widget-divider\" data-id=\"1dd1c77\" data-element_type=\"widget\" data-e-type=\"widget\" data-widget_type=\"divider.default\">\n\t\t\t\t\t\t\t<div class=\"elementor-divider\">\n\t\t\t<span class=\"elementor-divider-separator\">\n\t\t\t\t\t\t<\/span>\n\t\t<\/div>\n\t\t\t\t\t\t<\/div>\n\t\t\t\t<\/div>\n\t\t<div class=\"elementor-element elementor-element-883fe83 e-con-full e-flex e-con e-parent\" data-id=\"883fe83\" data-element_type=\"container\" data-e-type=\"container\">\n\t\t<div class=\"elementor-element elementor-element-cbf2a84 e-con-full e-flex e-con e-child\" data-id=\"cbf2a84\" data-element_type=\"container\" data-e-type=\"container\" data-settings=\"{&quot;background_background&quot;:&quot;classic&quot;}\">\n\t\t\t\t<div class=\"elementor-element elementor-element-9d33c19 elementor-widget elementor-widget-button\" data-id=\"9d33c19\" data-element_type=\"widget\" data-e-type=\"widget\" data-widget_type=\"button.default\">\n\t\t\t\t\t\t\t\t\t\t<a class=\"elementor-button elementor-button-link elementor-size-sm\" href=\"https:\/\/eyoa.de\/konzerte\/kammerkonzert\/\">\n\t\t\t\t\t\t<span class=\"elementor-button-content-wrapper\">\n\t\t\t\t\t\t\t\t\t<span class=\"elementor-button-text\">Bl\u00e4serquintett<\/span>\n\t\t\t\t\t<\/span>\n\t\t\t\t\t<\/a>\n\t\t\t\t\t\t\t\t<\/div>\n\t\t\t\t<\/div>\n\t\t<div class=\"elementor-element elementor-element-73a4e05 e-con-full e-flex e-con e-child\" data-id=\"73a4e05\" data-element_type=\"container\" data-e-type=\"container\" data-settings=\"{&quot;background_background&quot;:&quot;classic&quot;}\">\n\t\t\t\t<div class=\"elementor-element elementor-element-0e9f644 elementor-widget elementor-widget-heading\" data-id=\"0e9f644\" data-element_type=\"widget\" data-e-type=\"widget\" data-widget_type=\"heading.default\">\n\t\t\t\t\t<h3 class=\"elementor-heading-title elementor-size-default\"><a href=\"https:\/\/eyoa.de\/konzerte\/kammerkonzert\/\">Young European Bl\u00e4serquintett<\/a><\/h3>\t\t\t\t<\/div>\n\t\t\t\t<div class=\"elementor-element elementor-element-d1eb9b7 elementor-widget elementor-widget-text-editor\" data-id=\"d1eb9b7\" data-element_type=\"widget\" data-e-type=\"widget\" data-widget_type=\"text-editor.default\">\n\t\t\t\t\t\t\t\t\t<p><strong>(Nur f\u00fcr Alumni)<br \/><\/strong>Als EYOA-Alumnus oder -Alumna kannst du dich hier auf das Abenteuer Musik im kleinen Ensemble einlassen. Im Bl\u00e4serquintett lernst du, wie eng Zusammenspiel, Klangfarben und Teamgeist miteinander verbunden sind \u2013 eine Erfahrung, die dich musikalisch enorm weiterbringt.<br data-start=\"1416\" data-end=\"1419\" \/><strong data-start=\"1419\" data-end=\"1432\">Zeitraum:<\/strong> <strong>03.\u201313. September 2026<\/strong><\/p><p><span style=\"color: #ff6600;\"><strong>Bewerbung 2026 geschlossen!<\/strong><\/span><\/p>\t\t\t\t\t\t\t\t<\/div>\n\t\t\t\t<div class=\"elementor-element elementor-element-7d9e29d elementor-widget elementor-widget-button\" data-id=\"7d9e29d\" data-element_type=\"widget\" data-e-type=\"widget\" data-widget_type=\"button.default\">\n\t\t\t\t\t\t\t\t\t\t<a class=\"elementor-button elementor-button-link elementor-size-sm\" href=\"https:\/\/eyoa.de\/konzerte\/kammerkonzert\/#kammer-ensemble\">\n\t\t\t\t\t\t<span class=\"elementor-button-content-wrapper\">\n\t\t\t\t\t\t\t\t\t<span class=\"elementor-button-text\">Teilnehmer:innen 2026<\/span>\n\t\t\t\t\t<\/span>\n\t\t\t\t\t<\/a>\n\t\t\t\t\t\t\t\t<\/div>\n\t\t\t\t<\/div>\n\t\t\t\t<\/div>\n\t\t<div class=\"elementor-element elementor-element-f49a232 e-con-full anchor_offset e-flex e-con e-parent\" data-id=\"f49a232\" data-element_type=\"container\" data-e-type=\"container\" id=\"#alumni\">\n\t\t\t\t<\/div>\n\t\t<div class=\"elementor-element elementor-element-fd698ba e-con-full e-flex e-con e-parent\" data-id=\"fd698ba\" data-element_type=\"container\" data-e-type=\"container\">\n\t\t\t\t<div class=\"elementor-element elementor-element-50dd2c3 elementor-widget-divider--view-line elementor-widget elementor-widget-divider\" data-id=\"50dd2c3\" data-element_type=\"widget\" data-e-type=\"widget\" data-widget_type=\"divider.default\">\n\t\t\t\t\t\t\t<div class=\"elementor-divider\">\n\t\t\t<span class=\"elementor-divider-separator\">\n\t\t\t\t\t\t<\/span>\n\t\t<\/div>\n\t\t\t\t\t\t<\/div>\n\t\t\t\t<div class=\"elementor-element elementor-element-4c70a6c elementor-widget elementor-widget-heading\" data-id=\"4c70a6c\" data-element_type=\"widget\" data-e-type=\"widget\" data-widget_type=\"heading.default\">\n\t\t\t\t\t<h2 class=\"elementor-heading-title elementor-size-default\">Das sagen unsere Alumni<\/h2>\t\t\t\t<\/div>\n\t\t\t\t<div class=\"elementor-element elementor-element-62083cd elementor-testimonial--skin-bubble elementor-testimonial--layout-image_above elementor-testimonial--align-left elementor-pagination-type-progressbar elementor-arrows-yes elementor-widget elementor-widget-testimonial-carousel\" data-id=\"62083cd\" data-element_type=\"widget\" data-e-type=\"widget\" data-settings=\"{&quot;pagination&quot;:&quot;progressbar&quot;,&quot;slides_per_view_mobile&quot;:&quot;1&quot;,&quot;slides_to_scroll_mobile&quot;:&quot;1&quot;,&quot;show_arrows&quot;:&quot;yes&quot;,&quot;speed&quot;:500,&quot;autoplay&quot;:&quot;yes&quot;,&quot;autoplay_speed&quot;:5000,&quot;loop&quot;:&quot;yes&quot;,&quot;pause_on_hover&quot;:&quot;yes&quot;,&quot;pause_on_interaction&quot;:&quot;yes&quot;,&quot;space_between&quot;:{&quot;unit&quot;:&quot;px&quot;,&quot;size&quot;:10,&quot;sizes&quot;:[]},&quot;space_between_tablet&quot;:{&quot;unit&quot;:&quot;px&quot;,&quot;size&quot;:10,&quot;sizes&quot;:[]},&quot;space_between_mobile&quot;:{&quot;unit&quot;:&quot;px&quot;,&quot;size&quot;:10,&quot;sizes&quot;:[]}}\" data-widget_type=\"testimonial-carousel.default\">\n\t\t\t\t\t\t\t\t\t\t<div class=\"elementor-main-swiper swiper\" role=\"region\" aria-roledescription=\"carousel\" aria-label=\"Slider\">\n\t\t\t\t<div class=\"swiper-wrapper\">\n\t\t\t\t\t\t\t\t\t\t\t<div class=\"swiper-slide\" role=\"group\" aria-roledescription=\"slide\">\n\t\t\t\t\t\t\t\t\t<div class=\"elementor-testimonial\">\n\t\t\t\t\t\t\t<div class=\"elementor-testimonial__content\">\n\t\t\t\t\t<div class=\"elementor-testimonial__text\">\n\t\t\t\t\t\t(...) thank you so so much for the once in a lifetime opportunity to play along side the best young musicians in Europe! I cannot begin to express how grateful I am, I enjoyed every single second of it and I truly wish it didn\u2019t have to end. It was a magical experience, from meeting so many great, new people from all over Europe, to being totally immersed in such fabulous, high-standard music. I\u2019ve never experienced anything like it before. \t\t\t\t\t<\/div>\n\t\t\t\t\t\t\t\t\t<\/div>\n\t\t\t\t\t\t<div class=\"elementor-testimonial__footer\">\n\t\t\t\t\t\t\t\t\t<div class=\"elementor-testimonial__image\">\n\t\t\t\t\t\t<img decoding=\"async\" src=\"https:\/\/eyoa.de\/wp-content\/uploads\/2025\/10\/aisling-kelleher.jpg\" alt=\"EYOA Teilnehmerin Aisling Kelleher\">\n\t\t\t\t\t\t\t\t\t\t\t<\/div>\n\t\t\t\t\t\t\t\t<cite class=\"elementor-testimonial__cite\"><span class=\"elementor-testimonial__name\">Aisling Kelleher<\/span><span class=\"elementor-testimonial__title\">Alumni 2023, Irland<\/span><\/cite>\t\t\t<\/div>\n\t\t<\/div>\n\t\t\t\t\t\t\t\t<\/div>\n\t\t\t\t\t\t\t\t\t\t\t<div class=\"swiper-slide\" role=\"group\" aria-roledescription=\"slide\">\n\t\t\t\t\t\t\t\t\t<div class=\"elementor-testimonial\">\n\t\t\t\t\t\t\t<div class=\"elementor-testimonial__content\">\n\t\t\t\t\t<div class=\"elementor-testimonial__text\">\n\t\t\t\t\t\tSo many positive musical adventures have crossed my path since our time together in Mannheim in August 2022. And definitely \u2013 it has so much to do with the sparks of inspiration and confirmations I personally felt thanks to your vision and the EYOA. Not only did we dive deep into our shared musical journeys, but we did so ensemble \u2013 in the company of remarkable mentors and new friends. I am staying in regular contact with our group and we have plans to visit each other across our various European countries and homelands. EYOA has facilitated and fostered a spirit of unity through music in all of us. I am grateful for having been granted this amazing opportunity.\t\t\t\t\t<\/div>\n\t\t\t\t\t\t\t\t\t<\/div>\n\t\t\t\t\t\t<div class=\"elementor-testimonial__footer\">\n\t\t\t\t\t\t\t\t\t<div class=\"elementor-testimonial__image\">\n\t\t\t\t\t\t<img decoding=\"async\" src=\"https:\/\/eyoa.de\/wp-content\/uploads\/2025\/10\/Sticker-rund-\u2013-I-was-part-of-it.png\" alt=\"Sticker EYOA &quot;I was part of it&quot;\">\n\t\t\t\t\t\t\t\t\t\t\t<\/div>\n\t\t\t\t\t\t\t\t<cite class=\"elementor-testimonial__cite\"><span class=\"elementor-testimonial__name\">Stefania Grabiec<\/span><span class=\"elementor-testimonial__title\">Alumni 21\/22, Polen<\/span><\/cite>\t\t\t<\/div>\n\t\t<\/div>\n\t\t\t\t\t\t\t\t<\/div>\n\t\t\t\t\t\t\t\t\t\t\t<div class=\"swiper-slide\" role=\"group\" aria-roledescription=\"slide\">\n\t\t\t\t\t\t\t\t\t<div class=\"elementor-testimonial\">\n\t\t\t\t\t\t\t<div class=\"elementor-testimonial__content\">\n\t\t\t\t\t<div class=\"elementor-testimonial__text\">\n\t\t\t\t\t\tSince being part of EYOA I had many opportunities to play in different orchestras, which I wouldn\u2019t be able to do without experiences from EYOA.\t\t\t\t\t<\/div>\n\t\t\t\t\t\t\t\t\t<\/div>\n\t\t\t\t\t\t<div class=\"elementor-testimonial__footer\">\n\t\t\t\t\t\t\t\t\t<div class=\"elementor-testimonial__image\">\n\t\t\t\t\t\t<img decoding=\"async\" src=\"https:\/\/eyoa.de\/wp-content\/uploads\/2025\/10\/Sticker-rund-\u2013-I-was-part-of-it.png\" alt=\"Sticker EYOA &quot;I was part of it&quot;\">\n\t\t\t\t\t\t\t\t\t\t\t<\/div>\n\t\t\t\t\t\t\t\t<cite class=\"elementor-testimonial__cite\"><span class=\"elementor-testimonial__name\">Hana Zvagen<\/span><span class=\"elementor-testimonial__title\">Alumni 24, Slovenia<\/span><\/cite>\t\t\t<\/div>\n\t\t<\/div>\n\t\t\t\t\t\t\t\t<\/div>\n\t\t\t\t\t\t\t\t\t\t\t<div class=\"swiper-slide\" role=\"group\" aria-roledescription=\"slide\">\n\t\t\t\t\t\t\t\t\t<div class=\"elementor-testimonial\">\n\t\t\t\t\t\t\t<div class=\"elementor-testimonial__content\">\n\t\t\t\t\t<div class=\"elementor-testimonial__text\">\n\t\t\t\t\t\tEYOA really inspired me to proceed with the musical craft so in the years following 2019 I had the honor to be part of other orchestral projects such as of Royal Concertgebouworkest Young, Gustav Mahler Jugendorkester, Meditteranean Youth Orchestra, and others, so I am very looking forward to return to Mannheim if my video recording gets accepted. \t\t\t\t\t<\/div>\n\t\t\t\t\t\t\t\t\t<\/div>\n\t\t\t\t\t\t<div class=\"elementor-testimonial__footer\">\n\t\t\t\t\t\t\t\t\t<div class=\"elementor-testimonial__image\">\n\t\t\t\t\t\t<img decoding=\"async\" src=\"https:\/\/eyoa.de\/wp-content\/uploads\/2025\/10\/Sticker-rund-\u2013-I-was-part-of-it.png\" alt=\"Sticker EYOA &quot;I was part of it&quot;\">\n\t\t\t\t\t\t\t\t\t\t\t<\/div>\n\t\t\t\t\t\t\t\t<cite class=\"elementor-testimonial__cite\"><span class=\"elementor-testimonial__name\">Pavle Frankovi\u0107<\/span><span class=\"elementor-testimonial__title\">Alumni 2019, Kroatien<\/span><\/cite>\t\t\t<\/div>\n\t\t<\/div>\n\t\t\t\t\t\t\t\t<\/div>\n\t\t\t\t\t\t\t\t\t<\/div>\n\t\t\t\t\t\t\t\t\t\t\t\t\t\t\t<div class=\"elementor-swiper-button elementor-swiper-button-prev\" role=\"button\" tabindex=\"0\" aria-label=\"Voriger\">\n\t\t\t\t\t\t\t<svg aria-hidden=\"true\" class=\"e-font-icon-svg e-eicon-chevron-left\" viewBox=\"0 0 1000 1000\" xmlns=\"http:\/\/www.w3.org\/2000\/svg\"><path d=\"M646 125C629 125 613 133 604 142L308 442C296 454 292 471 292 487 292 504 296 521 308 533L604 854C617 867 629 875 646 875 663 875 679 871 692 858 704 846 713 829 713 812 713 796 708 779 692 767L438 487 692 225C700 217 708 204 708 187 708 171 704 154 692 142 675 129 663 125 646 125Z\"><\/path><\/svg>\t\t\t\t\t\t<\/div>\n\t\t\t\t\t\t<div class=\"elementor-swiper-button elementor-swiper-button-next\" role=\"button\" tabindex=\"0\" aria-label=\"N\u00e4chster\">\n\t\t\t\t\t\t\t<svg aria-hidden=\"true\" class=\"e-font-icon-svg e-eicon-chevron-right\" viewBox=\"0 0 1000 1000\" xmlns=\"http:\/\/www.w3.org\/2000\/svg\"><path d=\"M696 533C708 521 713 504 713 487 713 471 708 454 696 446L400 146C388 133 375 125 354 125 338 125 325 129 313 142 300 154 292 171 292 187 292 204 296 221 308 233L563 492 304 771C292 783 288 800 288 817 288 833 296 850 308 863 321 871 338 875 354 875 371 875 388 867 400 854L696 533Z\"><\/path><\/svg>\t\t\t\t\t\t<\/div>\n\t\t\t\t\t\t\t\t\t\t\t\t\t\t\t\t<div class=\"swiper-pagination\"><\/div>\n\t\t\t\t\t\t\t\t\t\t\t\t<\/div>\n\t\t\t\t\t\t\t\t<\/div>\n\t\t\t\t<\/div>\n\t\t<div class=\"elementor-element elementor-element-fb26960 e-con-full anchor-offset e-flex e-con e-parent\" data-id=\"fb26960\" data-element_type=\"container\" data-e-type=\"container\" id=\"makingof\">\n\t\t\t\t<\/div>\n\t\t<div class=\"elementor-element elementor-element-7fdd783 e-con-full e-flex e-con e-parent\" data-id=\"7fdd783\" data-element_type=\"container\" data-e-type=\"container\">\n\t\t\t\t<div class=\"elementor-element elementor-element-6d8ea3e elementor-widget-divider--view-line elementor-widget elementor-widget-divider\" data-id=\"6d8ea3e\" data-element_type=\"widget\" data-e-type=\"widget\" data-widget_type=\"divider.default\">\n\t\t\t\t\t\t\t<div class=\"elementor-divider\">\n\t\t\t<span class=\"elementor-divider-separator\">\n\t\t\t\t\t\t<\/span>\n\t\t<\/div>\n\t\t\t\t\t\t<\/div>\n\t\t\t\t<div class=\"elementor-element elementor-element-3ebf083 elementor-widget elementor-widget-heading\" data-id=\"3ebf083\" data-element_type=\"widget\" data-e-type=\"widget\" data-widget_type=\"heading.default\">\n\t\t\t\t\t<h2 class=\"elementor-heading-title elementor-size-default\">R\u00fcckblick \u2013 Making of &amp; Abschlusskonzerte<\/h2>\t\t\t\t<\/div>\n\t\t\t\t<div class=\"elementor-element elementor-element-063a9e7 elementor-widget elementor-widget-text-editor\" data-id=\"063a9e7\" data-element_type=\"widget\" data-e-type=\"widget\" data-widget_type=\"text-editor.default\">\n\t\t\t\t\t\t\t\t\t<p>Von digitalen Akademien w\u00e4hrend der Pandemie bis hin zu gro\u00dfen Jubil\u00e4umskonzerten im Mannheimer Rosengarten \u2013 die Geschichte von EYOA ist jung und doch schon reich an H\u00f6hepunkten. Sie erz\u00e4hlt von Begeisterung, Talent und der Kraft, die entsteht, wenn Europas Jugend gemeinsam musiziert.<\/p>\t\t\t\t\t\t\t\t<\/div>\n\t\t\t\t<div class=\"elementor-element elementor-element-1ac8185 elementor-layout-start e-tabs-view-vertical elementor-widget elementor-widget-video-playlist\" data-id=\"1ac8185\" data-element_type=\"widget\" data-e-type=\"widget\" data-settings=\"{&quot;playlist_title&quot;:&quot;Konzertmitschnitte&quot;,&quot;tabs&quot;:[{&quot;_id&quot;:&quot;f7a0698&quot;,&quot;vimeo_url&quot;:null,&quot;title&quot;:&quot;Making Off EYOA (RNF)&quot;,&quot;type&quot;:&quot;hosted&quot;,&quot;hosted_url&quot;:{&quot;url&quot;:&quot;https:\\\/\\\/eyoa.de\\\/wp-content\\\/uploads\\\/2025\\\/09\\\/Making-off-EYOA-RNF.mp4&quot;,&quot;id&quot;:1021,&quot;size&quot;:&quot;&quot;,&quot;alt&quot;:&quot;&quot;,&quot;source&quot;:&quot;library&quot;},&quot;thumbnail&quot;:{&quot;url&quot;:&quot;https:\\\/\\\/eyoa.de\\\/wp-content\\\/uploads\\\/2025\\\/10\\\/Fernsehaufzeichnung-Konzert-2024.jpg&quot;,&quot;id&quot;:3273,&quot;size&quot;:&quot;&quot;,&quot;alt&quot;:&quot;Fernsehaufzeichnung-Rosengarten-Konzert-2024&quot;,&quot;source&quot;:&quot;library&quot;},&quot;inner_tab_content_1&quot;:null,&quot;inner_tab_content_2&quot;:null,&quot;youtube_url&quot;:null,&quot;is_external_url&quot;:&quot;&quot;,&quot;external_url&quot;:null,&quot;section_html_tag&quot;:null,&quot;video_html_tag&quot;:&quot;h4&quot;,&quot;duration&quot;:&quot;&quot;,&quot;inner_tab_is_content_visible&quot;:&quot;&quot;},{&quot;title&quot;:&quot;2025 \\u2013 Opal Mannheim&quot;,&quot;youtube_url&quot;:&quot;https:\\\/\\\/youtu.be\\\/gk3wZXFfIcA&quot;,&quot;thumbnail&quot;:{&quot;url&quot;:&quot;https:\\\/\\\/eyoa.de\\\/wp-content\\\/uploads\\\/2025\\\/10\\\/eyoa-2025-abschlusskonzert.jpg&quot;,&quot;id&quot;:3440,&quot;size&quot;:&quot;&quot;,&quot;alt&quot;:&quot;Abschlusskonzert EYOA 2025 Opal Mannheim&quot;,&quot;source&quot;:&quot;library&quot;},&quot;_id&quot;:&quot;d907f64&quot;,&quot;vimeo_url&quot;:null,&quot;inner_tab_content_1&quot;:null,&quot;inner_tab_content_2&quot;:null,&quot;type&quot;:&quot;youtube&quot;,&quot;is_external_url&quot;:null,&quot;hosted_url&quot;:null,&quot;external_url&quot;:null,&quot;section_html_tag&quot;:null,&quot;video_html_tag&quot;:&quot;h4&quot;,&quot;duration&quot;:&quot;&quot;,&quot;inner_tab_is_content_visible&quot;:&quot;&quot;},{&quot;title&quot;:&quot;2024 \\u2013 Rosengarten Mannheim I&quot;,&quot;youtube_url&quot;:&quot;https:\\\/\\\/youtu.be\\\/V0e1-6PNb3k&quot;,&quot;thumbnail&quot;:{&quot;url&quot;:&quot;https:\\\/\\\/eyoa.de\\\/wp-content\\\/uploads\\\/2025\\\/10\\\/Konzert-2024.jpg&quot;,&quot;id&quot;:3277,&quot;size&quot;:&quot;&quot;,&quot;alt&quot;:&quot;&quot;,&quot;source&quot;:&quot;library&quot;},&quot;_id&quot;:&quot;c36ab02&quot;,&quot;vimeo_url&quot;:null,&quot;inner_tab_content_1&quot;:null,&quot;type&quot;:&quot;youtube&quot;,&quot;is_external_url&quot;:null,&quot;hosted_url&quot;:null,&quot;external_url&quot;:null,&quot;section_html_tag&quot;:null,&quot;video_html_tag&quot;:&quot;h4&quot;,&quot;duration&quot;:&quot;&quot;,&quot;inner_tab_is_content_visible&quot;:&quot;&quot;,&quot;inner_tab_content_2&quot;:null},{&quot;title&quot;:&quot;2024 \\u2013 Rosengarten Mannheim II&quot;,&quot;youtube_url&quot;:&quot;https:\\\/\\\/youtu.be\\\/KvuPQGY92n4 &quot;,&quot;thumbnail&quot;:{&quot;url&quot;:&quot;https:\\\/\\\/eyoa.de\\\/wp-content\\\/uploads\\\/2025\\\/10\\\/abschlusskonzert-2024-panorama.jpg&quot;,&quot;id&quot;:3806,&quot;size&quot;:&quot;&quot;,&quot;alt&quot;:&quot;EYOA-Abschlusskonzert 2024 im Mannheimer Rosengarten&quot;,&quot;source&quot;:&quot;library&quot;},&quot;_id&quot;:&quot;0ea99ce&quot;,&quot;vimeo_url&quot;:null,&quot;inner_tab_content_1&quot;:null,&quot;type&quot;:&quot;youtube&quot;,&quot;is_external_url&quot;:null,&quot;hosted_url&quot;:null,&quot;external_url&quot;:null,&quot;section_html_tag&quot;:null,&quot;video_html_tag&quot;:&quot;h4&quot;,&quot;duration&quot;:&quot;&quot;,&quot;inner_tab_is_content_visible&quot;:&quot;&quot;,&quot;inner_tab_content_2&quot;:null},{&quot;_id&quot;:&quot;243932f&quot;,&quot;youtube_url&quot;:&quot;https:\\\/\\\/youtu.be\\\/7ICYLkyVu04&quot;,&quot;vimeo_url&quot;:null,&quot;title&quot;:&quot;2023 \\u2013 Buga Spinelli Mannheim&quot;,&quot;inner_tab_content_1&quot;:null,&quot;inner_tab_content_2&quot;:null,&quot;thumbnail&quot;:{&quot;url&quot;:&quot;https:\\\/\\\/eyoa.de\\\/wp-content\\\/uploads\\\/2025\\\/10\\\/abschlusskonzert-2023-welturauffuehrung-buga.jpg&quot;,&quot;id&quot;:3477,&quot;size&quot;:&quot;&quot;,&quot;alt&quot;:&quot;B\\u00fchnenbild zur Weltpremiere von Elias Gaia auf der BUGA 2023 \\u00a9Tanya-Khodova&quot;,&quot;source&quot;:&quot;library&quot;},&quot;type&quot;:&quot;youtube&quot;,&quot;is_external_url&quot;:null,&quot;hosted_url&quot;:null,&quot;external_url&quot;:null,&quot;section_html_tag&quot;:null,&quot;video_html_tag&quot;:&quot;h4&quot;,&quot;duration&quot;:&quot;&quot;,&quot;inner_tab_is_content_visible&quot;:&quot;&quot;},{&quot;_id&quot;:&quot;1ed0505&quot;,&quot;youtube_url&quot;:&quot;https:\\\/\\\/youtu.be\\\/cYBIwbF9weE&quot;,&quot;vimeo_url&quot;:null,&quot;title&quot;:&quot;2022 \\u2013 Seeb\\u00fchne Luisenpark Mannheim&quot;,&quot;inner_tab_content_1&quot;:null,&quot;thumbnail&quot;:{&quot;url&quot;:&quot;https:\\\/\\\/eyoa.de\\\/wp-content\\\/uploads\\\/2025\\\/10\\\/eyoa-2022-seebuehne-joel.jpg&quot;,&quot;id&quot;:3499,&quot;size&quot;:&quot;&quot;,&quot;alt&quot;:&quot;EYOA Konzert 2022 \\u2013 Cross Over mit Sprachintermezzo Beethovens 7. Synfonie neu interpretiert von DJ Jimy Joel Eyrich &amp; Jonas Pentzek Mannheim Luisenpark Seeb\\u00fchne&quot;,&quot;source&quot;:&quot;library&quot;},&quot;type&quot;:&quot;youtube&quot;,&quot;is_external_url&quot;:null,&quot;hosted_url&quot;:null,&quot;external_url&quot;:null,&quot;section_html_tag&quot;:null,&quot;video_html_tag&quot;:&quot;h4&quot;,&quot;duration&quot;:&quot;&quot;,&quot;inner_tab_is_content_visible&quot;:&quot;&quot;,&quot;inner_tab_content_2&quot;:null},{&quot;_id&quot;:&quot;ac9869f&quot;,&quot;youtube_url&quot;:&quot;https:\\\/\\\/youtu.be\\\/spyZwqgsaJM&quot;,&quot;vimeo_url&quot;:null,&quot;title&quot;:&quot;2021 \\u2013 Virtuelles Livestream-Konzert&quot;,&quot;inner_tab_content_1&quot;:null,&quot;thumbnail&quot;:{&quot;url&quot;:&quot;https:\\\/\\\/eyoa.de\\\/wp-content\\\/uploads\\\/2025\\\/10\\\/eyoa-2021-finals.jpg&quot;,&quot;id&quot;:3503,&quot;size&quot;:&quot;&quot;,&quot;alt&quot;:&quot;Abschlusskonzert 2021 aus europ\\u00e4ischen Wohnzimmern&quot;,&quot;source&quot;:&quot;library&quot;},&quot;type&quot;:&quot;youtube&quot;,&quot;is_external_url&quot;:null,&quot;hosted_url&quot;:null,&quot;external_url&quot;:null,&quot;section_html_tag&quot;:null,&quot;video_html_tag&quot;:&quot;h4&quot;,&quot;duration&quot;:&quot;&quot;,&quot;inner_tab_is_content_visible&quot;:&quot;&quot;,&quot;inner_tab_content_2&quot;:null},{&quot;_id&quot;:&quot;205a06c&quot;,&quot;youtube_url&quot;:&quot;https:\\\/\\\/youtu.be\\\/wtSNPAsdApQ&quot;,&quot;vimeo_url&quot;:null,&quot;title&quot;:&quot;2019 \\u2013 Schloss Mannheim&quot;,&quot;inner_tab_content_1&quot;:null,&quot;thumbnail&quot;:{&quot;url&quot;:&quot;https:\\\/\\\/eyoa.de\\\/wp-content\\\/uploads\\\/2025\\\/10\\\/eyoa-2019.jpg&quot;,&quot;id&quot;:3730,&quot;size&quot;:&quot;&quot;,&quot;alt&quot;:&quot;EYOA 2019 Gruppe von Jugendorchester&quot;,&quot;source&quot;:&quot;library&quot;},&quot;type&quot;:&quot;youtube&quot;,&quot;is_external_url&quot;:null,&quot;hosted_url&quot;:null,&quot;external_url&quot;:null,&quot;section_html_tag&quot;:null,&quot;video_html_tag&quot;:&quot;h4&quot;,&quot;duration&quot;:&quot;&quot;,&quot;inner_tab_is_content_visible&quot;:&quot;&quot;,&quot;inner_tab_content_2&quot;:null}]}\" data-widget_type=\"video-playlist.default\">\n\t\t\t\t\t\n\t\t<div class=\"e-tabs\" role=\"region\" aria-labelledby=\"e-playlist-1ac8185\">\n\t\t\t<div class=\"e-tabs-main-area\">\n\t\t\t\t<div class=\"e-tabs-wrapper\">\n\t\t\t\t\t<div class=\"e-tabs-header\">\n\t\t\t\t\t\t<h2 class=\"e-tabs-title\" id=\"e-playlist-1ac8185\">Konzertmitschnitte<\/h2>\n\t\t\t\t\t\t<div class=\"e-tabs-header-right-side\">\n\t\t\t\t\t\t\t\t\t\t\t\t\t\t\t<span class=\"e-tabs-videos-count\">8 Videos<\/span>\n\t\t\t\t\t\t\t\t\t\t\t\t\t\t<svg aria-hidden=\"true\" class=\"e-tabs-toggle-videos-display-button rotate-down e-font-icon-svg e-eicon-caret-down\" viewBox=\"0 0 571.4 571.4\" xmlns=\"http:\/\/www.w3.org\/2000\/svg\"><path d=\"M571 393Q571 407 561 418L311 668Q300 679 286 679T261 668L11 418Q0 407 0 393T11 368 36 357H536Q550 357 561 368T571 393Z\"><\/path><\/svg>\t\t\t\t\t\t<\/div>\n\t\t\t\t\t<\/div>\n\t\t\t\t\t<div class=\"e-tabs-items-wrapper\">\n\t\t\t\t\t\t<div class=\"e-tabs-items\" role=\"tablist\">\n\t\t\t\t\t\t\t\t\t\t\t\t\t\t\t\t\t\t\t\t\t\t\t\t<div id=\"e-tab-title-2801\" class=\"e-tab-title e-tab-desktop-title\" aria-selected=\"true\" data-tab=\"1\" role=\"tab\" tabindex=\"0\" aria-controls=\"e-tab-content-2801\">\n\t\t\t\t\t\t\t\t\t\t\t\t\t\t\t\t\t\t\t\t\t<div class=\"e-tab-thumbnail\">\n\t\t\t\t\t\t\t\t\t\t\t\t\t\t\t\t\t\t\t\t\t\t\t\t\t<img decoding=\"async\" src=\"https:\/\/eyoa.de\/wp-content\/uploads\/2025\/10\/Fernsehaufzeichnung-Konzert-2024.jpg\" alt=\"Making Off EYOA (RNF)\" loading=\"lazy\" \/>\n\t\t\t\t\t\t\t\t\t\t\t\t\t\t\t\t\t\t\t\t\t\t\t\t<span class=\"icon-play\"><svg aria-hidden=\"true\" class=\"e-font-icon-svg e-fas-play-circle\" viewBox=\"0 0 512 512\" xmlns=\"http:\/\/www.w3.org\/2000\/svg\"><path d=\"M256 8C119 8 8 119 8 256s111 248 248 248 248-111 248-248S393 8 256 8zm115.7 272l-176 101c-15.8 8.8-35.7-2.5-35.7-21V152c0-18.4 19.8-29.8 35.7-21l176 107c16.4 9.2 16.4 32.9 0 42z\"><\/path><\/svg><\/span>\n\t\t\t\t\t\t\t\t\t\t\t\t<span class=\"icon-watched\"><svg aria-hidden=\"true\" class=\"e-font-icon-svg e-fas-check-circle\" viewBox=\"0 0 512 512\" xmlns=\"http:\/\/www.w3.org\/2000\/svg\"><path d=\"M504 256c0 136.967-111.033 248-248 248S8 392.967 8 256 119.033 8 256 8s248 111.033 248 248zM227.314 387.314l184-184c6.248-6.248 6.248-16.379 0-22.627l-22.627-22.627c-6.248-6.249-16.379-6.249-22.628 0L216 308.118l-70.059-70.059c-6.248-6.248-16.379-6.248-22.628 0l-22.627 22.627c-6.248 6.248-6.248 16.379 0 22.627l104 104c6.249 6.249 16.379 6.249 22.628.001z\"><\/path><\/svg><\/span>\n\t\t\t\t\t\t\t\t\t\t\t<\/div>\n\t\t\t\t\t\t\t\t\t\t\t\t\t\t\t\t\t\t\t\t<h4 class=\"e-tab-title-text\">\n\t\t\t\t\t\t\t\t\t\t\t<button type=\"button\">Making Off EYOA (RNF)<\/button>\n\t\t\t\t\t\t\t\t\t\t<\/h4>\n\t\t\t\t\t\t\t\t\t\t\t\t\t\t\t\t\t\t\t<\/div>\n\t\t\t\t\t\t\t\t\t\t\t\t\t\t\t\t\t\t\t\t\t\t\t\t\t\t\t\t\t\t\t\t<div id=\"e-tab-title-2802\" class=\"e-tab-title e-tab-desktop-title\" aria-selected=\"false\" data-tab=\"2\" role=\"tab\" tabindex=\"-1\" aria-controls=\"e-tab-content-2802\">\n\t\t\t\t\t\t\t\t\t\t\t\t\t\t\t\t\t\t\t\t\t<div class=\"e-tab-thumbnail\">\n\t\t\t\t\t\t\t\t\t\t\t\t\t\t\t\t\t\t\t\t\t\t\t\t\t<img decoding=\"async\" src=\"https:\/\/eyoa.de\/wp-content\/uploads\/2025\/10\/eyoa-2025-abschlusskonzert.jpg\" alt=\"2025 \u2013 Opal Mannheim\" loading=\"lazy\" \/>\n\t\t\t\t\t\t\t\t\t\t\t\t\t\t\t\t\t\t\t\t\t\t\t\t<span class=\"icon-play\"><svg aria-hidden=\"true\" class=\"e-font-icon-svg e-fas-play-circle\" viewBox=\"0 0 512 512\" xmlns=\"http:\/\/www.w3.org\/2000\/svg\"><path d=\"M256 8C119 8 8 119 8 256s111 248 248 248 248-111 248-248S393 8 256 8zm115.7 272l-176 101c-15.8 8.8-35.7-2.5-35.7-21V152c0-18.4 19.8-29.8 35.7-21l176 107c16.4 9.2 16.4 32.9 0 42z\"><\/path><\/svg><\/span>\n\t\t\t\t\t\t\t\t\t\t\t\t<span class=\"icon-watched\"><svg aria-hidden=\"true\" class=\"e-font-icon-svg e-fas-check-circle\" viewBox=\"0 0 512 512\" xmlns=\"http:\/\/www.w3.org\/2000\/svg\"><path d=\"M504 256c0 136.967-111.033 248-248 248S8 392.967 8 256 119.033 8 256 8s248 111.033 248 248zM227.314 387.314l184-184c6.248-6.248 6.248-16.379 0-22.627l-22.627-22.627c-6.248-6.249-16.379-6.249-22.628 0L216 308.118l-70.059-70.059c-6.248-6.248-16.379-6.248-22.628 0l-22.627 22.627c-6.248 6.248-6.248 16.379 0 22.627l104 104c6.249 6.249 16.379 6.249 22.628.001z\"><\/path><\/svg><\/span>\n\t\t\t\t\t\t\t\t\t\t\t<\/div>\n\t\t\t\t\t\t\t\t\t\t\t\t\t\t\t\t\t\t\t\t<h4 class=\"e-tab-title-text\">\n\t\t\t\t\t\t\t\t\t\t\t<button type=\"button\">2025 \u2013 Opal Mannheim<\/button>\n\t\t\t\t\t\t\t\t\t\t<\/h4>\n\t\t\t\t\t\t\t\t\t\t\t\t\t\t\t\t\t\t\t<\/div>\n\t\t\t\t\t\t\t\t\t\t\t\t\t\t\t\t\t\t\t\t\t\t\t\t\t\t\t\t\t\t\t\t<div id=\"e-tab-title-2803\" class=\"e-tab-title e-tab-desktop-title\" aria-selected=\"false\" data-tab=\"3\" role=\"tab\" tabindex=\"-1\" aria-controls=\"e-tab-content-2803\">\n\t\t\t\t\t\t\t\t\t\t\t\t\t\t\t\t\t\t\t\t\t<div class=\"e-tab-thumbnail\">\n\t\t\t\t\t\t\t\t\t\t\t\t\t\t\t\t\t\t\t\t\t\t\t\t\t<img decoding=\"async\" src=\"https:\/\/eyoa.de\/wp-content\/uploads\/2025\/10\/Konzert-2024.jpg\" alt=\"2024 \u2013 Rosengarten Mannheim I\" loading=\"lazy\" \/>\n\t\t\t\t\t\t\t\t\t\t\t\t\t\t\t\t\t\t\t\t\t\t\t\t<span class=\"icon-play\"><svg aria-hidden=\"true\" class=\"e-font-icon-svg e-fas-play-circle\" viewBox=\"0 0 512 512\" xmlns=\"http:\/\/www.w3.org\/2000\/svg\"><path d=\"M256 8C119 8 8 119 8 256s111 248 248 248 248-111 248-248S393 8 256 8zm115.7 272l-176 101c-15.8 8.8-35.7-2.5-35.7-21V152c0-18.4 19.8-29.8 35.7-21l176 107c16.4 9.2 16.4 32.9 0 42z\"><\/path><\/svg><\/span>\n\t\t\t\t\t\t\t\t\t\t\t\t<span class=\"icon-watched\"><svg aria-hidden=\"true\" class=\"e-font-icon-svg e-fas-check-circle\" viewBox=\"0 0 512 512\" xmlns=\"http:\/\/www.w3.org\/2000\/svg\"><path d=\"M504 256c0 136.967-111.033 248-248 248S8 392.967 8 256 119.033 8 256 8s248 111.033 248 248zM227.314 387.314l184-184c6.248-6.248 6.248-16.379 0-22.627l-22.627-22.627c-6.248-6.249-16.379-6.249-22.628 0L216 308.118l-70.059-70.059c-6.248-6.248-16.379-6.248-22.628 0l-22.627 22.627c-6.248 6.248-6.248 16.379 0 22.627l104 104c6.249 6.249 16.379 6.249 22.628.001z\"><\/path><\/svg><\/span>\n\t\t\t\t\t\t\t\t\t\t\t<\/div>\n\t\t\t\t\t\t\t\t\t\t\t\t\t\t\t\t\t\t\t\t<h4 class=\"e-tab-title-text\">\n\t\t\t\t\t\t\t\t\t\t\t<button type=\"button\">2024 \u2013 Rosengarten Mannheim I<\/button>\n\t\t\t\t\t\t\t\t\t\t<\/h4>\n\t\t\t\t\t\t\t\t\t\t\t\t\t\t\t\t\t\t\t<\/div>\n\t\t\t\t\t\t\t\t\t\t\t\t\t\t\t\t\t\t\t\t\t\t\t\t\t\t\t\t\t\t\t\t<div id=\"e-tab-title-2804\" class=\"e-tab-title e-tab-desktop-title\" aria-selected=\"false\" data-tab=\"4\" role=\"tab\" tabindex=\"-1\" aria-controls=\"e-tab-content-2804\">\n\t\t\t\t\t\t\t\t\t\t\t\t\t\t\t\t\t\t\t\t\t<div class=\"e-tab-thumbnail\">\n\t\t\t\t\t\t\t\t\t\t\t\t\t\t\t\t\t\t\t\t\t\t\t\t\t<img decoding=\"async\" src=\"https:\/\/eyoa.de\/wp-content\/uploads\/2025\/10\/abschlusskonzert-2024-panorama.jpg\" alt=\"2024 \u2013 Rosengarten Mannheim II\" loading=\"lazy\" \/>\n\t\t\t\t\t\t\t\t\t\t\t\t\t\t\t\t\t\t\t\t\t\t\t\t<span class=\"icon-play\"><svg aria-hidden=\"true\" class=\"e-font-icon-svg e-fas-play-circle\" viewBox=\"0 0 512 512\" xmlns=\"http:\/\/www.w3.org\/2000\/svg\"><path d=\"M256 8C119 8 8 119 8 256s111 248 248 248 248-111 248-248S393 8 256 8zm115.7 272l-176 101c-15.8 8.8-35.7-2.5-35.7-21V152c0-18.4 19.8-29.8 35.7-21l176 107c16.4 9.2 16.4 32.9 0 42z\"><\/path><\/svg><\/span>\n\t\t\t\t\t\t\t\t\t\t\t\t<span class=\"icon-watched\"><svg aria-hidden=\"true\" class=\"e-font-icon-svg e-fas-check-circle\" viewBox=\"0 0 512 512\" xmlns=\"http:\/\/www.w3.org\/2000\/svg\"><path d=\"M504 256c0 136.967-111.033 248-248 248S8 392.967 8 256 119.033 8 256 8s248 111.033 248 248zM227.314 387.314l184-184c6.248-6.248 6.248-16.379 0-22.627l-22.627-22.627c-6.248-6.249-16.379-6.249-22.628 0L216 308.118l-70.059-70.059c-6.248-6.248-16.379-6.248-22.628 0l-22.627 22.627c-6.248 6.248-6.248 16.379 0 22.627l104 104c6.249 6.249 16.379 6.249 22.628.001z\"><\/path><\/svg><\/span>\n\t\t\t\t\t\t\t\t\t\t\t<\/div>\n\t\t\t\t\t\t\t\t\t\t\t\t\t\t\t\t\t\t\t\t<h4 class=\"e-tab-title-text\">\n\t\t\t\t\t\t\t\t\t\t\t<button type=\"button\">2024 \u2013 Rosengarten Mannheim II<\/button>\n\t\t\t\t\t\t\t\t\t\t<\/h4>\n\t\t\t\t\t\t\t\t\t\t\t\t\t\t\t\t\t\t\t<\/div>\n\t\t\t\t\t\t\t\t\t\t\t\t\t\t\t\t\t\t\t\t\t\t\t\t\t\t\t\t\t\t\t\t<div id=\"e-tab-title-2805\" class=\"e-tab-title e-tab-desktop-title\" aria-selected=\"false\" data-tab=\"5\" role=\"tab\" tabindex=\"-1\" aria-controls=\"e-tab-content-2805\">\n\t\t\t\t\t\t\t\t\t\t\t\t\t\t\t\t\t\t\t\t\t<div class=\"e-tab-thumbnail\">\n\t\t\t\t\t\t\t\t\t\t\t\t\t\t\t\t\t\t\t\t\t\t\t\t\t<img decoding=\"async\" src=\"https:\/\/eyoa.de\/wp-content\/uploads\/2025\/10\/abschlusskonzert-2023-welturauffuehrung-buga.jpg\" alt=\"2023 \u2013 Buga Spinelli Mannheim\" loading=\"lazy\" \/>\n\t\t\t\t\t\t\t\t\t\t\t\t\t\t\t\t\t\t\t\t\t\t\t\t<span class=\"icon-play\"><svg aria-hidden=\"true\" class=\"e-font-icon-svg e-fas-play-circle\" viewBox=\"0 0 512 512\" xmlns=\"http:\/\/www.w3.org\/2000\/svg\"><path d=\"M256 8C119 8 8 119 8 256s111 248 248 248 248-111 248-248S393 8 256 8zm115.7 272l-176 101c-15.8 8.8-35.7-2.5-35.7-21V152c0-18.4 19.8-29.8 35.7-21l176 107c16.4 9.2 16.4 32.9 0 42z\"><\/path><\/svg><\/span>\n\t\t\t\t\t\t\t\t\t\t\t\t<span class=\"icon-watched\"><svg aria-hidden=\"true\" class=\"e-font-icon-svg e-fas-check-circle\" viewBox=\"0 0 512 512\" xmlns=\"http:\/\/www.w3.org\/2000\/svg\"><path d=\"M504 256c0 136.967-111.033 248-248 248S8 392.967 8 256 119.033 8 256 8s248 111.033 248 248zM227.314 387.314l184-184c6.248-6.248 6.248-16.379 0-22.627l-22.627-22.627c-6.248-6.249-16.379-6.249-22.628 0L216 308.118l-70.059-70.059c-6.248-6.248-16.379-6.248-22.628 0l-22.627 22.627c-6.248 6.248-6.248 16.379 0 22.627l104 104c6.249 6.249 16.379 6.249 22.628.001z\"><\/path><\/svg><\/span>\n\t\t\t\t\t\t\t\t\t\t\t<\/div>\n\t\t\t\t\t\t\t\t\t\t\t\t\t\t\t\t\t\t\t\t<h4 class=\"e-tab-title-text\">\n\t\t\t\t\t\t\t\t\t\t\t<button type=\"button\">2023 \u2013 Buga Spinelli Mannheim<\/button>\n\t\t\t\t\t\t\t\t\t\t<\/h4>\n\t\t\t\t\t\t\t\t\t\t\t\t\t\t\t\t\t\t\t<\/div>\n\t\t\t\t\t\t\t\t\t\t\t\t\t\t\t\t\t\t\t\t\t\t\t\t\t\t\t\t\t\t\t\t<div id=\"e-tab-title-2806\" class=\"e-tab-title e-tab-desktop-title\" aria-selected=\"false\" data-tab=\"6\" role=\"tab\" tabindex=\"-1\" aria-controls=\"e-tab-content-2806\">\n\t\t\t\t\t\t\t\t\t\t\t\t\t\t\t\t\t\t\t\t\t<div class=\"e-tab-thumbnail\">\n\t\t\t\t\t\t\t\t\t\t\t\t\t\t\t\t\t\t\t\t\t\t\t\t\t<img decoding=\"async\" src=\"https:\/\/eyoa.de\/wp-content\/uploads\/2025\/10\/eyoa-2022-seebuehne-joel.jpg\" alt=\"2022 \u2013 Seeb\u00fchne Luisenpark Mannheim\" loading=\"lazy\" \/>\n\t\t\t\t\t\t\t\t\t\t\t\t\t\t\t\t\t\t\t\t\t\t\t\t<span class=\"icon-play\"><svg aria-hidden=\"true\" class=\"e-font-icon-svg e-fas-play-circle\" viewBox=\"0 0 512 512\" xmlns=\"http:\/\/www.w3.org\/2000\/svg\"><path d=\"M256 8C119 8 8 119 8 256s111 248 248 248 248-111 248-248S393 8 256 8zm115.7 272l-176 101c-15.8 8.8-35.7-2.5-35.7-21V152c0-18.4 19.8-29.8 35.7-21l176 107c16.4 9.2 16.4 32.9 0 42z\"><\/path><\/svg><\/span>\n\t\t\t\t\t\t\t\t\t\t\t\t<span class=\"icon-watched\"><svg aria-hidden=\"true\" class=\"e-font-icon-svg e-fas-check-circle\" viewBox=\"0 0 512 512\" xmlns=\"http:\/\/www.w3.org\/2000\/svg\"><path d=\"M504 256c0 136.967-111.033 248-248 248S8 392.967 8 256 119.033 8 256 8s248 111.033 248 248zM227.314 387.314l184-184c6.248-6.248 6.248-16.379 0-22.627l-22.627-22.627c-6.248-6.249-16.379-6.249-22.628 0L216 308.118l-70.059-70.059c-6.248-6.248-16.379-6.248-22.628 0l-22.627 22.627c-6.248 6.248-6.248 16.379 0 22.627l104 104c6.249 6.249 16.379 6.249 22.628.001z\"><\/path><\/svg><\/span>\n\t\t\t\t\t\t\t\t\t\t\t<\/div>\n\t\t\t\t\t\t\t\t\t\t\t\t\t\t\t\t\t\t\t\t<h4 class=\"e-tab-title-text\">\n\t\t\t\t\t\t\t\t\t\t\t<button type=\"button\">2022 \u2013 Seeb\u00fchne Luisenpark Mannheim<\/button>\n\t\t\t\t\t\t\t\t\t\t<\/h4>\n\t\t\t\t\t\t\t\t\t\t\t\t\t\t\t\t\t\t\t<\/div>\n\t\t\t\t\t\t\t\t\t\t\t\t\t\t\t\t\t\t\t\t\t\t\t\t\t\t\t\t\t\t\t\t<div id=\"e-tab-title-2807\" class=\"e-tab-title e-tab-desktop-title\" aria-selected=\"false\" data-tab=\"7\" role=\"tab\" tabindex=\"-1\" aria-controls=\"e-tab-content-2807\">\n\t\t\t\t\t\t\t\t\t\t\t\t\t\t\t\t\t\t\t\t\t<div class=\"e-tab-thumbnail\">\n\t\t\t\t\t\t\t\t\t\t\t\t\t\t\t\t\t\t\t\t\t\t\t\t\t<img decoding=\"async\" src=\"https:\/\/eyoa.de\/wp-content\/uploads\/2025\/10\/eyoa-2021-finals.jpg\" alt=\"2021 \u2013 Virtuelles Livestream-Konzert\" loading=\"lazy\" \/>\n\t\t\t\t\t\t\t\t\t\t\t\t\t\t\t\t\t\t\t\t\t\t\t\t<span class=\"icon-play\"><svg aria-hidden=\"true\" class=\"e-font-icon-svg e-fas-play-circle\" viewBox=\"0 0 512 512\" xmlns=\"http:\/\/www.w3.org\/2000\/svg\"><path d=\"M256 8C119 8 8 119 8 256s111 248 248 248 248-111 248-248S393 8 256 8zm115.7 272l-176 101c-15.8 8.8-35.7-2.5-35.7-21V152c0-18.4 19.8-29.8 35.7-21l176 107c16.4 9.2 16.4 32.9 0 42z\"><\/path><\/svg><\/span>\n\t\t\t\t\t\t\t\t\t\t\t\t<span class=\"icon-watched\"><svg aria-hidden=\"true\" class=\"e-font-icon-svg e-fas-check-circle\" viewBox=\"0 0 512 512\" xmlns=\"http:\/\/www.w3.org\/2000\/svg\"><path d=\"M504 256c0 136.967-111.033 248-248 248S8 392.967 8 256 119.033 8 256 8s248 111.033 248 248zM227.314 387.314l184-184c6.248-6.248 6.248-16.379 0-22.627l-22.627-22.627c-6.248-6.249-16.379-6.249-22.628 0L216 308.118l-70.059-70.059c-6.248-6.248-16.379-6.248-22.628 0l-22.627 22.627c-6.248 6.248-6.248 16.379 0 22.627l104 104c6.249 6.249 16.379 6.249 22.628.001z\"><\/path><\/svg><\/span>\n\t\t\t\t\t\t\t\t\t\t\t<\/div>\n\t\t\t\t\t\t\t\t\t\t\t\t\t\t\t\t\t\t\t\t<h4 class=\"e-tab-title-text\">\n\t\t\t\t\t\t\t\t\t\t\t<button type=\"button\">2021 \u2013 Virtuelles Livestream-Konzert<\/button>\n\t\t\t\t\t\t\t\t\t\t<\/h4>\n\t\t\t\t\t\t\t\t\t\t\t\t\t\t\t\t\t\t\t<\/div>\n\t\t\t\t\t\t\t\t\t\t\t\t\t\t\t\t\t\t\t\t\t\t\t\t\t\t\t\t\t\t\t\t<div id=\"e-tab-title-2808\" class=\"e-tab-title e-tab-desktop-title\" aria-selected=\"false\" data-tab=\"8\" role=\"tab\" tabindex=\"-1\" aria-controls=\"e-tab-content-2808\">\n\t\t\t\t\t\t\t\t\t\t\t\t\t\t\t\t\t\t\t\t\t<div class=\"e-tab-thumbnail\">\n\t\t\t\t\t\t\t\t\t\t\t\t\t\t\t\t\t\t\t\t\t\t\t\t\t<img decoding=\"async\" src=\"https:\/\/eyoa.de\/wp-content\/uploads\/2025\/10\/eyoa-2019.jpg\" alt=\"2019 \u2013 Schloss Mannheim\" loading=\"lazy\" \/>\n\t\t\t\t\t\t\t\t\t\t\t\t\t\t\t\t\t\t\t\t\t\t\t\t<span class=\"icon-play\"><svg aria-hidden=\"true\" class=\"e-font-icon-svg e-fas-play-circle\" viewBox=\"0 0 512 512\" xmlns=\"http:\/\/www.w3.org\/2000\/svg\"><path d=\"M256 8C119 8 8 119 8 256s111 248 248 248 248-111 248-248S393 8 256 8zm115.7 272l-176 101c-15.8 8.8-35.7-2.5-35.7-21V152c0-18.4 19.8-29.8 35.7-21l176 107c16.4 9.2 16.4 32.9 0 42z\"><\/path><\/svg><\/span>\n\t\t\t\t\t\t\t\t\t\t\t\t<span class=\"icon-watched\"><svg aria-hidden=\"true\" class=\"e-font-icon-svg e-fas-check-circle\" viewBox=\"0 0 512 512\" xmlns=\"http:\/\/www.w3.org\/2000\/svg\"><path d=\"M504 256c0 136.967-111.033 248-248 248S8 392.967 8 256 119.033 8 256 8s248 111.033 248 248zM227.314 387.314l184-184c6.248-6.248 6.248-16.379 0-22.627l-22.627-22.627c-6.248-6.249-16.379-6.249-22.628 0L216 308.118l-70.059-70.059c-6.248-6.248-16.379-6.248-22.628 0l-22.627 22.627c-6.248 6.248-6.248 16.379 0 22.627l104 104c6.249 6.249 16.379 6.249 22.628.001z\"><\/path><\/svg><\/span>\n\t\t\t\t\t\t\t\t\t\t\t<\/div>\n\t\t\t\t\t\t\t\t\t\t\t\t\t\t\t\t\t\t\t\t<h4 class=\"e-tab-title-text\">\n\t\t\t\t\t\t\t\t\t\t\t<button type=\"button\">2019 \u2013 Schloss Mannheim<\/button>\n\t\t\t\t\t\t\t\t\t\t<\/h4>\n\t\t\t\t\t\t\t\t\t\t\t\t\t\t\t\t\t\t\t<\/div>\n\t\t\t\t\t\t\t\t\t\t\t\t\t\t\t\t\t\t\t\t\t<\/div>\n\t\t\t\t\t\t<div class=\"shadow shadow-top\" aria-hidden=\"true\"><\/div>\n\t\t\t\t\t\t<div class=\"shadow shadow-bottom\" aria-hidden=\"true\"><\/div>\n\t\t\t\t\t<\/div>\n\t\t\t\t<\/div>\n\n\t\t\t\t<div class=\"e-tabs-content-wrapper\" role=\"tablist\" aria-orientation=\"vertical\">\n\t\t\t\t\t\t\t\t\t\t\t<div id=\"e-tab-content-2801\" class=\"e-tab-content elementor-clearfix\" data-tab=\"1\" role=\"tabpanel\" aria-labelledby=\"e-tab-title-2801\" tabindex=\"0\" data-video-url=\"https:\/\/eyoa.de\/wp-content\/uploads\/2025\/09\/Making-off-EYOA-RNF.mp4\" data-video-type=\"hosted\" data-video-title=\"Making Off EYOA (RNF)\" data-video-duration=\"\">\n\t\t\t\t\t\t\t<div><\/div>\n\t\t\t\t\t\t\t\t\t\t\t\t\t\t\t<div class=\"elementor-custom-embed-image-overlay elementor-clickable\" style=\"background-image: url('https:\/\/eyoa.de\/wp-content\/uploads\/2025\/09\/cover-making-off.jpg');\">\n\t\t\t\t\t\t\t\t\t\t\t\t\t\t\t\t\t\t\t<div class=\"elementor-custom-embed-play\" role=\"button\" tabindex=\"0\" aria-label=\"Video abspielen\">\n\t\t\t\t\t\t\t\t\t\t\t<svg aria-hidden=\"true\" class=\"e-font-icon-svg e-far-play-circle\" viewBox=\"0 0 512 512\" xmlns=\"http:\/\/www.w3.org\/2000\/svg\"><path d=\"M371.7 238l-176-107c-15.8-8.8-35.7 2.5-35.7 21v208c0 18.4 19.8 29.8 35.7 21l176-101c16.4-9.1 16.4-32.8 0-42zM504 256C504 119 393 8 256 8S8 119 8 256s111 248 248 248 248-111 248-248zm-448 0c0-110.5 89.5-200 200-200s200 89.5 200 200-89.5 200-200 200S56 366.5 56 256z\"><\/path><\/svg>\t\t\t\t\t\t\t\t\t\t<\/div>\n\t\t\t\t\t\t\t\t\t\t\t\t\t\t\t\t\t<\/div>\n\t\t\t\t\t\t\t\t\t\t\t\t\t<\/div>\n\t\t\t\t\t\t\t\t\t\t\t<div id=\"e-tab-content-2802\" class=\"e-tab-content elementor-clearfix\" data-tab=\"2\" role=\"tabpanel\" aria-labelledby=\"e-tab-title-2802\" tabindex=\"0\" data-video-url=\"https:\/\/youtu.be\/gk3wZXFfIcA\" data-video-type=\"youtube\" data-video-title=\"2025 \u2013 Opal Mannheim\" data-video-duration=\"\" hidden=\"hidden\">\n\t\t\t\t\t\t\t<div><\/div>\n\t\t\t\t\t\t\t\t\t\t\t\t\t<\/div>\n\t\t\t\t\t\t\t\t\t\t\t<div id=\"e-tab-content-2803\" class=\"e-tab-content elementor-clearfix\" data-tab=\"3\" role=\"tabpanel\" aria-labelledby=\"e-tab-title-2803\" tabindex=\"0\" data-video-url=\"https:\/\/youtu.be\/V0e1-6PNb3k\" data-video-type=\"youtube\" data-video-title=\"2024 \u2013 Rosengarten Mannheim I\" data-video-duration=\"\" hidden=\"hidden\">\n\t\t\t\t\t\t\t<div><\/div>\n\t\t\t\t\t\t\t\t\t\t\t\t\t<\/div>\n\t\t\t\t\t\t\t\t\t\t\t<div id=\"e-tab-content-2804\" class=\"e-tab-content elementor-clearfix\" data-tab=\"4\" role=\"tabpanel\" aria-labelledby=\"e-tab-title-2804\" tabindex=\"0\" data-video-url=\"https:\/\/youtu.be\/KvuPQGY92n4 \" data-video-type=\"youtube\" data-video-title=\"2024 \u2013 Rosengarten Mannheim II\" data-video-duration=\"\" hidden=\"hidden\">\n\t\t\t\t\t\t\t<div><\/div>\n\t\t\t\t\t\t\t\t\t\t\t\t\t<\/div>\n\t\t\t\t\t\t\t\t\t\t\t<div id=\"e-tab-content-2805\" class=\"e-tab-content elementor-clearfix\" data-tab=\"5\" role=\"tabpanel\" aria-labelledby=\"e-tab-title-2805\" tabindex=\"0\" data-video-url=\"https:\/\/youtu.be\/7ICYLkyVu04\" data-video-type=\"youtube\" data-video-title=\"2023 \u2013 Buga Spinelli Mannheim\" data-video-duration=\"\" hidden=\"hidden\">\n\t\t\t\t\t\t\t<div><\/div>\n\t\t\t\t\t\t\t\t\t\t\t\t\t<\/div>\n\t\t\t\t\t\t\t\t\t\t\t<div id=\"e-tab-content-2806\" class=\"e-tab-content elementor-clearfix\" data-tab=\"6\" role=\"tabpanel\" aria-labelledby=\"e-tab-title-2806\" tabindex=\"0\" data-video-url=\"https:\/\/youtu.be\/cYBIwbF9weE\" data-video-type=\"youtube\" data-video-title=\"2022 \u2013 Seeb\u00fchne Luisenpark Mannheim\" data-video-duration=\"\" hidden=\"hidden\">\n\t\t\t\t\t\t\t<div><\/div>\n\t\t\t\t\t\t\t\t\t\t\t\t\t<\/div>\n\t\t\t\t\t\t\t\t\t\t\t<div id=\"e-tab-content-2807\" class=\"e-tab-content elementor-clearfix\" data-tab=\"7\" role=\"tabpanel\" aria-labelledby=\"e-tab-title-2807\" tabindex=\"0\" data-video-url=\"https:\/\/youtu.be\/spyZwqgsaJM\" data-video-type=\"youtube\" data-video-title=\"2021 \u2013 Virtuelles Livestream-Konzert\" data-video-duration=\"\" hidden=\"hidden\">\n\t\t\t\t\t\t\t<div><\/div>\n\t\t\t\t\t\t\t\t\t\t\t\t\t<\/div>\n\t\t\t\t\t\t\t\t\t\t\t<div id=\"e-tab-content-2808\" class=\"e-tab-content elementor-clearfix\" data-tab=\"8\" role=\"tabpanel\" aria-labelledby=\"e-tab-title-2808\" tabindex=\"0\" data-video-url=\"https:\/\/youtu.be\/wtSNPAsdApQ\" data-video-type=\"youtube\" data-video-title=\"2019 \u2013 Schloss Mannheim\" data-video-duration=\"\" hidden=\"hidden\">\n\t\t\t\t\t\t\t<div><\/div>\n\t\t\t\t\t\t\t\t\t\t\t\t\t<\/div>\n\t\t\t\t\t\t\t\t\t<\/div>\n\t\t\t<\/div>\n\n\t\t\t<div class=\"e-tabs-inner-tabs\" >\n\t\t\t\t\t\t\t\t\t\t\t\t\t\t\t\t\t\t\t\t\t\t\t\t\t\t\t\t\t\t\t\t\t\t\t\t\t\t\t\t\t\t\t\t\t\t\t\t\t\t\t\t\t\t\t\t\t\t\t\t\t\t\t\t\t\t\t\t\t\t\t\t\t\t\t\t\t\t\t<\/div>\n\t\t<\/div>\n\t\t\t\t\t\t<\/div>\n\t\t\t\t<\/div>\n\t\t<div class=\"elementor-element elementor-element-e493f20 e-con-full e-flex e-con e-parent\" data-id=\"e493f20\" data-element_type=\"container\" data-e-type=\"container\">\n\t\t\t\t<div class=\"elementor-element elementor-element-9175373 elementor-widget-divider--view-line elementor-widget elementor-widget-divider\" data-id=\"9175373\" data-element_type=\"widget\" data-e-type=\"widget\" data-widget_type=\"divider.default\">\n\t\t\t\t\t\t\t<div class=\"elementor-divider\">\n\t\t\t<span class=\"elementor-divider-separator\">\n\t\t\t\t\t\t<\/span>\n\t\t<\/div>\n\t\t\t\t\t\t<\/div>\n\t\t\t\t<div class=\"elementor-element elementor-element-ec5d8ab elementor-widget elementor-widget-heading\" data-id=\"ec5d8ab\" data-element_type=\"widget\" data-e-type=\"widget\" data-widget_type=\"heading.default\">\n\t\t\t\t\t<h2 class=\"elementor-heading-title elementor-size-default\">Fotob\u00fccher<\/h2>\t\t\t\t<\/div>\n\t\t\t\t<\/div>\n\t\t<div class=\"elementor-element elementor-element-e8de574 e-con-full e-flex e-con e-parent\" data-id=\"e8de574\" data-element_type=\"container\" data-e-type=\"container\">\n\t\t<div class=\"elementor-element elementor-element-ea1dea5 e-con-full e-flex e-con e-child\" data-id=\"ea1dea5\" data-element_type=\"container\" data-e-type=\"container\" data-settings=\"{&quot;background_background&quot;:&quot;classic&quot;}\">\n\t\t\t\t<div class=\"elementor-element elementor-element-2a39b49 elementor-widget elementor-widget-image\" data-id=\"2a39b49\" data-element_type=\"widget\" data-e-type=\"widget\" data-widget_type=\"image.default\">\n\t\t\t\t\t\t\t\t\t\t\t\t<figure class=\"wp-caption\">\n\t\t\t\t\t\t\t\t\t\t\t<a href=\"https:\/\/www.canva.com\/design\/DAGml7ePIis\/VaKjS2ZSXEPhS_tCaQasUg\/view?utm_content=DAGml7ePIis&#038;utm_campaign=designshare&#038;utm_medium=link2&#038;utm_source=uniquelinks&#038;utlId=hf3d2a66bf1\" target=\"_blank\">\n\t\t\t\t\t\t\t<img decoding=\"async\" width=\"1000\" height=\"773\" src=\"https:\/\/eyoa.de\/wp-content\/uploads\/2025\/10\/EYOA-2025-Fotobuch.png\" class=\"attachment-large size-large wp-image-3843\" alt=\"Fotobuch Cover EYOA 2025\" srcset=\"https:\/\/eyoa.de\/wp-content\/uploads\/2025\/10\/EYOA-2025-Fotobuch.png 1000w, https:\/\/eyoa.de\/wp-content\/uploads\/2025\/10\/EYOA-2025-Fotobuch-300x232.png 300w, https:\/\/eyoa.de\/wp-content\/uploads\/2025\/10\/EYOA-2025-Fotobuch-768x594.png 768w\" sizes=\"(max-width: 1000px) 100vw, 1000px\" \/>\t\t\t\t\t\t\t\t<\/a>\n\t\t\t\t\t\t\t\t\t\t\t<figcaption class=\"widget-image-caption wp-caption-text\"><\/figcaption>\n\t\t\t\t\t\t\t\t\t\t<\/figure>\n\t\t\t\t\t\t\t\t\t<\/div>\n\t\t\t\t<div class=\"elementor-element elementor-element-5b08ff0 elementor-align-left elementor-widget elementor-widget-button\" data-id=\"5b08ff0\" data-element_type=\"widget\" data-e-type=\"widget\" data-widget_type=\"button.default\">\n\t\t\t\t\t\t\t\t\t\t<a class=\"elementor-button elementor-button-link elementor-size-sm\" href=\"https:\/\/www.canva.com\/design\/DAGml7ePIis\/VaKjS2ZSXEPhS_tCaQasUg\/view?utm_content=DAGml7ePIis&#038;utm_campaign=designshare&#038;utm_medium=link2&#038;utm_source=uniquelinks&#038;utlId=hf3d2a66bf1\" target=\"_blank\">\n\t\t\t\t\t\t<span class=\"elementor-button-content-wrapper\">\n\t\t\t\t\t\t\t\t\t<span class=\"elementor-button-text\">Fotobuch 2025<\/span>\n\t\t\t\t\t<\/span>\n\t\t\t\t\t<\/a>\n\t\t\t\t\t\t\t\t<\/div>\n\t\t\t\t<\/div>\n\t\t<div class=\"elementor-element elementor-element-1fbab2d e-con-full e-flex e-con e-child\" data-id=\"1fbab2d\" data-element_type=\"container\" data-e-type=\"container\" data-settings=\"{&quot;background_background&quot;:&quot;classic&quot;}\">\n\t\t\t\t<div class=\"elementor-element elementor-element-9e02adf elementor-widget elementor-widget-image\" data-id=\"9e02adf\" data-element_type=\"widget\" data-e-type=\"widget\" data-widget_type=\"image.default\">\n\t\t\t\t\t\t\t\t\t\t\t\t<figure class=\"wp-caption\">\n\t\t\t\t\t\t\t\t\t\t\t<a href=\"https:\/\/www.canva.com\/design\/DAFuELy8BbE\/-of4EYsZx6bb8mJQ00Z2lw\/view?utm_content=DAFuELy8BbE&#038;utm_campaign=designshare&#038;utm_medium=link&#038;utm_source=viewer\" target=\"_blank\">\n\t\t\t\t\t\t\t<img decoding=\"async\" width=\"1000\" height=\"768\" src=\"https:\/\/eyoa.de\/wp-content\/uploads\/2025\/10\/EYOA-2024-Photobook.png\" class=\"attachment-large size-large wp-image-3844\" alt=\"Fotobuch Cover EYOA 2024\" srcset=\"https:\/\/eyoa.de\/wp-content\/uploads\/2025\/10\/EYOA-2024-Photobook.png 1000w, https:\/\/eyoa.de\/wp-content\/uploads\/2025\/10\/EYOA-2024-Photobook-300x230.png 300w, https:\/\/eyoa.de\/wp-content\/uploads\/2025\/10\/EYOA-2024-Photobook-768x590.png 768w\" sizes=\"(max-width: 1000px) 100vw, 1000px\" \/>\t\t\t\t\t\t\t\t<\/a>\n\t\t\t\t\t\t\t\t\t\t\t<figcaption class=\"widget-image-caption wp-caption-text\"><\/figcaption>\n\t\t\t\t\t\t\t\t\t\t<\/figure>\n\t\t\t\t\t\t\t\t\t<\/div>\n\t\t\t\t<div class=\"elementor-element elementor-element-1245820 elementor-align-left elementor-widget elementor-widget-button\" data-id=\"1245820\" data-element_type=\"widget\" data-e-type=\"widget\" data-widget_type=\"button.default\">\n\t\t\t\t\t\t\t\t\t\t<a class=\"elementor-button elementor-button-link elementor-size-sm\" href=\"https:\/\/www.canva.com\/design\/DAFuELy8BbE\/-of4EYsZx6bb8mJQ00Z2lw\/view?utm_content=DAFuELy8BbE&#038;utm_campaign=designshare&#038;utm_medium=link&#038;utm_source=viewer\" target=\"_blank\">\n\t\t\t\t\t\t<span class=\"elementor-button-content-wrapper\">\n\t\t\t\t\t\t\t\t\t<span class=\"elementor-button-text\">Fotobuch 2024<\/span>\n\t\t\t\t\t<\/span>\n\t\t\t\t\t<\/a>\n\t\t\t\t\t\t\t\t<\/div>\n\t\t\t\t<\/div>\n\t\t<div class=\"elementor-element elementor-element-7b7d32a e-con-full e-flex e-con e-child\" data-id=\"7b7d32a\" data-element_type=\"container\" data-e-type=\"container\" data-settings=\"{&quot;background_background&quot;:&quot;classic&quot;}\">\n\t\t\t\t<div class=\"elementor-element elementor-element-9d5e198 elementor-widget elementor-widget-image\" data-id=\"9d5e198\" data-element_type=\"widget\" data-e-type=\"widget\" data-widget_type=\"image.default\">\n\t\t\t\t\t\t\t\t\t\t\t\t<figure class=\"wp-caption\">\n\t\t\t\t\t\t\t\t\t\t\t<a href=\"https:\/\/www.canva.com\/design\/DAFtM6pUcdo\/w_vEyWvL6R6b0b0XJ7bmVA\/view?utm_content=DAFtM6pUcdo&#038;utm_campaign=designshare&#038;utm_medium=link2&#038;utm_source=uniquelinks&#038;utlId=hb3c8edc212\" target=\"_blank\">\n\t\t\t\t\t\t\t<img loading=\"lazy\" decoding=\"async\" width=\"1000\" height=\"773\" src=\"https:\/\/eyoa.de\/wp-content\/uploads\/2025\/10\/EYOA-2023-Photobook.png\" class=\"attachment-large size-large wp-image-3845\" alt=\"Fotobuch Cover EYOA 2023\" srcset=\"https:\/\/eyoa.de\/wp-content\/uploads\/2025\/10\/EYOA-2023-Photobook.png 1000w, https:\/\/eyoa.de\/wp-content\/uploads\/2025\/10\/EYOA-2023-Photobook-300x232.png 300w, https:\/\/eyoa.de\/wp-content\/uploads\/2025\/10\/EYOA-2023-Photobook-768x594.png 768w\" sizes=\"(max-width: 1000px) 100vw, 1000px\" \/>\t\t\t\t\t\t\t\t<\/a>\n\t\t\t\t\t\t\t\t\t\t\t<figcaption class=\"widget-image-caption wp-caption-text\"><\/figcaption>\n\t\t\t\t\t\t\t\t\t\t<\/figure>\n\t\t\t\t\t\t\t\t\t<\/div>\n\t\t\t\t<div class=\"elementor-element elementor-element-c852a41 elementor-align-left elementor-widget elementor-widget-button\" data-id=\"c852a41\" data-element_type=\"widget\" data-e-type=\"widget\" data-widget_type=\"button.default\">\n\t\t\t\t\t\t\t\t\t\t<a class=\"elementor-button elementor-button-link elementor-size-sm\" href=\"https:\/\/www.canva.com\/design\/DAFtM6pUcdo\/w_vEyWvL6R6b0b0XJ7bmVA\/view?utm_content=DAFtM6pUcdo&#038;utm_campaign=designshare&#038;utm_medium=link2&#038;utm_source=uniquelinks&#038;utlId=hb3c8edc212\" target=\"_blank\">\n\t\t\t\t\t\t<span class=\"elementor-button-content-wrapper\">\n\t\t\t\t\t\t\t\t\t<span class=\"elementor-button-text\">Fotobuch 2023<\/span>\n\t\t\t\t\t<\/span>\n\t\t\t\t\t<\/a>\n\t\t\t\t\t\t\t\t<\/div>\n\t\t\t\t<\/div>\n\t\t\t\t<\/div>\n\t\t<div class=\"elementor-element elementor-element-9b4da22 e-con-full anchor-offset e-flex e-con e-parent\" data-id=\"9b4da22\" data-element_type=\"container\" data-e-type=\"container\" id=\"sponsoren\">\n\t\t\t\t<\/div>\n\t\t<div class=\"elementor-element elementor-element-f896d18 e-con-full e-flex e-con e-parent\" data-id=\"f896d18\" data-element_type=\"container\" data-e-type=\"container\">\n\t\t\t\t<div class=\"elementor-element elementor-element-cdb5f01 elementor-widget-divider--view-line elementor-widget elementor-widget-divider\" data-id=\"cdb5f01\" data-element_type=\"widget\" data-e-type=\"widget\" data-widget_type=\"divider.default\">\n\t\t\t\t\t\t\t<div class=\"elementor-divider\">\n\t\t\t<span class=\"elementor-divider-separator\">\n\t\t\t\t\t\t<\/span>\n\t\t<\/div>\n\t\t\t\t\t\t<\/div>\n\t\t\t\t<div class=\"elementor-element elementor-element-aeaac9e elementor-widget elementor-widget-heading\" data-id=\"aeaac9e\" data-element_type=\"widget\" data-e-type=\"widget\" data-widget_type=\"heading.default\">\n\t\t\t\t\t<h2 class=\"elementor-heading-title elementor-size-default\">Unterst\u00fctzer &amp; Sponsoren<\/h2>\t\t\t\t<\/div>\n\t\t\t\t<\/div>\n\t\t<div class=\"elementor-element elementor-element-a2d7312 e-con-full e-flex e-con e-parent\" data-id=\"a2d7312\" data-element_type=\"container\" data-e-type=\"container\">\n\t\t<div class=\"elementor-element elementor-element-ddc5579 e-con-full e-flex e-con e-child\" data-id=\"ddc5579\" data-element_type=\"container\" data-e-type=\"container\">\n\t\t\t\t<div class=\"elementor-element elementor-element-ce0c8b4 elementor-blockquote--skin-quotation elementor-widget elementor-widget-blockquote\" data-id=\"ce0c8b4\" data-element_type=\"widget\" data-e-type=\"widget\" data-widget_type=\"blockquote.default\">\n\t\t\t\t\t\t\t<blockquote class=\"elementor-blockquote\">\n\t\t\t<p class=\"elementor-blockquote__content\">\n\t\t\t\tDas Herz unserer Stiftung schl\u00e4gt f\u00fcr junge Talente, Kunst und Kultur \u2013 und mit der EYOA wird dies lebendig: E f\u00fcr europ\u00e4ische Einheit und Vielfalt, Y f\u00fcr junge Musiktalente, O f\u00fcr das orchestrale Zusammenspiel und A f\u00fcr Academy, also f\u00fcr die F\u00f6rderung und Weiterbildung. Die Akademie gibt den Jugendlichen eine B\u00fchne f\u00fcr ihr K\u00f6nnen und dem Publikum die Chance, die weltber\u00fchmte Mannheimer Musiktradition zu erleben.\t\t\t<\/p>\n\t\t\t\t\t\t\t<div class=\"e-q-footer\">\n\t\t\t\t\t\t\t\t\t\t\t<cite class=\"elementor-blockquote__author\">Ninella Aschermann f\u00fcr Dr. Rolf M. Schwiete Stiftung. Gesellschafter.<\/cite>\n\t\t\t\t\t\t\t\t\t\t\t\t\t\t<\/div>\n\t\t\t\t\t<\/blockquote>\n\t\t\t\t\t\t<\/div>\n\t\t\t\t<\/div>\n\t\t<div class=\"elementor-element elementor-element-158118f e-con-full e-flex e-con e-child\" data-id=\"158118f\" data-element_type=\"container\" data-e-type=\"container\">\n\t\t\t\t<div class=\"elementor-element elementor-element-635d9f4 elementor-widget elementor-widget-image\" data-id=\"635d9f4\" data-element_type=\"widget\" data-e-type=\"widget\" data-widget_type=\"image.default\">\n\t\t\t\t\t\t\t\t\t\t\t\t\t\t\t\t<a href=\"https:\/\/schwiete-stiftung.com\" target=\"_blank\">\n\t\t\t\t\t\t\t<img decoding=\"async\" src=\"https:\/\/eyoa.de\/wp-content\/uploads\/elementor\/thumbs\/sch-s-ninella-aschermann-protrait-e1773156670636-rkb4wmabuz2wul2j95wt4ad9zq4u19ibvt6vkftn80.jpg\" title=\"sch-s-ninella-aschermann-protrait\" alt=\"Portrait Ninella Aschermann, Rolff M. Schwiete Stiftung\" loading=\"lazy\" \/>\t\t\t\t\t\t\t\t<\/a>\n\t\t\t\t\t\t\t\t\t\t\t\t\t\t\t<\/div>\n\t\t\t\t<\/div>\n\t\t\t\t<\/div>\n\t\t<div class=\"elementor-element elementor-element-bbb710d e-con-full e-flex e-con e-parent\" data-id=\"bbb710d\" data-element_type=\"container\" data-e-type=\"container\">\n\t\t\t\t<div class=\"elementor-element elementor-element-8d4f470 elementor-widget-divider--view-line elementor-widget elementor-widget-divider\" data-id=\"8d4f470\" data-element_type=\"widget\" data-e-type=\"widget\" data-widget_type=\"divider.default\">\n\t\t\t\t\t\t\t<div class=\"elementor-divider\">\n\t\t\t<span class=\"elementor-divider-separator\">\n\t\t\t\t\t\t<\/span>\n\t\t<\/div>\n\t\t\t\t\t\t<\/div>\n\t\t\t\t<\/div>\n\t\t<div class=\"elementor-element elementor-element-f4ee012 e-con-full e-flex e-con e-parent\" data-id=\"f4ee012\" data-element_type=\"container\" data-e-type=\"container\">\n\t\t\t\t<div class=\"elementor-element elementor-element-2b1842d elementor-widget elementor-widget-n-accordion\" data-id=\"2b1842d\" data-element_type=\"widget\" data-e-type=\"widget\" data-settings=\"{&quot;default_state&quot;:&quot;all_collapsed&quot;,&quot;max_items_expended&quot;:&quot;one&quot;,&quot;n_accordion_animation_duration&quot;:{&quot;unit&quot;:&quot;ms&quot;,&quot;size&quot;:400,&quot;sizes&quot;:[]}}\" data-widget_type=\"nested-accordion.default\">\n\t\t\t\t\t\t\t<div class=\"e-n-accordion\" aria-label=\"Accordion. Open links with Enter or Space, close with Escape, and navigate with Arrow Keys\">\n\t\t\t\t\t\t<details id=\"e-n-accordion-item-4510\" class=\"e-n-accordion-item\" >\n\t\t\t\t<summary class=\"e-n-accordion-item-title\" data-accordion-index=\"1\" tabindex=\"0\" aria-expanded=\"false\" aria-controls=\"e-n-accordion-item-4510\" >\n\t\t\t\t\t<span class='e-n-accordion-item-title-header'><div class=\"e-n-accordion-item-title-text\"> Schirmherrschaften <\/div><\/span>\n\t\t\t\t\t\t\t<span class='e-n-accordion-item-title-icon'>\n\t\t\t<span class='e-opened' ><svg aria-hidden=\"true\" class=\"e-font-icon-svg e-fas-minus\" viewBox=\"0 0 448 512\" xmlns=\"http:\/\/www.w3.org\/2000\/svg\"><path d=\"M416 208H32c-17.67 0-32 14.33-32 32v32c0 17.67 14.33 32 32 32h384c17.67 0 32-14.33 32-32v-32c0-17.67-14.33-32-32-32z\"><\/path><\/svg><\/span>\n\t\t\t<span class='e-closed'><svg aria-hidden=\"true\" class=\"e-font-icon-svg e-fas-plus\" viewBox=\"0 0 448 512\" xmlns=\"http:\/\/www.w3.org\/2000\/svg\"><path d=\"M416 208H272V64c0-17.67-14.33-32-32-32h-32c-17.67 0-32 14.33-32 32v144H32c-17.67 0-32 14.33-32 32v32c0 17.67 14.33 32 32 32h144v144c0 17.67 14.33 32 32 32h32c17.67 0 32-14.33 32-32V304h144c17.67 0 32-14.33 32-32v-32c0-17.67-14.33-32-32-32z\"><\/path><\/svg><\/span>\n\t\t<\/span>\n\n\t\t\t\t\t\t<\/summary>\n\t\t\t\t<div role=\"region\" aria-labelledby=\"e-n-accordion-item-4510\" class=\"elementor-element elementor-element-c761f3d e-con-full e-flex e-con e-child\" data-id=\"c761f3d\" data-element_type=\"container\" data-e-type=\"container\">\n\t\t\t\t<div class=\"elementor-element elementor-element-2a21ae9 elementor-widget elementor-widget-text-editor\" data-id=\"2a21ae9\" data-element_type=\"widget\" data-e-type=\"widget\" data-widget_type=\"text-editor.default\">\n\t\t\t\t\t\t\t\t\t<p>+ <a href=\"https:\/\/www.europarl.europa.eu\/portal\/de\" target=\"_blank\" rel=\"noopener\">Europa Parlament<\/a><br \/>+ <a href=\"https:\/\/eubw.eu\/\" target=\"_blank\" rel=\"noopener\">Europa Union Baden-W\u00fcrttemberg<\/a><br \/>+ <a href=\"https:\/\/christian-specht-ma.de\/\" target=\"_blank\" rel=\"noopener\">Stadt Mannheim \u2013 Oberb\u00fcrgermeister Christian Specht<\/a><\/p>\t\t\t\t\t\t\t\t<\/div>\n\t\t\t\t<\/div>\n\t\t\t\t\t<\/details>\n\t\t\t\t\t\t<details id=\"e-n-accordion-item-4511\" class=\"e-n-accordion-item\" >\n\t\t\t\t<summary class=\"e-n-accordion-item-title\" data-accordion-index=\"2\" tabindex=\"-1\" aria-expanded=\"false\" aria-controls=\"e-n-accordion-item-4511\" >\n\t\t\t\t\t<span class='e-n-accordion-item-title-header'><div class=\"e-n-accordion-item-title-text\"> Gesellschafter <\/div><\/span>\n\t\t\t\t\t\t\t<span class='e-n-accordion-item-title-icon'>\n\t\t\t<span class='e-opened' ><svg aria-hidden=\"true\" class=\"e-font-icon-svg e-fas-minus\" viewBox=\"0 0 448 512\" xmlns=\"http:\/\/www.w3.org\/2000\/svg\"><path d=\"M416 208H32c-17.67 0-32 14.33-32 32v32c0 17.67 14.33 32 32 32h384c17.67 0 32-14.33 32-32v-32c0-17.67-14.33-32-32-32z\"><\/path><\/svg><\/span>\n\t\t\t<span class='e-closed'><svg aria-hidden=\"true\" class=\"e-font-icon-svg e-fas-plus\" viewBox=\"0 0 448 512\" xmlns=\"http:\/\/www.w3.org\/2000\/svg\"><path d=\"M416 208H272V64c0-17.67-14.33-32-32-32h-32c-17.67 0-32 14.33-32 32v144H32c-17.67 0-32 14.33-32 32v32c0 17.67 14.33 32 32 32h144v144c0 17.67 14.33 32 32 32h32c17.67 0 32-14.33 32-32V304h144c17.67 0 32-14.33 32-32v-32c0-17.67-14.33-32-32-32z\"><\/path><\/svg><\/span>\n\t\t<\/span>\n\n\t\t\t\t\t\t<\/summary>\n\t\t\t\t<div role=\"region\" aria-labelledby=\"e-n-accordion-item-4511\" class=\"elementor-element elementor-element-6fa827a e-con-full e-flex e-con e-child\" data-id=\"6fa827a\" data-element_type=\"container\" data-e-type=\"container\">\n\t\t\t\t<div class=\"elementor-element elementor-element-9405f96 elementor-widget elementor-widget-text-editor\" data-id=\"9405f96\" data-element_type=\"widget\" data-e-type=\"widget\" data-widget_type=\"text-editor.default\">\n\t\t\t\t\t\t\t\t\t<p>+ <a href=\"https:\/\/schwiete-stiftung.com\/\" target=\"_blank\" rel=\"noopener\">Dr. Rolf M. Schwiete Stiftung \u2013 Mannheim<\/a><br \/>+ Fontana Stiftung \u2013 Baden-Baden (Website Relaunch)<br \/>+ <a href=\"https:\/\/kultur-at-home.de\" target=\"_blank\" rel=\"noopener\">Kultur@Home Metropol Rhein-Neckar e.V.<\/a><br \/>+ <a href=\"https:\/\/www.linkedin.com\/in\/dr-med-henry-johannes-greten-860b48189\/\" target=\"_blank\" rel=\"noopener\">Dr. med. Henry Johannes Greten \u2013 Heidelberg<\/a><br \/>+ <a href=\"https:\/\/www.linkedin.com\/in\/michel-mauge-a696bb83\/\" target=\"_blank\" rel=\"noopener\">Consul Michel Maug\u00e9 \u2013 Ludwigshafen<\/a><\/p>\t\t\t\t\t\t\t\t<\/div>\n\t\t\t\t<\/div>\n\t\t\t\t\t<\/details>\n\t\t\t\t\t\t<details id=\"e-n-accordion-item-4512\" class=\"e-n-accordion-item\" >\n\t\t\t\t<summary class=\"e-n-accordion-item-title\" data-accordion-index=\"3\" tabindex=\"-1\" aria-expanded=\"false\" aria-controls=\"e-n-accordion-item-4512\" >\n\t\t\t\t\t<span class='e-n-accordion-item-title-header'><div class=\"e-n-accordion-item-title-text\"> Unterst\u00fctzer <\/div><\/span>\n\t\t\t\t\t\t\t<span class='e-n-accordion-item-title-icon'>\n\t\t\t<span class='e-opened' ><svg aria-hidden=\"true\" class=\"e-font-icon-svg e-fas-minus\" viewBox=\"0 0 448 512\" xmlns=\"http:\/\/www.w3.org\/2000\/svg\"><path d=\"M416 208H32c-17.67 0-32 14.33-32 32v32c0 17.67 14.33 32 32 32h384c17.67 0 32-14.33 32-32v-32c0-17.67-14.33-32-32-32z\"><\/path><\/svg><\/span>\n\t\t\t<span class='e-closed'><svg aria-hidden=\"true\" class=\"e-font-icon-svg e-fas-plus\" viewBox=\"0 0 448 512\" xmlns=\"http:\/\/www.w3.org\/2000\/svg\"><path d=\"M416 208H272V64c0-17.67-14.33-32-32-32h-32c-17.67 0-32 14.33-32 32v144H32c-17.67 0-32 14.33-32 32v32c0 17.67 14.33 32 32 32h144v144c0 17.67 14.33 32 32 32h32c17.67 0 32-14.33 32-32V304h144c17.67 0 32-14.33 32-32v-32c0-17.67-14.33-32-32-32z\"><\/path><\/svg><\/span>\n\t\t<\/span>\n\n\t\t\t\t\t\t<\/summary>\n\t\t\t\t<div role=\"region\" aria-labelledby=\"e-n-accordion-item-4512\" class=\"elementor-element elementor-element-9d7c675 e-con-full e-flex e-con e-child\" data-id=\"9d7c675\" data-element_type=\"container\" data-e-type=\"container\">\n\t\t\t\t<div class=\"elementor-element elementor-element-505fd4c elementor-widget elementor-widget-text-editor\" data-id=\"505fd4c\" data-element_type=\"widget\" data-e-type=\"widget\" data-widget_type=\"text-editor.default\">\n\t\t\t\t\t\t\t\t\t<p>+ <a href=\"https:\/\/ebbw.eu\/\" target=\"_blank\" rel=\"noopener\">Europ\u00e4ische Bewegung Baden W\u00fcrttemberg<\/a><br \/>+ <a href=\"https:\/\/www.mannheim.de\/de\/stadt-gestalten\/verwaltung\/dezernate\/dezernat-ii\" target=\"_blank\" rel=\"noopener\">Stadt Mannheim Kulturdezernat<\/a><br \/>+ <a href=\"https:\/\/www.mannheim.de\/de\/bildung-staerken\/musikschule\" target=\"_blank\" rel=\"noopener\">Stadt Mannheim \u2013 St\u00e4dtische Musikschule Mannheim<\/a><br \/>+ <a href=\"https:\/\/www.basf.com\" target=\"_blank\" rel=\"noopener\">BASF, Ludwigshafen<\/a><br \/>+ <a href=\"https:\/\/rotary.de\/distrikt\/1860\" target=\"_blank\" rel=\"noopener\">Rotary Distrikt 1860<\/a><br \/>+ <a href=\"https:\/\/mannheim-rhein-neckar.rotary.de\/\" target=\"_blank\" rel=\"noopener\">Rotary Club Mannheim Rhein-Neckar<\/a><br \/>+ <a href=\"https:\/\/worms-nibelungen.rotary.de\/\" target=\"_blank\" rel=\"noopener\">Rotary Club Worms-Nibelungen<\/a><br \/>+ <a href=\"https:\/\/www.rotary.org\/de\/our-programs\/rotary-youth-leadership-awards\" target=\"_blank\" rel=\"noopener\">RYLA (Rotary Youth Leadership Awards)<\/a><br \/>+ <a href=\"https:\/\/www.jmd.info\/jmd\/startseite\" target=\"_blank\" rel=\"noopener\">Jeunesses Musicales<\/a><br \/>+ <a href=\"https:\/\/www.richard-wagner.org\/\" target=\"_blank\" rel=\"noopener\">Richard-Wagner Verband Kurpfalz<\/a><br \/>+ <a href=\"https:\/\/www.sinfonima.de\/stiftung\" target=\"_blank\" rel=\"noopener\">Sinfonima Stiftung<\/a><br \/>+ <a href=\"https:\/\/www.mozartways.org\/salzburg\" target=\"_blank\" rel=\"noopener\">Mozart ways Salzburg<\/a><br \/>+ <a href=\"https:\/\/m-r-n.com\/\" target=\"_blank\" rel=\"noopener\">Metropolregion Rhein-Neckar<\/a><br \/>+ <a href=\"https:\/\/www.patenschaftaufohrenhoehe.de\" target=\"_blank\" rel=\"noopener\">Vernetzungsinitiative Patenschaft auf Augenh\u00f6he<\/a><br \/>+ <a href=\"https:\/\/ch-herzogstiftung.de\/\" target=\"_blank\" rel=\"noopener\">Claus + Hilary Herzog Stiftung<\/a><\/p>\t\t\t\t\t\t\t\t<\/div>\n\t\t\t\t<\/div>\n\t\t\t\t\t<\/details>\n\t\t\t\t\t<\/div>\n\t\t\t\t\t\t<\/div>\n\t\t<div class=\"elementor-element elementor-element-8a64d84 e-con-full e-flex e-con e-child\" data-id=\"8a64d84\" data-element_type=\"container\" data-e-type=\"container\" data-settings=\"{&quot;background_background&quot;:&quot;classic&quot;}\">\n\t\t\t\t<div class=\"elementor-element elementor-element-ddcf63e elementor-widget elementor-widget-image\" data-id=\"ddcf63e\" data-element_type=\"widget\" data-e-type=\"widget\" data-widget_type=\"image.default\">\n\t\t\t\t\t\t\t\t\t\t\t\t\t\t\t\t<a href=\"https:\/\/www.europarl.europa.eu\/portal\/de\" target=\"_blank\">\n\t\t\t\t\t\t\t<img loading=\"lazy\" decoding=\"async\" width=\"600\" height=\"348\" src=\"https:\/\/eyoa.de\/wp-content\/uploads\/2025\/09\/EP_Logo-Patronage_Europea_NEG_RGB_DE-e1733930315946.png\" class=\"attachment-large size-large wp-image-1022\" alt=\"\" srcset=\"https:\/\/eyoa.de\/wp-content\/uploads\/2025\/09\/EP_Logo-Patronage_Europea_NEG_RGB_DE-e1733930315946.png 600w, https:\/\/eyoa.de\/wp-content\/uploads\/2025\/09\/EP_Logo-Patronage_Europea_NEG_RGB_DE-e1733930315946-300x174.png 300w\" sizes=\"(max-width: 600px) 100vw, 600px\" \/>\t\t\t\t\t\t\t\t<\/a>\n\t\t\t\t\t\t\t\t\t\t\t\t\t\t\t<\/div>\n\t\t\t\t<\/div>\n\t\t\t\t<\/div>\n\t\t\t\t<\/div>\n\t\t","protected":false},"excerpt":{"rendered":"<p>European Youth OrchestraAcademy Unter der Schirmherrschaft des Europ\u00e4ischen Parlaments Hier treffen sich die besten jungen Musiker:innen Europas.Hier entstehen Freundschaften, Karrieren [&hellip;]<\/p>\n","protected":false},"author":1,"featured_media":3447,"parent":0,"menu_order":1,"comment_status":"closed","ping_status":"closed","template":"","meta":{"_acf_changed":false,"site-sidebar-layout":"no-sidebar","site-content-layout":"","ast-site-content-layout":"full-width-container","site-content-style":"default","site-sidebar-style":"default","ast-global-header-display":"","ast-banner-title-visibility":"","ast-main-header-display":"","ast-hfb-above-header-display":"","ast-hfb-below-header-display":"","ast-hfb-mobile-header-display":"","site-post-title":"disabled","ast-breadcrumbs-content":"","ast-featured-img":"disabled","footer-sml-layout":"","ast-disable-related-posts":"","theme-transparent-header-meta":"","adv-header-id-meta":"","stick-header-meta":"","header-above-stick-meta":"","header-main-stick-meta":"","header-below-stick-meta":"","astra-migrate-meta-layouts":"default","ast-page-background-enabled":"default","ast-page-background-meta":{"desktop":{"background-color":"var(--ast-global-color-5)","background-image":"","background-repeat":"repeat","background-position":"center center","background-size":"auto","background-attachment":"scroll","background-type":"","background-media":"","overlay-type":"","overlay-color":"","overlay-opacity":"","overlay-gradient":""},"tablet":{"background-color":"","background-image":"","background-repeat":"repeat","background-position":"center center","background-size":"auto","background-attachment":"scroll","background-type":"","background-media":"","overlay-type":"","overlay-color":"","overlay-opacity":"","overlay-gradient":""},"mobile":{"background-color":"","background-image":"","background-repeat":"repeat","background-position":"center center","background-size":"auto","background-attachment":"scroll","background-type":"","background-media":"","overlay-type":"","overlay-color":"","overlay-opacity":"","overlay-gradient":""}},"ast-content-background-meta":{"desktop":{"background-color":"var(--ast-global-color-4)","background-image":"","background-repeat":"repeat","background-position":"center center","background-size":"auto","background-attachment":"scroll","background-type":"","background-media":"","overlay-type":"","overlay-color":"","overlay-opacity":"","overlay-gradient":""},"tablet":{"background-color":"var(--ast-global-color-4)","background-image":"","background-repeat":"repeat","background-position":"center center","background-size":"auto","background-attachment":"scroll","background-type":"","background-media":"","overlay-type":"","overlay-color":"","overlay-opacity":"","overlay-gradient":""},"mobile":{"background-color":"var(--ast-global-color-4)","background-image":"","background-repeat":"repeat","background-position":"center center","background-size":"auto","background-attachment":"scroll","background-type":"","background-media":"","overlay-type":"","overlay-color":"","overlay-opacity":"","overlay-gradient":""}},"footnotes":""},"class_list":["post-41","page","type-page","status-publish","has-post-thumbnail","hentry"],"acf":[],"yoast_head":"<!-- This site is optimized with the Yoast SEO plugin v27.2 - https:\/\/yoast.com\/product\/yoast-seo-wordpress\/ -->\n<title>Academy - EYOA<\/title>\n<meta name=\"robots\" content=\"index, follow, max-snippet:-1, max-image-preview:large, max-video-preview:-1\" \/>\n<link rel=\"canonical\" href=\"https:\/\/eyoa.de\/en\/academy\/\" \/>\n<meta property=\"og:locale\" content=\"en_GB\" \/>\n<meta property=\"og:type\" content=\"article\" \/>\n<meta property=\"og:title\" content=\"Academy - EYOA\" \/>\n<meta property=\"og:description\" content=\"European Youth OrchestraAcademy Unter der Schirmherrschaft des Europ\u00e4ischen Parlaments Hier treffen sich die besten jungen Musiker:innen Europas.Hier entstehen Freundschaften, Karrieren [&hellip;]\" \/>\n<meta property=\"og:url\" content=\"https:\/\/eyoa.de\/en\/academy\/\" \/>\n<meta property=\"og:site_name\" content=\"EYOA\" \/>\n<meta property=\"article:modified_time\" content=\"2026-03-24T10:03:21+00:00\" \/>\n<meta property=\"og:image\" content=\"https:\/\/eyoa.de\/wp-content\/uploads\/2025\/10\/eyoa2025-abschlussbild.jpg\" \/>\n\t<meta property=\"og:image:width\" content=\"1200\" \/>\n\t<meta property=\"og:image:height\" content=\"800\" \/>\n\t<meta property=\"og:image:type\" content=\"image\/jpeg\" \/>\n<meta name=\"twitter:card\" content=\"summary_large_image\" \/>\n<meta name=\"twitter:label1\" content=\"Estimated reading time\" \/>\n\t<meta name=\"twitter:data1\" content=\"18 minutes\" \/>\n<script type=\"application\/ld+json\" class=\"yoast-schema-graph\">{\"@context\":\"https:\/\/schema.org\",\"@graph\":[{\"@type\":\"WebPage\",\"@id\":\"https:\/\/eyoa.de\/academy\/\",\"url\":\"https:\/\/eyoa.de\/academy\/\",\"name\":\"Academy - EYOA\",\"isPartOf\":{\"@id\":\"https:\/\/eyoa.de\/#website\"},\"primaryImageOfPage\":{\"@id\":\"https:\/\/eyoa.de\/academy\/#primaryimage\"},\"image\":{\"@id\":\"https:\/\/eyoa.de\/academy\/#primaryimage\"},\"thumbnailUrl\":\"https:\/\/eyoa.de\/wp-content\/uploads\/2025\/10\/eyoa2025-abschlussbild.jpg\",\"datePublished\":\"2025-09-04T11:04:51+00:00\",\"dateModified\":\"2026-03-24T10:03:21+00:00\",\"breadcrumb\":{\"@id\":\"https:\/\/eyoa.de\/academy\/#breadcrumb\"},\"inLanguage\":\"en-GB\",\"potentialAction\":[{\"@type\":\"ReadAction\",\"target\":[\"https:\/\/eyoa.de\/academy\/\"]}]},{\"@type\":\"ImageObject\",\"inLanguage\":\"en-GB\",\"@id\":\"https:\/\/eyoa.de\/academy\/#primaryimage\",\"url\":\"https:\/\/eyoa.de\/wp-content\/uploads\/2025\/10\/eyoa2025-abschlussbild.jpg\",\"contentUrl\":\"https:\/\/eyoa.de\/wp-content\/uploads\/2025\/10\/eyoa2025-abschlussbild.jpg\",\"width\":1200,\"height\":800,\"caption\":\"Eyoa 2025 Guppenabschlussbild\"},{\"@type\":\"BreadcrumbList\",\"@id\":\"https:\/\/eyoa.de\/academy\/#breadcrumb\",\"itemListElement\":[{\"@type\":\"ListItem\",\"position\":1,\"name\":\"Startseite\",\"item\":\"https:\/\/eyoa.de\/\"},{\"@type\":\"ListItem\",\"position\":2,\"name\":\"Academy\"}]},{\"@type\":\"WebSite\",\"@id\":\"https:\/\/eyoa.de\/#website\",\"url\":\"https:\/\/eyoa.de\/\",\"name\":\"EYOA\",\"description\":\"European Youth Orchestra Academy\",\"potentialAction\":[{\"@type\":\"SearchAction\",\"target\":{\"@type\":\"EntryPoint\",\"urlTemplate\":\"https:\/\/eyoa.de\/?s={search_term_string}\"},\"query-input\":{\"@type\":\"PropertyValueSpecification\",\"valueRequired\":true,\"valueName\":\"search_term_string\"}}],\"inLanguage\":\"en-GB\"}]}<\/script>\n<!-- \/ Yoast SEO plugin. -->","yoast_head_json":{"title":"Academy - EYOA","robots":{"index":"index","follow":"follow","max-snippet":"max-snippet:-1","max-image-preview":"max-image-preview:large","max-video-preview":"max-video-preview:-1"},"canonical":"https:\/\/eyoa.de\/en\/academy\/","og_locale":"en_GB","og_type":"article","og_title":"Academy - EYOA","og_description":"European Youth OrchestraAcademy Unter der Schirmherrschaft des Europ\u00e4ischen Parlaments Hier treffen sich die besten jungen Musiker:innen Europas.Hier entstehen Freundschaften, Karrieren [&hellip;]","og_url":"https:\/\/eyoa.de\/en\/academy\/","og_site_name":"EYOA","article_modified_time":"2026-03-24T10:03:21+00:00","og_image":[{"width":1200,"height":800,"url":"https:\/\/eyoa.de\/wp-content\/uploads\/2025\/10\/eyoa2025-abschlussbild.jpg","type":"image\/jpeg"}],"twitter_card":"summary_large_image","twitter_misc":{"Estimated reading time":"18 minutes"},"schema":{"@context":"https:\/\/schema.org","@graph":[{"@type":"WebPage","@id":"https:\/\/eyoa.de\/academy\/","url":"https:\/\/eyoa.de\/academy\/","name":"Academy - EYOA","isPartOf":{"@id":"https:\/\/eyoa.de\/#website"},"primaryImageOfPage":{"@id":"https:\/\/eyoa.de\/academy\/#primaryimage"},"image":{"@id":"https:\/\/eyoa.de\/academy\/#primaryimage"},"thumbnailUrl":"https:\/\/eyoa.de\/wp-content\/uploads\/2025\/10\/eyoa2025-abschlussbild.jpg","datePublished":"2025-09-04T11:04:51+00:00","dateModified":"2026-03-24T10:03:21+00:00","breadcrumb":{"@id":"https:\/\/eyoa.de\/academy\/#breadcrumb"},"inLanguage":"en-GB","potentialAction":[{"@type":"ReadAction","target":["https:\/\/eyoa.de\/academy\/"]}]},{"@type":"ImageObject","inLanguage":"en-GB","@id":"https:\/\/eyoa.de\/academy\/#primaryimage","url":"https:\/\/eyoa.de\/wp-content\/uploads\/2025\/10\/eyoa2025-abschlussbild.jpg","contentUrl":"https:\/\/eyoa.de\/wp-content\/uploads\/2025\/10\/eyoa2025-abschlussbild.jpg","width":1200,"height":800,"caption":"Eyoa 2025 Guppenabschlussbild"},{"@type":"BreadcrumbList","@id":"https:\/\/eyoa.de\/academy\/#breadcrumb","itemListElement":[{"@type":"ListItem","position":1,"name":"Startseite","item":"https:\/\/eyoa.de\/"},{"@type":"ListItem","position":2,"name":"Academy"}]},{"@type":"WebSite","@id":"https:\/\/eyoa.de\/#website","url":"https:\/\/eyoa.de\/","name":"EYOA","description":"European Youth Orchestra Academy","potentialAction":[{"@type":"SearchAction","target":{"@type":"EntryPoint","urlTemplate":"https:\/\/eyoa.de\/?s={search_term_string}"},"query-input":{"@type":"PropertyValueSpecification","valueRequired":true,"valueName":"search_term_string"}}],"inLanguage":"en-GB"}]}},"_links":{"self":[{"href":"https:\/\/eyoa.de\/en\/wp-json\/wp\/v2\/pages\/41","targetHints":{"allow":["GET"]}}],"collection":[{"href":"https:\/\/eyoa.de\/en\/wp-json\/wp\/v2\/pages"}],"about":[{"href":"https:\/\/eyoa.de\/en\/wp-json\/wp\/v2\/types\/page"}],"author":[{"embeddable":true,"href":"https:\/\/eyoa.de\/en\/wp-json\/wp\/v2\/users\/1"}],"replies":[{"embeddable":true,"href":"https:\/\/eyoa.de\/en\/wp-json\/wp\/v2\/comments?post=41"}],"version-history":[{"count":145,"href":"https:\/\/eyoa.de\/en\/wp-json\/wp\/v2\/pages\/41\/revisions"}],"predecessor-version":[{"id":6816,"href":"https:\/\/eyoa.de\/en\/wp-json\/wp\/v2\/pages\/41\/revisions\/6816"}],"wp:featuredmedia":[{"embeddable":true,"href":"https:\/\/eyoa.de\/en\/wp-json\/wp\/v2\/media\/3447"}],"wp:attachment":[{"href":"https:\/\/eyoa.de\/en\/wp-json\/wp\/v2\/media?parent=41"}],"curies":[{"name":"wp","href":"https:\/\/api.w.org\/{rel}","templated":true}]}}